{"id":9088,"date":"2025-04-09T09:16:05","date_gmt":"2025-04-09T09:16:05","guid":{"rendered":"https:\/\/select-fotostudio.ch\/bewerbung\/"},"modified":"2025-04-09T09:16:07","modified_gmt":"2025-04-09T09:16:07","slug":"bewerbung","status":"publish","type":"page","link":"https:\/\/select-fotostudio.ch\/en\/bewerbung\/","title":{"rendered":"Application form"},"content":{"rendered":"<div class=\"wpb-content-wrapper\"><p>[vc_section bklyn_overlay=&#8221;true&#8221; css=&#8221;.vc_custom_1716980757367{margin-top: 0px !important;margin-right: 0px !important;margin-bottom: 0px !important;padding-top: 0px !important;padding-right: 0px !important;padding-bottom: 0px !important;background-color: #fedb78 !important;}&#8221;][vc_row full_width=&#8221;stretch_row_content_no_spaces&#8221; gap=&#8221;1&#8243; equal_height=&#8221;yes&#8221; content_placement=&#8221;middle&#8221; css=&#8221;.vc_custom_1581444687233{margin-right: 0px !important;margin-bottom: 0px !important;padding-right: 0px !important;padding-bottom: 0px !important;}&#8221;][vc_column width=&#8221;1\/2&#8243; offset=&#8221;vc_col-lg-offset-2 vc_col-lg-4 vc_col-md-offset-2 vc_col-md-4 vc_col-sm-offset-2 vc_col-sm-8 vc_col-xs-offset-2 vc_col-xs-8&#8243;][vc_empty_space height=&#8221;30px&#8221; tablet_height=&#8221;110px&#8221; mobile_height=&#8221;130px&#8221;][vc_column_text]<\/p>\n<h2 style=\"color: #000;\">Online application<\/h2>\n<p>We look forward to receiving your short and exciting application. Please note that only applications submitted via this form will be reviewed. <\/p>\n<p>We look forward to seeing you![\/vc_column_text][\/vc_column][vc_column width=&#8221;1\/2&#8243; offset=&#8221;vc_col-lg-6 vc_col-md-6 vc_col-sm-12 vc_col-xs-12&#8243; css=&#8221;.vc_custom_1581444356308{margin: 0px !important;padding: 0px !important;}&#8221;]<div  class=\"wpb_content_element   vc_custom_1716980780353 clearfix\"><style type=\"text\/css\">#ut_am_69efb58891f2e { opacity: 1; }#ut_am_wrap_69efb58891f2f .ut-image-gallery-item-caption-title h3 { letter-spacing: 0em; }#ut_am_wrap_69efb58891f2f .ut-gallery-slider-caption { font-weight: bold; }#ut_am_wrap_69efb58891f2f { text-align: center; }@media (min-width: 768px) and (max-width: 1024px) { #ut_am_wrap_69efb58891f2f { text-align: center !important; } }@media (max-width: 767px) { #ut_am_wrap_69efb58891f2f { text-align: center !important; } }<\/style><div id=\"ut_am_wrap_69efb58891f2f\" class=\"ut-image-gallery-image \"><div id=\"ut_reveal_69efb58891f30\"  data-appear-top-offset=\"auto\" class=\"ut-animated-image-item ut-image-gallery-item ut-animation-done \"><a class=\"ut-deactivated-link\" href=\"#\"><div class=\"ut-animated-image-zoom\"><img decoding=\"async\" class=\"ut-lazy skip-lazy ut-animated-image \" id=\"ut_am_69efb58891f2e\" src=\"data:image\/svg+xml;charset=utf-8,%3Csvg xmlns%3D&#039;http%3A%2F%2Fwww.w3.org%2F2000%2Fsvg&#039; viewBox%3D&#039;0 0 1024 600&#039;%2F%3E\" data-src=\"https:\/\/select-fotostudio.ch\/wp-content\/uploads\/2024\/05\/select_image_section_jobs_banner-Kopie-1.png\" width=\"1024\" height=\"\" alt=\"\" title=\"\"><\/div><\/a><\/div><\/div><\/div>[\/vc_column][\/vc_row][\/vc_section][vc_section full_width=&#8221;&#8221; content_placement=&#8221;top&#8221; bklyn_overlay=&#8221;true&#8221; css=&#8221;.vc_custom_1718029635764{padding-top: 8% !important;padding-bottom: 8% !important;}&#8221;][vc_row gap=&#8221;40&#8243;][vc_column width=&#8221;2\/3&#8243; offset=&#8221;vc_col-lg-8 vc_col-md-10 vc_col-sm-12&#8243;][vc_row_inner][vc_column_inner css=&#8221;.vc_custom_1718029586263{background-color: #fae9ae !important;border-radius: 10px !important;}&#8221;]<div id=\"ut_cf7_colors_69efb58892040\" class=\"wpb_content_element   vc_custom_1718029554500\">\n<div class=\"wpcf7 no-js\" id=\"wpcf7-f1809-o1\" lang=\"de-DE\" dir=\"ltr\" data-wpcf7-id=\"1809\">\n<div class=\"screen-reader-response\"><p role=\"status\" aria-live=\"polite\" aria-atomic=\"true\"><\/p> <ul><\/ul><\/div>\n<form action=\"\/en\/wp-json\/wp\/v2\/pages\/9088#wpcf7-f1809-o1\" method=\"post\" class=\"wpcf7-form init cf7mls-no-scroll cf7mls-no-moving-animation\" aria-label=\"Kontaktformular\" enctype=\"multipart\/form-data\" novalidate=\"novalidate\" data-status=\"init\">\n<fieldset class=\"hidden-fields-container\"><input type=\"hidden\" name=\"_wpcf7\" value=\"1809\" \/><input type=\"hidden\" name=\"_wpcf7_version\" value=\"6.1.5\" \/><input type=\"hidden\" name=\"_wpcf7_locale\" value=\"de_DE\" \/><input type=\"hidden\" name=\"_wpcf7_unit_tag\" value=\"wpcf7-f1809-o1\" \/><input type=\"hidden\" name=\"_wpcf7_container_post\" value=\"0\" \/><input type=\"hidden\" name=\"_wpcf7_posted_data_hash\" value=\"\" \/>\n<\/fieldset>\n<div class=\"fieldset-cf7mls-wrapper\" data-transition-effects=\"\"><fieldset class=\"fieldset-cf7mls cf7mls_current_fs\"><div id=\"Step 1\">\n<h2 class=\"formular-headlines\" style=\"text-decoration: underline; text-underline-offset: 0.2em; \ntext-decoration-thickness:3px;\">Bewerbungsformular<\/h2>\n<h5 class=\"formular-headlines\" style=\"text-decoration: underline; text-underline-offset: 0.2em; \ntext-decoration-thickness:3px;\">Ja ich kann folgendes best\u00e4tigen:<\/h5>\n<br\/>\n<div style=\"margin-bottom: 10px;\"><span class=\"wpcf7-form-control-wrap\" data-name=\"teilzeitstelle\"><span class=\"wpcf7-form-control wpcf7-acceptance\"><span class=\"wpcf7-list-item\"><label><input type=\"checkbox\" name=\"teilzeitstelle\" value=\"1\" aria-invalid=\"false\" \/><span class=\"wpcf7-list-item-label\">Ja, mir ist bewusst, dass es eine Teilzeitstelle ist (max 20% Pensum).<\/span><\/label><\/span><\/span><\/span><\/div>\n<div style=\"margin-bottom: 10px;\"><span class=\"wpcf7-form-control-wrap\" data-name=\"stundenlohn\"><span class=\"wpcf7-form-control wpcf7-acceptance\"><span class=\"wpcf7-list-item\"><label><input type=\"checkbox\" name=\"stundenlohn\" value=\"1\" aria-invalid=\"false\" \/><span class=\"wpcf7-list-item-label\">Mir ist bewusst, dass es sich um eine Anstellung im Stundenlohn handelt.<\/span><\/label><\/span><\/span><\/span><\/div>\n<div style=\"margin-bottom: 10px;\"><span class=\"wpcf7-form-control-wrap\" data-name=\"deutsch\"><span class=\"wpcf7-form-control wpcf7-acceptance\"><span class=\"wpcf7-list-item\"><label><input type=\"checkbox\" name=\"deutsch\" value=\"1\" aria-invalid=\"false\" \/><span class=\"wpcf7-list-item-label\">Ich verf\u00fcge \u00fcber ausgezeichnete m\u00fcndliche Deutschkenntnisse.<\/span><\/label><\/span><\/span><\/span><\/div>\n<div style=\"margin-bottom: 10px;\"><span class=\"wpcf7-form-control-wrap\" data-name=\"monate\"><span class=\"wpcf7-form-control wpcf7-acceptance\"><span class=\"wpcf7-list-item\"><label><input type=\"checkbox\" name=\"monate\" value=\"1\" aria-invalid=\"false\" \/><span class=\"wpcf7-list-item-label\">Die n\u00e4chsten 12 Monate kann ich f\u00fcr Select Fotostudio arbeiten.<\/span><\/label><\/span><\/span><\/span><\/div>\n<div style=\"margin-bottom: 10px;\"><span class=\"wpcf7-form-control-wrap\" data-name=\"samstagArbeiten\"><span class=\"wpcf7-form-control wpcf7-acceptance\"><span class=\"wpcf7-list-item\"><label><input type=\"checkbox\" name=\"samstagArbeiten\" value=\"1\" aria-invalid=\"false\" \/><span class=\"wpcf7-list-item-label\">Ich kann auch mind. einen Samstag im Monat arbeiten.<\/span><\/label><\/span><\/span><\/span><\/div>\n<div style=\"margin-bottom: 10px;\"><span class=\"wpcf7-form-control-wrap\" data-name=\"wohnhaft\"><span class=\"wpcf7-form-control wpcf7-acceptance\"><span class=\"wpcf7-list-item\"><label><input type=\"checkbox\" name=\"wohnhaft\" value=\"1\" aria-invalid=\"false\" \/><span class=\"wpcf7-list-item-label\">Ja, ich bin in der Schweiz wohnhaft.<\/span><\/label><\/span><\/span><\/span><\/div>\n<div style=\"margin-bottom: 10px;\"><span class=\"wpcf7-form-control-wrap\" data-name=\"datenschutz\"><span class=\"wpcf7-form-control wpcf7-acceptance\"><span class=\"wpcf7-list-item\"><label><input type=\"checkbox\" name=\"datenschutz\" value=\"1\" aria-invalid=\"false\" \/><span class=\"wpcf7-list-item-label\">Ja, Ich bin damit einverstanden, dass Select Photography GmbH meine pers\u00f6nlichen Daten speichert und verarbeitet. Weitere Infos gibt es in unseren Datenschutzrichtlinien.<\/span><\/label><\/span><\/span><\/span><\/div><div class=\"cf7mls-btns \"><button type=\"button\" class=\"cf7mls_next cf7mls_btn action-button\" name=\"cf7mls_next\" id=\"cf7mls-next-btn-cf7mls_step-1\">weiter<img decoding=\"async\" src=\"https:\/\/select-fotostudio.ch\/wp-content\/plugins\/ninjateam-cf7-multi-step-pro\/assets\/frontend\/img\/loader.svg\" alt=\"Step Loading\" data-lazy-src=\"https:\/\/select-fotostudio.ch\/wp-content\/plugins\/ninjateam-cf7-multi-step-pro\/assets\/frontend\/img\/loader.svg\" style=\"display: none;\" data-lazy- title=\"\"><\/button><\/div><p><\/p><\/fieldset><fieldset class=\"fieldset-cf7mls\"><div id=\"Step 2\">\n<h5 class=\"formular-headlines\" style=\"text-decoration: underline; text-underline-offset: 0.2em; \ntext-decoration-thickness:3px;\">Pers\u00f6nliche Informationen<\/h5>\n<br\/>\n<label>Dein Name *<\/label>\n    <span class=\"wpcf7-form-control-wrap\" data-name=\"yourname\"><input size=\"40\" maxlength=\"400\" class=\"wpcf7-form-control wpcf7-text wpcf7-validates-as-required\" aria-required=\"true\" aria-invalid=\"false\" value=\"\" type=\"text\" name=\"yourname\" \/><\/span>\n<br\/>\n<label> Deine Emailadresse *<\/label>\n    <span class=\"wpcf7-form-control-wrap\" data-name=\"your-email\"><input size=\"40\" maxlength=\"400\" class=\"wpcf7-form-control wpcf7-email wpcf7-validates-as-required wpcf7-text wpcf7-validates-as-email\" aria-required=\"true\" aria-invalid=\"false\" value=\"\" type=\"email\" name=\"your-email\" \/><\/span> \n<br\/>\n<label> Dein Instagram-Account<\/label>\n    <span class=\"wpcf7-form-control-wrap\" data-name=\"instagram\"><input size=\"40\" maxlength=\"400\" class=\"wpcf7-form-control wpcf7-text\" aria-invalid=\"false\" value=\"\" type=\"text\" name=\"instagram\" \/><\/span>\n<br\/>\n<label> Deine Handy-Nummer *<\/label>\n    <span class=\"wpcf7-form-control-wrap\" data-name=\"handynr\"><input size=\"40\" maxlength=\"400\" class=\"wpcf7-form-control wpcf7-text wpcf7-validates-as-required\" aria-required=\"true\" aria-invalid=\"false\" value=\"\" type=\"text\" name=\"handynr\" \/><\/span> \n<br\/>\n<div style=\"margin-bottom: 10px;\"><label> Sprichst Du schweizerdeutsch? *<\/label>\n<span class=\"wpcf7-form-control-wrap\" data-name=\"Sprache\"><select class=\"wpcf7-form-control wpcf7-select wpcf7-validates-as-required\" aria-required=\"true\" aria-invalid=\"false\" name=\"Sprache\"><option value=\"\">&#8211; Bitte ausw\u00e4hlen &#8211;<\/option><option value=\"Ja, ich spreche schweizerdeutsch\">Ja, ich spreche schweizerdeutsch<\/option><option value=\"Nein, ich spreche kein schweizerdeutsch daf\u00fcr perfekt hochdeutsch\">Nein, ich spreche kein schweizerdeutsch daf\u00fcr perfekt hochdeutsch<\/option><\/select><\/span> <\/div>\n<br\/>\n<h5 class=\"formular-headlines\" style=\"text-decoration: underline; text-underline-offset: 0.2em; \ntext-decoration-thickness:3px;\">Standort<\/h5>\n<br\/>\n<div style=\"margin-bottom: 10px;\"><label>An welchem Standort m\u00f6chtest Du gerne arbeiten?<\/label>\n<br\/>\n<span class=\"wpcf7-form-control-wrap\" data-name=\"StudiosAuswahl\"><span class=\"wpcf7-form-control wpcf7-radio\"><span class=\"wpcf7-list-item first\"><label><input type=\"radio\" name=\"StudiosAuswahl\" value=\"Z\u00fcrich\" checked=\"checked\" \/><span class=\"wpcf7-list-item-label\">Z\u00fcrich<\/span><\/label><\/span><span class=\"wpcf7-list-item\"><label><input type=\"radio\" name=\"StudiosAuswahl\" value=\"Bern\" \/><span class=\"wpcf7-list-item-label\">Bern<\/span><\/label><\/span><span class=\"wpcf7-list-item\"><label><input type=\"radio\" name=\"StudiosAuswahl\" value=\"St. Gallen\" \/><span class=\"wpcf7-list-item-label\">St. Gallen<\/span><\/label><\/span><span class=\"wpcf7-list-item\"><label><input type=\"radio\" name=\"StudiosAuswahl\" value=\"Basel\" \/><span class=\"wpcf7-list-item-label\">Basel<\/span><\/label><\/span><span class=\"wpcf7-list-item last\"><label><input type=\"radio\" name=\"StudiosAuswahl\" value=\"Luzern\" \/><span class=\"wpcf7-list-item-label\">Luzern<\/span><\/label><\/span><\/span><\/span><\/div>\n<br\/>\n<label> Wieviele \u00d6V-Minuten wohnst Du vom Studio entfernt?<\/label>\n    <span class=\"wpcf7-form-control-wrap\" data-name=\"distanzstudio\"><input size=\"40\" maxlength=\"400\" class=\"wpcf7-form-control wpcf7-text\" aria-invalid=\"false\" value=\"\" type=\"text\" name=\"distanzstudio\" \/><\/span>\n<\/div><div class=\"cf7mls-btns \"><button type=\"button\" class=\"cf7mls_back action-button\" name=\"cf7mls_back\" id=\"cf7mls-back-btn-cf7mls_step-2\">zur\u00fcck<\/button><button type=\"button\" class=\"cf7mls_next cf7mls_btn action-button\" name=\"cf7mls_next\" id=\"cf7mls-next-btn-cf7mls_step-2\">weiter<img decoding=\"async\" src=\"https:\/\/select-fotostudio.ch\/wp-content\/plugins\/ninjateam-cf7-multi-step-pro\/assets\/frontend\/img\/loader.svg\" alt=\"Step Loading\" data-lazy-src=\"https:\/\/select-fotostudio.ch\/wp-content\/plugins\/ninjateam-cf7-multi-step-pro\/assets\/frontend\/img\/loader.svg\" style=\"display: none;\" data-lazy- title=\"\"><\/button><\/div><p><\/p><\/fieldset><fieldset class=\"fieldset-cf7mls\"><div id=\"Step 3\">\n<h5 class=\"formular-headlines\" style=\"text-decoration: underline; text-underline-offset: 0.2em; \ntext-decoration-thickness:3px;\">Deine Bewerbungsunterlagen<\/h5>\n<br\/>\n<div style=\"margin-bottom: 10px;\"<label>Du bewirbst Dich f\u00fcr folgenden Job: *<\/label>\n<br\/>\n<span class=\"wpcf7-form-control-wrap\" data-name=\"Job\"><select class=\"wpcf7-form-control wpcf7-select wpcf7-validates-as-required\" aria-required=\"true\" aria-invalid=\"false\" name=\"Job\"><option value=\"\">&#8211; Bitte ausw\u00e4hlen &#8211;<\/option><option value=\"Fotograf*in Studio Basel\">Fotograf*in Studio Basel<\/option><option value=\"Fotograf*in Studio Bern\">Fotograf*in Studio Bern<\/option><option value=\"Fotograf*in Studio Luzern\">Fotograf*in Studio Luzern<\/option><option value=\"Fotograf*in Studio St. Gallen\">Fotograf*in Studio St. Gallen<\/option><option value=\"Fotograf*in Studio Z\u00fcrich, Abendeins\u00e4tze\">Fotograf*in Studio Z\u00fcrich, Abendeins\u00e4tze<\/option><option value=\"Fotograf*in Studio Z\u00fcrich, ganztags\">Fotograf*in Studio Z\u00fcrich, ganztags<\/option><\/select><\/span><\/div>\n<br\/>\n<p><strong>Lade hier bitte folgende Unterlagen hoch:<\/strong> Bitte als PDF \/ JPG, max. 5 Megabyte pro File<\/p>\n<label>Dein CV<\/label>\n<span class=\"wpcf7-form-control-wrap\" data-name=\"file-cv\"><input size=\"40\" class=\"wpcf7-form-control wpcf7-file\" accept=\".pdf\" aria-invalid=\"false\" type=\"file\" name=\"file-cv\" \/><\/span>\n<br\/>\n<label>Dein Motivationsschreiben<\/label>\n<span class=\"wpcf7-form-control-wrap\" data-name=\"file-mot\"><input size=\"40\" class=\"wpcf7-form-control wpcf7-file\" accept=\".pdf\" aria-invalid=\"false\" type=\"file\" name=\"file-mot\" \/><\/span>\n<br\/>\n<label>Dein Bewerbungsfoto<\/label>\n<span class=\"wpcf7-form-control-wrap\" data-name=\"file-foto\"><input size=\"40\" class=\"wpcf7-form-control wpcf7-file\" accept=\".jpg\" aria-invalid=\"false\" type=\"file\" name=\"file-foto\" \/><\/span>\n<br\/>\n\n<p>Hier kannst Du den Link zu Deinem Portfolio angeben (idealerweise Portr\u00e4tfotos), z.B. Deine Homepage, Link zu Dropbox, WeTransfer, etc.<\/p>\n<span class=\"wpcf7-form-control-wrap\" data-name=\"portfolio\"><input size=\"40\" maxlength=\"400\" class=\"wpcf7-form-control wpcf7-url wpcf7-text wpcf7-validates-as-url\" aria-invalid=\"false\" placeholder=\"www.beispiellink.ch\" value=\"\" type=\"url\" name=\"portfolio\" \/><\/span>\n\n<br\/>\n<\/div>\n\n<div class=\"cf7mls-btns \"><button type=\"button\" class=\"cf7mls_back action-button\" name=\"cf7mls_back\" id=\"cf7mls-back-btn-cf7mls_step-3\">zur\u00fcck<\/button><button type=\"button\" class=\"cf7mls_next cf7mls_btn action-button\" name=\"cf7mls_next\" id=\"cf7mls-next-btn-cf7mls_step-3\">weiter<img decoding=\"async\" src=\"https:\/\/select-fotostudio.ch\/wp-content\/plugins\/ninjateam-cf7-multi-step-pro\/assets\/frontend\/img\/loader.svg\" alt=\"Step Loading\" data-lazy-src=\"https:\/\/select-fotostudio.ch\/wp-content\/plugins\/ninjateam-cf7-multi-step-pro\/assets\/frontend\/img\/loader.svg\" style=\"display: none;\" data-lazy- title=\"\"><\/button><\/div><p><\/p><\/fieldset><fieldset class=\"fieldset-cf7mls\"><div id=\"Step 4\">\n<h5 class=\"formular-headlines\" style=\"text-decoration: underline; text-underline-offset: 0.2em; \ntext-decoration-thickness:3px;\">Weitere Fragen zu Dir<\/h5>\n<br\/>\n\n<label> Wie sind Deine Verf\u00fcgbarkeiten <\/label>\n(an welchen Tagen kannst Du arbeiten, an welchen Tagen hast Du bereits eine andere Verpflichtung?)\n    <span class=\"wpcf7-form-control-wrap\" data-name=\"your-time\"><textarea cols=\"40\" rows=\"4\" maxlength=\"2000\" class=\"wpcf7-form-control wpcf7-textarea\" aria-invalid=\"false\" name=\"your-time\"><\/textarea><\/span> \n<br\/>\n<label> Kannst Du auch an mehreren Samstagen im Monat von 09 - 18 Uhr arbeiten?<\/label>\n    <span class=\"wpcf7-form-control-wrap\" data-name=\"samstag\"><textarea cols=\"40\" rows=\"4\" maxlength=\"2000\" class=\"wpcf7-form-control wpcf7-textarea\" aria-invalid=\"false\" name=\"samstag\"><\/textarea><\/span> \n<br\/>\n<label> Bei welchen anderen Firmen bist Du oder warst Du in den letzten 6 Monaten angestellt?<\/label>\n    <span class=\"wpcf7-form-control-wrap\" data-name=\"your-history\"><textarea cols=\"40\" rows=\"4\" maxlength=\"2000\" class=\"wpcf7-form-control wpcf7-textarea\" aria-invalid=\"false\" name=\"your-history\"><\/textarea><\/span>\n<br\/>\n<label>Bist du zur Zeit bei einer Arbeitslosenkassen angemeldet?<\/label>\n    <span class=\"wpcf7-form-control-wrap\" data-name=\"your-rav\"><textarea cols=\"40\" rows=\"4\" maxlength=\"2000\" class=\"wpcf7-form-control wpcf7-textarea\" aria-invalid=\"false\" name=\"your-rav\"><\/textarea><\/span>\n<br\/>\n<label>Was hast du f\u00fcr eine Aufenthaltsbewilligung?<\/label>\n<span class=\"wpcf7-form-control-wrap\" data-name=\"aufenthaltsbew\"><span class=\"wpcf7-form-control wpcf7-radio\"><span class=\"wpcf7-list-item first\"><label><input type=\"radio\" name=\"aufenthaltsbew\" value=\"Ich bin Schweizer*in\" \/><span class=\"wpcf7-list-item-label\">Ich bin Schweizer*in<\/span><\/label><\/span><span class=\"wpcf7-list-item\"><label><input type=\"radio\" name=\"aufenthaltsbew\" value=\"B-Aufenthaltsbewilligung\" \/><span class=\"wpcf7-list-item-label\">B-Aufenthaltsbewilligung<\/span><\/label><\/span><span class=\"wpcf7-list-item\"><label><input type=\"radio\" name=\"aufenthaltsbew\" value=\"C-Aufenthaltsbewilligung\" \/><span class=\"wpcf7-list-item-label\">C-Aufenthaltsbewilligung<\/span><\/label><\/span><span class=\"wpcf7-list-item last\"><label><input type=\"radio\" name=\"aufenthaltsbew\" value=\"andere\" \/><span class=\"wpcf7-list-item-label\">andere<\/span><\/label><\/span><\/span><\/span>\n<br\/>\n<label>Bist du bei einem anderen Fotostudio angestellt oder f\u00fchrst du eines?<\/label>\n    <span class=\"wpcf7-form-control-wrap\" data-name=\"your-studio\"><textarea cols=\"40\" rows=\"4\" maxlength=\"2000\" class=\"wpcf7-form-control wpcf7-textarea\" aria-invalid=\"false\" name=\"your-studio\"><\/textarea><\/span>\n<br\/>\n<label> Das soll unbedingt noch gesagt sein:<\/label>\n    <span class=\"wpcf7-form-control-wrap\" data-name=\"your-message\"><textarea cols=\"40\" rows=\"4\" maxlength=\"2000\" class=\"wpcf7-form-control wpcf7-textarea\" aria-invalid=\"false\" name=\"your-message\"><\/textarea><\/span>\n\n<input class=\"wpcf7-form-control wpcf7-submit has-spinner\" id=\"senden-button\" type=\"submit\" value=\"Jetzt bewerben\" \/><div class=\"cf7mls-btns cf7mls-btns-last-step\"><button type=\"button\" class=\"cf7mls_back action-button\" name=\"cf7mls_back\" id=\"cf7mls-back-btn-cf7mls_step-4\">zur\u00fcck<\/button><button type=\"button\" style=\"display: none;\" class=\"cf7mls_next cf7mls_btn action-button\" name=\"cf7mls_next\" id=\"cf7mls-next-btn-cf7mls_step-4\"><img decoding=\"async\" src=\"https:\/\/select-fotostudio.ch\/wp-content\/plugins\/ninjateam-cf7-multi-step-pro\/assets\/frontend\/img\/loader.svg\" alt=\"Step Loading\" data-lazy-src=\"https:\/\/select-fotostudio.ch\/wp-content\/plugins\/ninjateam-cf7-multi-step-pro\/assets\/frontend\/img\/loader.svg\" style=\"display: none;\" data-lazy- title=\"\"><\/button><\/fieldset><\/div><input type='hidden' class='wpcf7-pum' value='{\"closepopup\":false,\"closedelay\":0,\"openpopup\":false,\"openpopup_id\":0}' \/><div class=\"wpcf7-response-output\" aria-hidden=\"true\"><\/div>\n<\/form>\n<\/div>\n<\/div>[\/vc_column_inner][\/vc_row_inner][\/vc_column][vc_column width=&#8221;1\/3&#8243;][vc_column_text css=&#8221;.vc_custom_1716980946669{margin-left: 35px !important;}&#8221;]<\/p>\n<h2 style=\"color: #000;\">good to know<\/h2>\n<p>If you have any questions, you can reach us at <span style=\"color: #000000;\"><a style=\"color: #000000;\" href=\"mailto:work@select-fotostudio.ch\"><strong>work@select-fotostudio.ch<\/strong><\/a><\/span> .<\/p>\n<p><span style=\"color: #ff0000;\">Our office team cannot provide information on HR topics over the phone.<br \/>\n<strong>Please contact us by email only <\/strong>.  <\/span>[\/vc_column_text][\/vc_column][\/vc_row][\/vc_section]<\/p>\n<\/div>","protected":false},"excerpt":{"rendered":"<p>[vc_section bklyn_overlay=&#8221;true&#8221; css=&#8221;.vc_custom_1716980757367{margin-top: 0px !important;margin-right: 0px !important;margin-bottom: 0px !important;padding-top: 0px !important;padding-right: 0px !important;padding-bottom: 0px !important;background-color: #fedb78 !important;}&#8221;][vc_row full_width=&#8221;stretch_row_content_no_spaces&#8221; gap=&#8221;1&#8243; equal_height=&#8221;yes&#8221; content_placement=&#8221;middle&#8221; css=&#8221;.vc_custom_1581444687233{margin-right: 0px !important;margin-bottom: 0px !important;padding-right: 0px !important;padding-bottom: 0px !important;}&#8221;][vc_column width=&#8221;1\/2&#8243; offset=&#8221;vc_col-lg-offset-2 vc_col-lg-4 vc_col-md-offset-2 vc_col-md-4 vc_col-sm-offset-2 vc_col-sm-8 vc_col-xs-offset-2 vc_col-xs-8&#8243;][vc_empty_space height=&#8221;30px&#8221; tablet_height=&#8221;110px&#8221; mobile_height=&#8221;130px&#8221;][vc_column_text] Online application We look forward to receiving your short and exciting application. Please [&hellip;]<\/p>\n","protected":false},"author":2,"featured_media":0,"parent":0,"menu_order":0,"comment_status":"closed","ping_status":"closed","template":"","meta":{"footnotes":""},"class_list":["post-9088","page","type-page","status-publish","hentry"],"_links":{"self":[{"href":"https:\/\/select-fotostudio.ch\/en\/wp-json\/wp\/v2\/pages\/9088","targetHints":{"allow":["GET"]}}],"collection":[{"href":"https:\/\/select-fotostudio.ch\/en\/wp-json\/wp\/v2\/pages"}],"about":[{"href":"https:\/\/select-fotostudio.ch\/en\/wp-json\/wp\/v2\/types\/page"}],"author":[{"embeddable":true,"href":"https:\/\/select-fotostudio.ch\/en\/wp-json\/wp\/v2\/users\/2"}],"replies":[{"embeddable":true,"href":"https:\/\/select-fotostudio.ch\/en\/wp-json\/wp\/v2\/comments?post=9088"}],"version-history":[{"count":0,"href":"https:\/\/select-fotostudio.ch\/en\/wp-json\/wp\/v2\/pages\/9088\/revisions"}],"wp:attachment":[{"href":"https:\/\/select-fotostudio.ch\/en\/wp-json\/wp\/v2\/media?parent=9088"}],"curies":[{"name":"wp","href":"https:\/\/api.w.org\/{rel}","templated":true}]}}