{"id":7428,"date":"2025-03-28T09:02:22","date_gmt":"2025-03-28T09:02:22","guid":{"rendered":"https:\/\/select-fotostudio.ch\/bewerbung\/"},"modified":"2025-04-08T09:28:45","modified_gmt":"2025-04-08T09:28:45","slug":"bewerbung","status":"publish","type":"page","link":"https:\/\/select-fotostudio.ch\/fr\/bewerbung\/","title":{"rendered":"Formulaire de candidature"},"content":{"rendered":"<div class=\"wpb-content-wrapper\"><p>[vc_section bklyn_overlay=&#8221;true&#8221; css=&#8221;.vc_custom_1716980757367{margin-top: 0px !important;margin-right: 0px !important;margin-bottom: 0px !important;padding-top: 0px !important;padding-right: 0px !important;padding-bottom: 0px !important;background-color: #fedb78 !important;}&#8221;][vc_row full_width=&#8221;stretch_row_content_no_spaces&#8221; gap=&#8221;1&#8243; equal_height=&#8221;yes&#8221; content_placement=&#8221;middle&#8221; css=&#8221;.vc_custom_1581444687233{margin-right: 0px !important;margin-bottom: 0px !important;padding-right: 0px !important;padding-bottom: 0px !important;}&#8221;][vc_column width=&#8221;1\/2&#8243; offset=&#8221;vc_col-lg-offset-2 vc_col-lg-4 vc_col-md-offset-2 vc_col-md-4 vc_col-sm-offset-2 vc_col-sm-8 vc_col-xs-offset-2 vc_col-xs-8&#8243;][vc_empty_space height=&#8221;30px&#8221; tablet_height=&#8221;110px&#8221; mobile_height=&#8221;130px&#8221;][vc_column_text]<\/p>\n<h2 style=\"color: #000;\">Candidature en ligne<\/h2>\n<p>Nous nous r\u00e9jouissons de votre candidature courte et passionnante. Veuillez noter que seules les candidatures envoy\u00e9es via ce formulaire seront examin\u00e9es. <\/p>\n<p>Nous vous attendons avec impatience ![\/vc_column_text][\/vc_column][vc_column width=&#8221;1\/2&#8243; offset=&#8221;vc_col-lg-6 vc_col-md-6 vc_col-sm-12 vc_col-xs-12&#8243; css=&#8221;.vc_custom_1581444356308{margin: 0px !important;padding: 0px !important;}&#8221;]<div  class=\"wpb_content_element   vc_custom_1716980780353 clearfix\"><style type=\"text\/css\">#ut_am_69efb4711c68f { opacity: 1; }#ut_am_wrap_69efb4711c690 .ut-image-gallery-item-caption-title h3 { letter-spacing: 0em; }#ut_am_wrap_69efb4711c690 .ut-gallery-slider-caption { font-weight: bold; }#ut_am_wrap_69efb4711c690 { text-align: center; }@media (min-width: 768px) and (max-width: 1024px) { #ut_am_wrap_69efb4711c690 { text-align: center !important; } }@media (max-width: 767px) { #ut_am_wrap_69efb4711c690 { text-align: center !important; } }<\/style><div id=\"ut_am_wrap_69efb4711c690\" class=\"ut-image-gallery-image \"><div id=\"ut_reveal_69efb4711c692\"  data-appear-top-offset=\"auto\" class=\"ut-animated-image-item ut-image-gallery-item ut-animation-done \"><a class=\"ut-deactivated-link\" href=\"#\"><div class=\"ut-animated-image-zoom\"><img decoding=\"async\" class=\"ut-lazy skip-lazy ut-animated-image \" id=\"ut_am_69efb4711c68f\" src=\"data:image\/svg+xml;charset=utf-8,%3Csvg xmlns%3D&#039;http%3A%2F%2Fwww.w3.org%2F2000%2Fsvg&#039; viewBox%3D&#039;0 0 1024 600&#039;%2F%3E\" data-src=\"https:\/\/select-fotostudio.ch\/wp-content\/uploads\/2024\/05\/select_image_section_jobs_banner-Kopie-1.png\" width=\"1024\" height=\"\" alt=\"\" title=\"\"><\/div><\/a><\/div><\/div><\/div>[\/vc_column][\/vc_row][\/vc_section][vc_section full_width=&#8221;&#8221; content_placement=&#8221;top&#8221; bklyn_overlay=&#8221;true&#8221; css=&#8221;.vc_custom_1718029635764{padding-top: 8% !important;padding-bottom: 8% !important;}&#8221;][vc_row gap=&#8221;40&#8243;][vc_column width=&#8221;2\/3&#8243; offset=&#8221;vc_col-lg-8 vc_col-md-10 vc_col-sm-12&#8243;][vc_row_inner][vc_column_inner css=&#8221;.vc_custom_1718029586263{background-color: #fae9ae !important;border-radius: 10px !important;}&#8221;]<div id=\"ut_cf7_colors_69efb4711c7d8\" class=\"wpb_content_element   vc_custom_1718029554500\">\n<div class=\"wpcf7 no-js\" id=\"wpcf7-f7436-o1\" lang=\"fr-FR\" dir=\"ltr\" data-wpcf7-id=\"7436\">\n<div class=\"screen-reader-response\"><p role=\"status\" aria-live=\"polite\" aria-atomic=\"true\"><\/p> <ul><\/ul><\/div>\n<form action=\"\/fr\/wp-json\/wp\/v2\/pages\/7428#wpcf7-f7436-o1\" method=\"post\" class=\"wpcf7-form init cf7mls-no-scroll cf7mls-no-moving-animation\" aria-label=\"Formulaire de contact\" enctype=\"multipart\/form-data\" novalidate=\"novalidate\" data-status=\"init\">\n<fieldset class=\"hidden-fields-container\"><input type=\"hidden\" name=\"_wpcf7\" value=\"7436\" \/><input type=\"hidden\" name=\"_wpcf7_version\" value=\"6.1.5\" \/><input type=\"hidden\" name=\"_wpcf7_locale\" value=\"fr_FR\" \/><input type=\"hidden\" name=\"_wpcf7_unit_tag\" value=\"wpcf7-f7436-o1\" \/><input type=\"hidden\" name=\"_wpcf7_container_post\" value=\"0\" \/><input type=\"hidden\" name=\"_wpcf7_posted_data_hash\" value=\"\" \/>\n<\/fieldset>\n<div class=\"fieldset-cf7mls-wrapper\" data-transition-effects=\"\"><fieldset class=\"fieldset-cf7mls cf7mls_current_fs\"><div id=\"Step 1\">\n<h2 class=\"formular-headlines\" style=\"text-decoration: underline; text-underline-offset: 0.2em; text-decoration-thickness:3px;\">Formulaire de candidature<\/h2>\n<h5 class=\"formular-headlines\" style=\"text-decoration: underline; text-underline-offset: 0.2em; text-decoration-thickness:3px;\">Oui, je peux confirmer ce qui suit :<\/h5>\n<br><div style=\"margin-bottom: 10px;\"><span class=\"wpcf7-form-control-wrap\" data-name=\"teilzeitstelle\"><span class=\"wpcf7-form-control wpcf7-acceptance\"><span class=\"wpcf7-list-item\"><label><input type=\"checkbox\" name=\"teilzeitstelle\" value=\"1\" aria-invalid=\"false\" \/><span class=\"wpcf7-list-item-label\">Oui, je suis conscient qu'il s'agit d'un poste \u00e0 temps partiel (taux d'occupation de 20% maximum).<\/span><\/label><\/span><\/span><\/span><\/div>\n<div style=\"margin-bottom: 10px;\"><span class=\"wpcf7-form-control-wrap\" data-name=\"stundenlohn\"><span class=\"wpcf7-form-control wpcf7-acceptance\"><span class=\"wpcf7-list-item\"><label><input type=\"checkbox\" name=\"stundenlohn\" value=\"1\" aria-invalid=\"false\" \/><span class=\"wpcf7-list-item-label\">Je suis conscient(e) qu'il s'agit d'un emploi r\u00e9mun\u00e9r\u00e9 \u00e0 l'heure.<\/span><\/label><\/span><\/span><\/span><\/div>\n<div style=\"margin-bottom: 10px;\"><span class=\"wpcf7-form-control-wrap\" data-name=\"deutsch\"><span class=\"wpcf7-form-control wpcf7-acceptance\"><span class=\"wpcf7-list-item\"><label><input type=\"checkbox\" name=\"deutsch\" value=\"1\" aria-invalid=\"false\" \/><span class=\"wpcf7-list-item-label\">J'ai une excellente connaissance orale de l'allemand.<\/span><\/label><\/span><\/span><\/span><\/div>\n<div style=\"margin-bottom: 10px;\"><span class=\"wpcf7-form-control-wrap\" data-name=\"monate\"><span class=\"wpcf7-form-control wpcf7-acceptance\"><span class=\"wpcf7-list-item\"><label><input type=\"checkbox\" name=\"monate\" value=\"1\" aria-invalid=\"false\" \/><span class=\"wpcf7-list-item-label\">Les 12 prochains mois, je peux travailler pour Select Fotostudio.<\/span><\/label><\/span><\/span><\/span><\/div>\n<div style=\"margin-bottom: 10px;\"><span class=\"wpcf7-form-control-wrap\" data-name=\"samstagArbeiten\"><span class=\"wpcf7-form-control wpcf7-acceptance\"><span class=\"wpcf7-list-item\"><label><input type=\"checkbox\" name=\"samstagArbeiten\" value=\"1\" aria-invalid=\"false\" \/><span class=\"wpcf7-list-item-label\">Je peux \u00e9galement travailler au moins un samedi par mois.<\/span><\/label><\/span><\/span><\/span><\/div>\n<div style=\"margin-bottom: 10px;\"><span class=\"wpcf7-form-control-wrap\" data-name=\"wohnhaft\"><span class=\"wpcf7-form-control wpcf7-acceptance\"><span class=\"wpcf7-list-item\"><label><input type=\"checkbox\" name=\"wohnhaft\" value=\"1\" aria-invalid=\"false\" \/><span class=\"wpcf7-list-item-label\">Oui, je r\u00e9side en Suisse.<\/span><\/label><\/span><\/span><\/span><\/div>\n<div style=\"margin-bottom: 10px;\"><span class=\"wpcf7-form-control-wrap\" data-name=\"datenschutz\"><span class=\"wpcf7-form-control wpcf7-acceptance\"><span class=\"wpcf7-list-item\"><label><input type=\"checkbox\" name=\"datenschutz\" value=\"1\" aria-invalid=\"false\" \/><span class=\"wpcf7-list-item-label\">Oui, j'accepte que Select Photography GmbH stocke et traite mes donn\u00e9es personnelles. Pour plus d'informations, veuillez consulter notre politique de confidentialit\u00e9.<\/span><\/label><\/span><\/span><\/span><\/div><div class=\"cf7mls-btns \"><button type=\"button\" class=\"cf7mls_next cf7mls_btn action-button\" name=\"cf7mls_next\" id=\"cf7mls-next-btn-cf7mls_step-1\">weiter<img decoding=\"async\" src=\"https:\/\/select-fotostudio.ch\/wp-content\/plugins\/ninjateam-cf7-multi-step-pro\/assets\/frontend\/img\/loader.svg\" alt=\"Step Loading\" data-lazy-src=\"https:\/\/select-fotostudio.ch\/wp-content\/plugins\/ninjateam-cf7-multi-step-pro\/assets\/frontend\/img\/loader.svg\" style=\"display: none;\" data-lazy- title=\"\"><\/button><\/div><p><\/p><\/fieldset><fieldset class=\"fieldset-cf7mls\"><div id=\"Step 2\">\n<h5 class=\"formular-headlines\" style=\"text-decoration: underline; text-underline-offset: 0.2em; text-decoration-thickness:3px;\">Informations personnelles<\/h5>\n<br><label>Votre nom<\/label>\n    <span class=\"wpcf7-form-control-wrap\" data-name=\"yourname\"><input size=\"40\" maxlength=\"400\" class=\"wpcf7-form-control wpcf7-text wpcf7-validates-as-required\" aria-required=\"true\" aria-invalid=\"false\" value=\"\" type=\"text\" name=\"yourname\" \/><\/span>\n<br><label>  Votre adresse e-mail<\/label>\n    <span class=\"wpcf7-form-control-wrap\" data-name=\"your-email\"><input size=\"40\" maxlength=\"400\" class=\"wpcf7-form-control wpcf7-email wpcf7-validates-as-required wpcf7-text wpcf7-validates-as-email\" aria-required=\"true\" aria-invalid=\"false\" value=\"\" type=\"email\" name=\"your-email\" \/><\/span> \n<br><label>  Votre compte Instagram<\/label>\n    <span class=\"wpcf7-form-control-wrap\" data-name=\"instagram\"><input size=\"40\" maxlength=\"400\" class=\"wpcf7-form-control wpcf7-text\" aria-invalid=\"false\" value=\"\" type=\"text\" name=\"instagram\" \/><\/span>\n<br><label>  Votre num\u00e9ro de t\u00e9l\u00e9phone portable :<\/label>\n    <span class=\"wpcf7-form-control-wrap\" data-name=\"handynr\"><input size=\"40\" maxlength=\"400\" class=\"wpcf7-form-control wpcf7-text wpcf7-validates-as-required\" aria-required=\"true\" aria-invalid=\"false\" value=\"\" type=\"text\" name=\"handynr\" \/><\/span> \n<br><div style=\"margin-bottom: 10px;\"> <label> Parlez-vous le suisse allemand ?<\/label>\n<span class=\"wpcf7-form-control-wrap\" data-name=\"Sprache\"><select class=\"wpcf7-form-control wpcf7-select wpcf7-validates-as-required\" aria-required=\"true\" aria-invalid=\"false\" name=\"Sprache\"><option value=\"\">&#8212;Veuillez choisir une option&#8212;<\/option><option value=\"Oui, je parle le suisse allemand\">Oui, je parle le suisse allemand<\/option><option value=\"Non, je ne parle pas le suisse allemand mais parfaitement le Hochdeutsch\">Non, je ne parle pas le suisse allemand mais parfaitement le Hochdeutsch<\/option><\/select><\/span> <\/div>\n<br><h5 class=\"formular-headlines\" style=\"text-decoration: underline; text-underline-offset: 0.2em; text-decoration-thickness:3px;\">Site<\/h5>\n<br><div style=\"margin-bottom: 10px;\"><label>Dans quelle ville aimeriez-vous travailler ?<\/label>\n<br><span class=\"wpcf7-form-control-wrap\" data-name=\"StudiosAuswahl\"><span class=\"wpcf7-form-control wpcf7-radio\"><span class=\"wpcf7-list-item first\"><label><input type=\"radio\" name=\"StudiosAuswahl\" value=\"Zurich\" checked=\"checked\" \/><span class=\"wpcf7-list-item-label\">Zurich<\/span><\/label><\/span><span class=\"wpcf7-list-item\"><label><input type=\"radio\" name=\"StudiosAuswahl\" value=\"Berne\" \/><span class=\"wpcf7-list-item-label\">Berne<\/span><\/label><\/span><span class=\"wpcf7-list-item\"><label><input type=\"radio\" name=\"StudiosAuswahl\" value=\"Saint-Gall\" \/><span class=\"wpcf7-list-item-label\">Saint-Gall<\/span><\/label><\/span><span class=\"wpcf7-list-item\"><label><input type=\"radio\" name=\"StudiosAuswahl\" value=\"B\u00e2le\" \/><span class=\"wpcf7-list-item-label\">B\u00e2le<\/span><\/label><\/span><span class=\"wpcf7-list-item last\"><label><input type=\"radio\" name=\"StudiosAuswahl\" value=\"Lucerne\" \/><span class=\"wpcf7-list-item-label\">Lucerne<\/span><\/label><\/span><\/span><\/span><\/div>\n<br><label>  A combien de minutes en transports publics du studio habitez-vous ?<\/label>\n    <span class=\"wpcf7-form-control-wrap\" data-name=\"distanzstudio\"><input size=\"40\" maxlength=\"400\" class=\"wpcf7-form-control wpcf7-text\" aria-invalid=\"false\" value=\"\" type=\"text\" name=\"distanzstudio\" \/><\/span>\n<\/div><div class=\"cf7mls-btns \"><button type=\"button\" class=\"cf7mls_back action-button\" name=\"cf7mls_back\" id=\"cf7mls-back-btn-cf7mls_step-2\">retour<\/button><button type=\"button\" class=\"cf7mls_next cf7mls_btn action-button\" name=\"cf7mls_next\" id=\"cf7mls-next-btn-cf7mls_step-2\">continuer<img decoding=\"async\" src=\"https:\/\/select-fotostudio.ch\/wp-content\/plugins\/ninjateam-cf7-multi-step-pro\/assets\/frontend\/img\/loader.svg\" alt=\"Step Loading\" data-lazy-src=\"https:\/\/select-fotostudio.ch\/wp-content\/plugins\/ninjateam-cf7-multi-step-pro\/assets\/frontend\/img\/loader.svg\" style=\"display: none;\" data-lazy- title=\"\"><\/button><\/div><p><\/p><\/fieldset><fieldset class=\"fieldset-cf7mls\"><div id=\"Step 3\">\n<h5 class=\"formular-headlines\" style=\"text-decoration: underline; text-underline-offset: 0.2em; text-decoration-thickness:3px;\">Votre dossier de candidature<\/h5>\n<br><div style=\"margin-bottom: 10px;\" original=\"PGxhYmVsPg==\"><\/div>Vous postulez pour le poste suivant :<\/label>\n<br><span class=\"wpcf7-form-control-wrap\" data-name=\"job\"><select class=\"wpcf7-form-control wpcf7-select\" aria-invalid=\"false\" name=\"job\"><option value=\"Photographe* Studio Basel\">Photographe* Studio Basel<\/option><option value=\"Photographe* Studio Bern\">Photographe* Studio Bern<\/option><option value=\"Photographe* Studio Luzern\">Photographe* Studio Luzern<\/option><option value=\"Photographe* Studio St. Gallen\">Photographe* Studio St. Gallen<\/option><option value=\"Photographe* Studio Z\u00fcrich, engagements en soir\u00e9e\">Photographe* Studio Z\u00fcrich, engagements en soir\u00e9e<\/option><option value=\"Photographe* Studio Z\u00fcrich, toute la journ\u00e9e\">Photographe* Studio Z\u00fcrich, toute la journ\u00e9e<\/option><\/select><\/span><\/div>\n<br><p><strong>Veuillez t\u00e9l\u00e9charger ici les documents suivants :<\/strong> au format PDF \/ JPG, 5 m\u00e9gaoctets maximum par fichier. <\/p>\n<label>Votre CV<\/label>\n<span class=\"wpcf7-form-control-wrap\" data-name=\"file-cv\"><input size=\"40\" class=\"wpcf7-form-control wpcf7-file\" accept=\".pdf\" aria-invalid=\"false\" type=\"file\" name=\"file-cv\" \/><\/span>\n<br><label>Votre lettre de motivation<\/label>\n<span class=\"wpcf7-form-control-wrap\" data-name=\"file-mot\"><input size=\"40\" class=\"wpcf7-form-control wpcf7-file\" accept=\".pdf\" aria-invalid=\"false\" type=\"file\" name=\"file-mot\" \/><\/span>\n<br><label>Votre photo de candidature<\/label>\n<span class=\"wpcf7-form-control-wrap\" data-name=\"file-foto\"><input size=\"40\" class=\"wpcf7-form-control wpcf7-file\" accept=\".jpg\" aria-invalid=\"false\" type=\"file\" name=\"file-foto\" \/><\/span>\n<br>\n<p>Vous pouvez indiquer ici le lien vers votre portfolio (id\u00e9alement des photos-portraits), par exemple votre page d'accueil, un lien vers Dropbox, WeTransfer, etc.<\/p>\n<span class=\"wpcf7-form-control-wrap\" data-name=\"portfolio\"><input size=\"40\" maxlength=\"400\" class=\"wpcf7-form-control wpcf7-url wpcf7-text wpcf7-validates-as-url\" aria-invalid=\"false\" placeholder=\"www.beispiellink.ch\" value=\"\" type=\"url\" name=\"portfolio\" \/><\/span>\n\n<br><\/div>\n\n<div class=\"cf7mls-btns \"><button type=\"button\" class=\"cf7mls_back action-button\" name=\"cf7mls_back\" id=\"cf7mls-back-btn-cf7mls_step-3\">retour<\/button><button type=\"button\" class=\"cf7mls_next cf7mls_btn action-button\" name=\"cf7mls_next\" id=\"cf7mls-next-btn-cf7mls_step-3\">continuer<img decoding=\"async\" src=\"https:\/\/select-fotostudio.ch\/wp-content\/plugins\/ninjateam-cf7-multi-step-pro\/assets\/frontend\/img\/loader.svg\" alt=\"Step Loading\" data-lazy-src=\"https:\/\/select-fotostudio.ch\/wp-content\/plugins\/ninjateam-cf7-multi-step-pro\/assets\/frontend\/img\/loader.svg\" style=\"display: none;\" data-lazy- title=\"\"><\/button><\/div><p><\/p><\/fieldset><fieldset class=\"fieldset-cf7mls\"><div id=\"Step 4\">\n<h5 class=\"formular-headlines\" style=\"text-decoration: underline; text-underline-offset: 0.2em; text-decoration-thickness:3px;\">Plus de questions sur vous<\/h5>\n<br>\n <label> Quelles sont vos disponibilit\u00e9s <\/label>\n(quels sont les jours o\u00f9 vous pouvez travailler, quels sont les jours o\u00f9 vous avez d\u00e9j\u00e0 un autre engagement) ?\n    <span class=\"wpcf7-form-control-wrap\" data-name=\"your-time\"><textarea cols=\"40\" rows=\"4\" maxlength=\"2000\" class=\"wpcf7-form-control wpcf7-textarea\" aria-invalid=\"false\" name=\"your-time\"><\/textarea><\/span> \n<br><label>  Pouvez-vous travailler plusieurs samedis par mois de 9h \u00e0 18h ?<\/label>\n    <span class=\"wpcf7-form-control-wrap\" data-name=\"samstag\"><textarea cols=\"40\" rows=\"4\" maxlength=\"2000\" class=\"wpcf7-form-control wpcf7-textarea\" aria-invalid=\"false\" name=\"samstag\"><\/textarea><\/span> \n<br><label>  Dans quelles autres entreprises travaillez-vous ou avez-vous travaill\u00e9 au cours des 6 derniers mois ?<\/label>\n    <span class=\"wpcf7-form-control-wrap\" data-name=\"your-history\"><textarea cols=\"40\" rows=\"4\" maxlength=\"2000\" class=\"wpcf7-form-control wpcf7-textarea\" aria-invalid=\"false\" name=\"your-history\"><\/textarea><\/span>\n<br><label>\u00cates-vous actuellement inscrit aupr\u00e8s d'une caisse de ch\u00f4mage ?<\/label>\n    <span class=\"wpcf7-form-control-wrap\" data-name=\"your-rav\"><textarea cols=\"40\" rows=\"4\" maxlength=\"2000\" class=\"wpcf7-form-control wpcf7-textarea\" aria-invalid=\"false\" name=\"your-rav\"><\/textarea><\/span>\n<br><label>Quel est votre permis de s\u00e9jour ?<\/label>\n\n<br><label>\u00cates-vous employ\u00e9 par un autre studio photo ou en dirigez-vous un ?<\/label>\n    <span class=\"wpcf7-form-control-wrap\" data-name=\"your-studio\"><textarea cols=\"40\" rows=\"4\" maxlength=\"2000\" class=\"wpcf7-form-control wpcf7-textarea\" aria-invalid=\"false\" name=\"your-studio\"><\/textarea><\/span>\n<br><label>  Il faut absolument que cela soit dit :<\/label>\n    <span class=\"wpcf7-form-control-wrap\" data-name=\"your-message\"><textarea cols=\"40\" rows=\"4\" maxlength=\"2000\" class=\"wpcf7-form-control wpcf7-textarea\" aria-invalid=\"false\" name=\"your-message\"><\/textarea><\/span>\n\n<input class=\"wpcf7-form-control wpcf7-submit has-spinner\" id=\"senden-button\" type=\"submit\" value=\"Postuler maintenant\" \/><div class=\"cf7mls-btns cf7mls-btns-last-step\"><button type=\"button\" class=\"cf7mls_back action-button\" name=\"cf7mls_back\" id=\"cf7mls-back-btn-cf7mls_step-4\">retour<\/button><button type=\"button\" style=\"display: none;\" class=\"cf7mls_next cf7mls_btn action-button\" name=\"cf7mls_next\" id=\"cf7mls-next-btn-cf7mls_step-4\"><img decoding=\"async\" src=\"https:\/\/select-fotostudio.ch\/wp-content\/plugins\/ninjateam-cf7-multi-step-pro\/assets\/frontend\/img\/loader.svg\" alt=\"Step Loading\" data-lazy-src=\"https:\/\/select-fotostudio.ch\/wp-content\/plugins\/ninjateam-cf7-multi-step-pro\/assets\/frontend\/img\/loader.svg\" style=\"display: none;\" data-lazy- title=\"\"><\/button><span class=\"wpcf7-form-control-wrap\" data-name=\"aufenthaltsbew\"><span class=\"wpcf7-form-control wpcf7-radio\"><span class=\"wpcf7-list-item first\"><label><input type=\"radio\" name=\"aufenthaltsbew\" value=\"Je suis Suisse*\" \/><span class=\"wpcf7-list-item-label\">Je suis Suisse*<\/span><\/label><\/span><span class=\"wpcf7-list-item\"><label><input type=\"radio\" name=\"aufenthaltsbew\" value=\"Permis de s\u00e9jour B\" \/><span class=\"wpcf7-list-item-label\">Permis de s\u00e9jour B<\/span><\/label><\/span><span class=\"wpcf7-list-item\"><label><input type=\"radio\" name=\"aufenthaltsbew\" value=\"Permis de s\u00e9jour C\" \/><span class=\"wpcf7-list-item-label\">Permis de s\u00e9jour C<\/span><\/label><\/span><span class=\"wpcf7-list-item last\"><label><input type=\"radio\" name=\"aufenthaltsbew\" value=\"Autre\" \/><span class=\"wpcf7-list-item-label\">Autre<\/span><\/label><\/span><\/span><\/span><\/fieldset><\/div><input type='hidden' class='wpcf7-pum' value='{\"closepopup\":false,\"closedelay\":0,\"openpopup\":false,\"openpopup_id\":0}' \/><div class=\"wpcf7-response-output\" aria-hidden=\"true\"><\/div>\n<\/form>\n<\/div>\n<\/div>[\/vc_column_inner][\/vc_row_inner][\/vc_column][vc_column width=&#8221;1\/3&#8243;][vc_column_text css=&#8221;.vc_custom_1716980946669{margin-left: 35px !important;}&#8221;]<\/p>\n<h2 style=\"color: #000;\">bon \u00e0 savoir<\/h2>\n<p>Si vous avez des questions, vous pouvez nous contacter \u00e0 <span style=\"color: #000000;\"><a style=\"color: #000000;\" href=\"mailto:work@select-fotostudio.ch\"><strong>work@select-fotostudio.ch<\/strong><\/a><\/span>.<\/p>\n<p><span style=\"color: #ff0000;\">Notre \u00e9quipe de bureau ne peut pas fournir de renseignements sur les questions RH par t\u00e9l\u00e9phone.<br \/>\n<strong>Veuillez nous contacter uniquement par e-mail <\/strong>.  <\/span>[\/vc_column_text][\/vc_column][\/vc_row][\/vc_section]<\/p>\n<\/div>","protected":false},"excerpt":{"rendered":"<p>[vc_section bklyn_overlay=&#8221;true&#8221; css=&#8221;.vc_custom_1716980757367{margin-top: 0px !important;margin-right: 0px !important;margin-bottom: 0px !important;padding-top: 0px !important;padding-right: 0px !important;padding-bottom: 0px !important;background-color: #fedb78 !important;}&#8221;][vc_row full_width=&#8221;stretch_row_content_no_spaces&#8221; gap=&#8221;1&#8243; equal_height=&#8221;yes&#8221; content_placement=&#8221;middle&#8221; css=&#8221;.vc_custom_1581444687233{margin-right: 0px !important;margin-bottom: 0px !important;padding-right: 0px !important;padding-bottom: 0px !important;}&#8221;][vc_column width=&#8221;1\/2&#8243; offset=&#8221;vc_col-lg-offset-2 vc_col-lg-4 vc_col-md-offset-2 vc_col-md-4 vc_col-sm-offset-2 vc_col-sm-8 vc_col-xs-offset-2 vc_col-xs-8&#8243;][vc_empty_space height=&#8221;30px&#8221; tablet_height=&#8221;110px&#8221; mobile_height=&#8221;130px&#8221;][vc_column_text] Candidature en ligne Nous nous r\u00e9jouissons de votre candidature courte et passionnante. Veuillez [&hellip;]<\/p>\n","protected":false},"author":2,"featured_media":0,"parent":0,"menu_order":0,"comment_status":"closed","ping_status":"closed","template":"","meta":{"footnotes":""},"class_list":["post-7428","page","type-page","status-publish","hentry"],"_links":{"self":[{"href":"https:\/\/select-fotostudio.ch\/fr\/wp-json\/wp\/v2\/pages\/7428","targetHints":{"allow":["GET"]}}],"collection":[{"href":"https:\/\/select-fotostudio.ch\/fr\/wp-json\/wp\/v2\/pages"}],"about":[{"href":"https:\/\/select-fotostudio.ch\/fr\/wp-json\/wp\/v2\/types\/page"}],"author":[{"embeddable":true,"href":"https:\/\/select-fotostudio.ch\/fr\/wp-json\/wp\/v2\/users\/2"}],"replies":[{"embeddable":true,"href":"https:\/\/select-fotostudio.ch\/fr\/wp-json\/wp\/v2\/comments?post=7428"}],"version-history":[{"count":0,"href":"https:\/\/select-fotostudio.ch\/fr\/wp-json\/wp\/v2\/pages\/7428\/revisions"}],"wp:attachment":[{"href":"https:\/\/select-fotostudio.ch\/fr\/wp-json\/wp\/v2\/media?parent=7428"}],"curies":[{"name":"wp","href":"https:\/\/api.w.org\/{rel}","templated":true}]}}