{"id":7722,"date":"2025-03-28T09:20:54","date_gmt":"2025-03-28T09:20:54","guid":{"rendered":"https:\/\/select-fotostudio.ch\/job-office-managerin\/"},"modified":"2025-04-08T09:28:44","modified_gmt":"2025-04-08T09:28:44","slug":"job-office-managerin","status":"publish","type":"page","link":"https:\/\/select-fotostudio.ch\/fr\/jobs\/job-office-managerin\/","title":{"rendered":"Office Manager* au Select Fotostudio"},"content":{"rendered":"<div class=\"wpb-content-wrapper\"><p>[vc_section bklyn_overlay=&#8221;true&#8221; css=&#8221;.vc_custom_1582021323105{margin-top: 0px !important;margin-right: 0px !important;margin-bottom: 0px !important;padding-top: 0px !important;padding-right: 0px !important;padding-bottom: 0px !important;background-color: #ffd502 !important;}&#8221;][vc_row gap=&#8221;1&#8243; equal_height=&#8221;yes&#8221; content_placement=&#8221;middle&#8221; css=&#8221;.vc_custom_1582187731106{margin-right: 0px !important;margin-bottom: 0px !important;padding-right: 0px !important;padding-bottom: 0px !important;}&#8221;][vc_column width=&#8221;1\/2&#8243; offset=&#8221;vc_col-lg-offset-1 vc_col-lg-5 vc_col-md-offset-2 vc_col-md-4 vc_col-sm-offset-2 vc_col-sm-8 vc_col-xs-offset-2 vc_col-xs-8&#8243;][vc_empty_space height=&#8221;110px&#8221; tablet_height=&#8221;110px&#8221; mobile_height=&#8221;130px&#8221;][vc_separator color=&#8221;custom&#8221; align=&#8221;align_left&#8221; border_width=&#8221;3&#8243; el_width=&#8221;10&#8243; accent_color=&#8221;#000000&#8243;][vc_column_text css=&#8221;&#8221;]<\/p>\n<h1 style=\"color: #000;\">office manager* au studio photo select<\/h1>\n<h4 style=\"color: #000;\">Nous recherchons des talents d&#8217;organisateur : Devenez la force motrice de notre activit\u00e9 quotidienne !<\/h4>\n<p>Select Fotostudio recherche un Office Manager* enthousiaste. Vous \u00eates autonome, flexible et conceptuel ? Alors, vous \u00eates \u00e0 la bonne adresse ! Aidez notre studio \u00e0 atteindre l&#8217;excellence en dirigeant notre \u00e9quipe de bureau et nos photographes. Aidez-nous dans nos activit\u00e9s quotidiennes et dans la planification et la conception de nouveaux projets. Rejoignez notre \u00e9quipe et participez activement \u00e0 la construction de l&#8217;avenir du studio de photographie Select.[\/vc_column_text][vc_empty_space tablet_height=&#8221;30px&#8221; mobile_height=&#8221;10px&#8221;][\/vc_column][vc_column width=&#8221;1\/2&#8243; offset=&#8221;vc_col-lg-6 vc_col-md-6 vc_col-sm-12 vc_col-xs-12&#8243; css=&#8221;.vc_custom_1581444356308{margin: 0px !important;padding: 0px !important;}&#8221;][vc_empty_space height=&#8221;110px&#8221; tablet_height=&#8221;20px&#8221; mobile_height=&#8221;20px&#8221;][vc_empty_space][\/vc_column][\/vc_row][\/vc_section][vc_section css=&#8221;.vc_custom_1581446771460{padding-top: 0px !important;}&#8221;][vc_row css=&#8221;.vc_custom_1581425411148{margin-bottom: 0px !important;padding-bottom: 0px !important;}&#8221;][vc_column width=&#8221;5\/6&#8243; offset=&#8221;vc_col-lg-offset-1 vc_col-lg-10 vc_col-md-offset-1 vc_col-md-10 vc_col-sm-offset-1 vc_col-sm-10 vc_col-xs-12&#8243;][vc_empty_space height=&#8221;100px&#8221;][vc_column_text]<\/p>\n<h3 style=\"text-align: center;\"><strong>Int\u00e9ress\u00e9(e) ?<\/strong>  Voici l&#8217;offre d&#8217;emploi officielle :<\/h3>\n<p>[\/vc_column_text][vc_empty_space height=&#8221;10px&#8221;][vc_column_text css=&#8221;&#8221;]<\/p>\n<p class=\"p1\"><strong><span class=\"s1\">Bienvenue chez Select<\/span><\/strong><\/p>\n<p>H\u00e9, content de vous voir ! Nous sommes Select Photography GmbH, l&#8217;adresse pour la photographie d&#8217;entreprise de premi\u00e8re classe. Avec des studios \u00e0 Zurich, Berne, B\u00e2le, Lucerne et Saint-Gall, nous proposons des photos top-notch pour les particuliers et les entreprises.  <\/p>\n<p>Nous recherchons actuellement une personne flexible, enthousiaste et ouverte d&#8217;esprit pour le r\u00f4le d&#8217;office manager. Vous \u00eates au c\u0153ur de nos op\u00e9rations de bureau quotidiennes et vous aidez l&#8217;\u00e9quipe et la direction dans la mesure du possible. <\/p>\n<p><b>Votre travail<\/b><\/p>\n<ul>\n<li><b>Leadership :<\/b> vous g\u00e9rez le quotidien de l&#8217;\u00e9quipe de bureau et gardez toujours une vue d&#8217;ensemble.<\/li>\n<li><b>Mentorat :<\/b> vous \u00eates un coach pour nos stagiaires* et nos photographes.<\/li>\n<li><b>Organisation :<\/b> vous veillez \u00e0 ce que notre bureau soit parfaitement organis\u00e9 et stimulez de nouveaux processus pour am\u00e9liorer l&#8217;efficacit\u00e9.<\/li>\n<li><b>Finances :<\/b> Vous participez \u00e0 la comptabilit\u00e9 financi\u00e8re (contr\u00f4le des recettes quotidiennes, contr\u00f4le des factures des fournisseurs).<\/li>\n<li><b>Soutien :<\/b> vous assistez la direction dans le cadre de s\u00e9ances photos importantes, de la planification du travail de l&#8217;\u00e9quipe et d&#8217;autres t\u00e2ches de back-office.<\/li>\n<\/ul>\n<p><b>Ce que vous apportez<\/b><\/p>\n<ul>\n<li>Vous \u00eates ouvert et communicatif, vous aimez le r\u00e9seautage et vous choisissez une communication claire et directe.<\/li>\n<li>Tu as le sens de l&#8217;organisation, tu fais preuve d&#8217;initiative et d&#8217;autonomie, tu diriges en motivant et tu sais t&#8217;imposer.<\/li>\n<li>Vous avez d\u00e9j\u00e0 de l&#8217;exp\u00e9rience en gestion de bureau, vous d\u00e9l\u00e9guez habilement et vous ne vous laissez pas submerger par les probl\u00e8mes.<\/li>\n<li>Vous ma\u00eetrisez l&#8217;allemand (suisse) et l&#8217;anglais couramment.<\/li>\n<li>Vous \u00eates \u00e0 l&#8217;aise avec l&#8217;informatique, notamment avec Word et Excel, et \u00eates ouvert aux nouvelles technologies.<\/li>\n<li>Vous avez des connaissances sp\u00e9cialis\u00e9es en gestion de bureau, en gestion de processus et en comptabilit\u00e9.<\/li>\n<\/ul>\n<p class=\"p1\"><strong><span class=\"s1\"> <\/span><\/strong><strong><span class=\"s1\">Notre cadre de travail<\/span><\/strong><\/p>\n<ul>\n<li class=\"p1\">Un travail passionnant et vari\u00e9 au sein d&#8217;une \u00e9quipe nationale dynamique.<\/li>\n<li class=\"p1\">Beaucoup de place pour vos propres id\u00e9es et responsabilit\u00e9s.<\/li>\n<li class=\"p1\">Un excellent lieu de travail au c\u0153ur de la ville de Zurich (le t\u00e9l\u00e9travail est moins envisageable chez nous).<\/li>\n<\/ul>\n<p>select, ce sont des d\u00e9fis passionnants, des perspectives passionnantes et les meilleures possibilit\u00e9s de d\u00e9veloppement &#8211; dans une start-up dynamique bas\u00e9e \u00e0 Zurich, Berne, B\u00e2le, Lucerne et Saint-Gall.<\/p>\n<p>Avec une \u00e9quipe jeune et dynamique. Tout \u00e0 fait sur votre longueur d&#8217;onde ? <span class=\"Apple-converted-space\"> <\/span><\/p>\n<p><strong>Maintenant, votre curiosit\u00e9 augmente <\/strong>&#8230;<br \/>\nEnvoyez-nous votre candidature via notre <a href=\"https:\/\/select-fotostudio.ch\/fr\/job-bewerbung-office\/\"><span style=\"color: #0000ff;\">Formulaire de candidature<\/span><\/a>.<br \/>\n<span class=\"s1\"><br \/>\n<strong><em>Nous sommes impatients de vous rencontrer.<\/em><\/strong><\/span>[\/vc_column_text][\/vc_column][\/vc_row][vc_row css=&#8221;.vc_custom_1581425468908{margin-top: 0px !important;margin-bottom: 0px !important;padding-top: 0px !important;padding-bottom: 0px !important;}&#8221;][vc_column css=&#8221;.vc_custom_1581425473932{margin-top: 0px !important;margin-bottom: 0px !important;padding-top: 0px !important;padding-bottom: 0px !important;}&#8221;][vc_empty_space height=&#8221;15px&#8221;][\/vc_column][\/vc_row][\/vc_section][vc_section disable_element=&#8221;yes&#8221;][vc_row][vc_column width=&#8221;5\/6&#8243; offset=&#8221;vc_col-sm-offset-2 vc_col-sm-8 vc_col-xs-12&#8243; css=&#8221;.vc_custom_1580825272693{padding-right: 1% !important;padding-left: 1% !important;}&#8221;][vc_column_text]<\/p>\n<h3 style=\"text-align: center;\">Raisons pour lesquelles vous devriez travailler chez nous<\/h3>\n<p>[\/vc_column_text][\/vc_column][\/vc_row][vc_row][vc_column width=&#8221;1\/2&#8243; offset=&#8221;vc_col-sm-offset-1 vc_col-sm-5&#8243;]<div class=\"wpb_content_element \"><style type=\"text\/css\">#ut_sc_69f5b964f1070 .ut-service-icon.ut-service-icon-round { background: #000000; }#ut_sc_69f5b964f1070 .ut-service-icon.ut-service-icon-square { background: #000000; }#ut_sc_69f5b964f1070 .ut-service-icon.ut-service-icon-rounded { background: #000000; }#ut_sc_69f5b964f1070 .ut-service-column h3 { color: #000000; }#ut_sc_69f5b964f1070 .ut-service-column p { color: #000000; }#ut_sc_69f5b964f1070 .ut-service-column p { margin-top: 10px; }#ut_sc_69f5b964f1070 .ut-service-column a.ut-service-column-link { font-size: 12px; }#ut-svg-69f5b964f1071 { display:none; }#ut-svg-69f5b964f1071.ut-svg-loaded { display:block; }#ut-svg-69f5b964f1071 path { stroke:rgba(255, 214, 0, 1); }<\/style><div id=\"ut_sc_69f5b964f1070\"  class=\"ut-horizontal-style ut-horizontal-style-align-left  clearfix \" ><figure class=\"ut-service-icon  ut-service-icon-round ut-service-icon-large\"><i style=\"color: rgba(255, 214, 0, 1);\" class=\"fa fa fa-hourglass-o\"><\/i><\/figure><div class=\"ut-service-column ut-service-column-horiz\"><h3 data-responsive-font=\"h3\">Horaires de travail flexibles<\/h3><p class=\"element-with-custom-line-height\" data-responsive-font=\"p\">Planifiez vous-m\u00eame vos horaires de travail et adaptez-vous aux shootings ou aux ateliers que vous avez r\u00e9serv\u00e9s. Lorem ipsum dolor sit amet, consectetur.<\/p><\/div><\/div><\/div><div class=\"wpb_content_element \"><style type=\"text\/css\">#ut_sc_69f5b965005a1 .ut-service-icon.ut-service-icon-round { background: #000000; }#ut_sc_69f5b965005a1 .ut-service-icon.ut-service-icon-square { background: #000000; }#ut_sc_69f5b965005a1 .ut-service-icon.ut-service-icon-rounded { background: #000000; }#ut_sc_69f5b965005a1 .ut-service-column h3 { color: #000000; }#ut_sc_69f5b965005a1 .ut-service-column p { color: #000000; }#ut_sc_69f5b965005a1 .ut-service-column p { margin-top: 10px; }#ut_sc_69f5b965005a1 .ut-service-column a.ut-service-column-link { font-size: 12px; }#ut-svg-69f5b965005a2 { display:none; }#ut-svg-69f5b965005a2.ut-svg-loaded { display:block; }#ut-svg-69f5b965005a2 path { stroke:rgba(255, 214, 0, 1); }<\/style><div id=\"ut_sc_69f5b965005a1\"  class=\"ut-horizontal-style ut-horizontal-style-align-left  clearfix \" ><figure class=\"ut-service-icon  ut-service-icon-round ut-service-icon-large\"><i style=\"color: rgba(255, 214, 0, 1);\" class=\"fa fa fa-cutlery\"><\/i><\/figure><div class=\"ut-service-column ut-service-column-horiz\"><h3 data-responsive-font=\"h3\">Subvention pour les repas<\/h3><p class=\"element-with-custom-line-height\" data-responsive-font=\"p\">L&#8217;estomac vide, la concentration et l&#8217;humeur baissent &#8211; nous voulons que vous vous accordiez une pause d\u00e9jeuner saine et vous recevrez une subvention pour le d\u00e9jeuner pendant 3 jours.<\/p><\/div><\/div><\/div>[\/vc_column][vc_column width=&#8221;1\/2&#8243; offset=&#8221;vc_col-sm-5&#8243;]<div class=\"wpb_content_element \"><style type=\"text\/css\">#ut_sc_69f5b965005e0 .ut-service-icon.ut-service-icon-round { background: #000000; }#ut_sc_69f5b965005e0 .ut-service-icon.ut-service-icon-square { background: #000000; }#ut_sc_69f5b965005e0 .ut-service-icon.ut-service-icon-rounded { background: #000000; }#ut_sc_69f5b965005e0 .ut-service-column h3 { color: #000000; }#ut_sc_69f5b965005e0 .ut-service-column p { color: #000000; }#ut_sc_69f5b965005e0 .ut-service-column p { margin-top: 10px; }#ut_sc_69f5b965005e0 .ut-service-column a.ut-service-column-link { font-size: 12px; }#ut-svg-69f5b965005e1 { display:none; }#ut-svg-69f5b965005e1.ut-svg-loaded { display:block; }#ut-svg-69f5b965005e1 path { stroke:rgba(255, 214, 0, 1); }<\/style><div id=\"ut_sc_69f5b965005e0\"  class=\"ut-horizontal-style ut-horizontal-style-align-left  clearfix \" ><figure class=\"ut-service-icon  ut-service-icon-round ut-service-icon-large\"><i style=\"color: rgba(255, 214, 0, 1);\" class=\"fa fa fa-cloud\"><\/i><\/figure><div class=\"ut-service-column ut-service-column-horiz\"><h3 data-responsive-font=\"h3\">Une ambiance de travail coll\u00e9giale<\/h3><p class=\"element-with-custom-line-height\" data-responsive-font=\"p\">Avant le shooting, vous recevez de pr\u00e9cieux conseils et recommandations. Votre entreprise re\u00e7oit un lien sp\u00e9cifique avec un briefing pour le shooting et un acc\u00e8s de r\u00e9servation en ligne.<\/p><\/div><\/div><\/div><div class=\"wpb_content_element \"><style type=\"text\/css\">#ut_sc_69f5b96500612 .ut-service-icon.ut-service-icon-round { background: #000000; }#ut_sc_69f5b96500612 .ut-service-icon.ut-service-icon-square { background: #000000; }#ut_sc_69f5b96500612 .ut-service-icon.ut-service-icon-rounded { background: #000000; }#ut_sc_69f5b96500612 .ut-service-column h3 { color: #000000; }#ut_sc_69f5b96500612 .ut-service-column p { color: #000000; }#ut_sc_69f5b96500612 .ut-service-column p { margin-top: 10px; }#ut_sc_69f5b96500612 .ut-service-column a.ut-service-column-link { font-size: 12px; }#ut-svg-69f5b96500613 { display:none; }#ut-svg-69f5b96500613.ut-svg-loaded { display:block; }#ut-svg-69f5b96500613 path { stroke:rgba(255, 214, 0, 1); }<\/style><div id=\"ut_sc_69f5b96500612\"  class=\"ut-horizontal-style ut-horizontal-style-align-left  clearfix \" ><figure class=\"ut-service-icon  ut-service-icon-round ut-service-icon-large\"><i style=\"color: rgba(255, 214, 0, 1);\" class=\"fa fa fa-arrow-up\"><\/i><\/figure><div class=\"ut-service-column ut-service-column-horiz\"><h3 data-responsive-font=\"h3\">Bonnes possibilit\u00e9s de promotion<\/h3><p class=\"element-with-custom-line-height\" data-responsive-font=\"p\">Nous pensons que les dirigeants doivent conna\u00eetre leur entreprise et nous recrutons toujours ces postes dans nos propres rangs.<\/p><\/div><\/div><\/div>[\/vc_column][\/vc_row][vc_row css=&#8221;.vc_custom_1580921653830{margin-top: 0px !important;margin-bottom: 0px !important;padding-top: 0px !important;padding-bottom: 0px !important;}&#8221;][vc_column css=&#8221;.vc_custom_1580921661128{margin-top: 0px !important;margin-bottom: 0px !important;padding-top: 0px !important;padding-bottom: 0px !important;}&#8221;][vc_empty_space height=&#8221;20px&#8221; tablet_height=&#8221;20px&#8221; mobile_height=&#8221;20px&#8221;][\/vc_column][\/vc_row][\/vc_section][vc_section css=&#8221;.vc_custom_1581526344919{border-bottom-width: 2px !important;background-color: #000000 !important;border-bottom-color: #ffffff !important;border-bottom-style: solid !important;}&#8221;][vc_row][vc_column width=&#8221;5\/6&#8243; offset=&#8221;vc_col-sm-offset-2 vc_col-sm-8 vc_col-xs-offset-1 vc_col-xs-10&#8243; css=&#8221;.vc_custom_1581519608698{padding-right: 1% !important;padding-left: 1% !important;}&#8221;][vc_column_text css=&#8221;.vc_custom_1581519662828{padding-right: 0px !important;padding-left: 0px !important;}&#8221;]<\/p>\n<h3 style=\"text-align: center; color: #fff;\">Raisons pour lesquelles vous devriez travailler chez nous<\/h3>\n<p>[\/vc_column_text][\/vc_column][\/vc_row][vc_row][vc_column width=&#8221;1\/2&#8243; offset=&#8221;vc_col-sm-offset-1 vc_col-sm-5&#8243;]<div class=\"wpb_content_element \"><style type=\"text\/css\">#ut_sc_69f5b96500641 .ut-service-icon.ut-service-icon-round { background: #ffd502; }#ut_sc_69f5b96500641 .ut-service-icon.ut-service-icon-square { background: #ffd502; }#ut_sc_69f5b96500641 .ut-service-icon.ut-service-icon-rounded { background: #ffd502; }#ut_sc_69f5b96500641 .ut-service-column h3 { color: #ffffff; }#ut_sc_69f5b96500641 .ut-service-column p { color: #ffffff; }#ut_sc_69f5b96500641 .ut-service-column p { margin-top: 10px; }#ut_sc_69f5b96500641 .ut-service-column a.ut-service-column-link { font-size: 12px; }#ut-svg-69f5b96500642 { display:none; }#ut-svg-69f5b96500642.ut-svg-loaded { display:block; }#ut-svg-69f5b96500642 path { stroke:rgba(255, 214, 0, 1); }<\/style><div id=\"ut_sc_69f5b96500641\"  class=\"ut-horizontal-style ut-horizontal-style-align-left  clearfix \" ><figure class=\"ut-service-icon  ut-service-icon-round ut-service-icon-large\"><i style=\"color: #000000;\" class=\"fa fa fa-hourglass-o\"><\/i><\/figure><div class=\"ut-service-column ut-service-column-horiz\"><h3 data-responsive-font=\"h3\">Horaires de travail flexibles<\/h3><p class=\"element-with-custom-line-height\" data-responsive-font=\"p\">Planifiez vous-m\u00eame vos horaires de travail en fonction des shootings ou des ateliers que vous avez r\u00e9serv\u00e9s. Si vous pr\u00e9f\u00e9rez travailler uniquement le soir &#8211; pas de probl\u00e8me, cette option est \u00e9galement disponible.<\/p><\/div><\/div><\/div><div class=\"wpb_content_element \"><style type=\"text\/css\">#ut_sc_69f5b9650066f .ut-service-icon.ut-service-icon-round { background: #ffd502; }#ut_sc_69f5b9650066f .ut-service-icon.ut-service-icon-square { background: #ffd502; }#ut_sc_69f5b9650066f .ut-service-icon.ut-service-icon-rounded { background: #ffd502; }#ut_sc_69f5b9650066f .ut-service-column h3 { color: #ffffff; }#ut_sc_69f5b9650066f .ut-service-column p { color: #ffffff; }#ut_sc_69f5b9650066f .ut-service-column p { margin-top: 10px; }#ut_sc_69f5b9650066f .ut-service-column a.ut-service-column-link { font-size: 12px; }#ut-svg-69f5b96500670 { display:none; }#ut-svg-69f5b96500670.ut-svg-loaded { display:block; }#ut-svg-69f5b96500670 path { stroke:rgba(255, 214, 0, 1); }<\/style><div id=\"ut_sc_69f5b9650066f\"  class=\"ut-horizontal-style ut-horizontal-style-align-left  clearfix \" ><figure class=\"ut-service-icon  ut-service-icon-round ut-service-icon-large\"><i style=\"color: #000000;\" class=\"fa fa fa-cutlery\"><\/i><\/figure><div class=\"ut-service-column ut-service-column-horiz\"><h3 data-responsive-font=\"h3\">Subvention pour les repas<\/h3><p class=\"element-with-custom-line-height\" data-responsive-font=\"p\">Un estomac vide diminue la concentration et l&#8217;humeur &#8211; nous voulons que vous soyez en forme. Dans notre coin gourmandise, vous trouverez des fruits frais, des crackers et vos boissons pr\u00e9f\u00e9r\u00e9es.<\/p><\/div><\/div><\/div><div class=\"wpb_content_element \"><style type=\"text\/css\">#ut_sc_69f5b9650069a .ut-service-icon.ut-service-icon-round { background: #ffd502; }#ut_sc_69f5b9650069a .ut-service-icon.ut-service-icon-square { background: #ffd502; }#ut_sc_69f5b9650069a .ut-service-icon.ut-service-icon-rounded { background: #ffd502; }#ut_sc_69f5b9650069a .ut-service-column h3 { color: #ffffff; }#ut_sc_69f5b9650069a .ut-service-column p { color: #ffffff; }#ut_sc_69f5b9650069a .ut-service-column p { margin-top: 10px; }#ut_sc_69f5b9650069a .ut-service-column a.ut-service-column-link { font-size: 12px; }#ut-svg-69f5b9650069b { display:none; }#ut-svg-69f5b9650069b.ut-svg-loaded { display:block; }#ut-svg-69f5b9650069b path { stroke:rgba(255, 214, 0, 1); }<\/style><div id=\"ut_sc_69f5b9650069a\"  class=\"ut-horizontal-style ut-horizontal-style-align-left  clearfix \" ><figure class=\"ut-service-icon  ut-service-icon-round ut-service-icon-large\"><i style=\"color: #000000;\" class=\"fa fa fa-grav\"><\/i><\/figure><div class=\"ut-service-column ut-service-column-horiz\"><h3 data-responsive-font=\"h3\">Commissions et remises aux employ\u00e9s<\/h3><p class=\"element-with-custom-line-height\" data-responsive-font=\"p\">Qui donne beaucoup, re\u00e7oit beaucoup ! De plus, nous offrons des r\u00e9ductions aux employ\u00e9s pour les s\u00e9ances photo (pour les membres de la famille) .<\/p><\/div><\/div><\/div>[\/vc_column][vc_column width=&#8221;1\/2&#8243; offset=&#8221;vc_col-sm-5&#8243;]<div class=\"wpb_content_element \"><style type=\"text\/css\">#ut_sc_69f5b965006c5 .ut-service-icon.ut-service-icon-round { background: #ffd502; }#ut_sc_69f5b965006c5 .ut-service-icon.ut-service-icon-square { background: #ffd502; }#ut_sc_69f5b965006c5 .ut-service-icon.ut-service-icon-rounded { background: #ffd502; }#ut_sc_69f5b965006c5 .ut-service-column h3 { color: #ffffff; }#ut_sc_69f5b965006c5 .ut-service-column p { color: #ffffff; }#ut_sc_69f5b965006c5 .ut-service-column p { margin-top: 10px; }#ut_sc_69f5b965006c5 .ut-service-column a.ut-service-column-link { font-size: 12px; }#ut-svg-69f5b965006c6 { display:none; }#ut-svg-69f5b965006c6.ut-svg-loaded { display:block; }#ut-svg-69f5b965006c6 path { stroke:rgba(255, 214, 0, 1); }<\/style><div id=\"ut_sc_69f5b965006c5\"  class=\"ut-horizontal-style ut-horizontal-style-align-left  clearfix \" ><figure class=\"ut-service-icon  ut-service-icon-round ut-service-icon-large\"><i style=\"color: #000000;\" class=\"fa fa fa-cloud\"><\/i><\/figure><div class=\"ut-service-column ut-service-column-horiz\"><h3 data-responsive-font=\"h3\">Une ambiance de travail coll\u00e9giale<\/h3><p class=\"element-with-custom-line-height\" data-responsive-font=\"p\">Nous nous rencontrons r\u00e9guli\u00e8rement pour diff\u00e9rents ateliers de photographie et de traitement d&#8217;image. Dans les sessions One2One, nous nous regardons par-dessus l&#8217;\u00e9paule et nous nous donnons des retours. <\/p><\/div><\/div><\/div><div class=\"wpb_content_element \"><style type=\"text\/css\">#ut_sc_69f5b965006ef .ut-service-icon.ut-service-icon-round { background: #ffd502; }#ut_sc_69f5b965006ef .ut-service-icon.ut-service-icon-square { background: #ffd502; }#ut_sc_69f5b965006ef .ut-service-icon.ut-service-icon-rounded { background: #ffd502; }#ut_sc_69f5b965006ef .ut-service-column h3 { color: #ffffff; }#ut_sc_69f5b965006ef .ut-service-column p { color: #ffffff; }#ut_sc_69f5b965006ef .ut-service-column p { margin-top: 10px; }#ut_sc_69f5b965006ef .ut-service-column a.ut-service-column-link { font-size: 12px; }#ut-svg-69f5b965006f0 { display:none; }#ut-svg-69f5b965006f0.ut-svg-loaded { display:block; }#ut-svg-69f5b965006f0 path { stroke:rgba(255, 214, 0, 1); }<\/style><div id=\"ut_sc_69f5b965006ef\"  class=\"ut-horizontal-style ut-horizontal-style-align-left  clearfix \" ><figure class=\"ut-service-icon  ut-service-icon-round ut-service-icon-large\"><i style=\"color: #000000;\" class=\"fa fa fa-heart\"><\/i><\/figure><div class=\"ut-service-column ut-service-column-horiz\"><h3 data-responsive-font=\"h3\">La tol\u00e9rance et la cr\u00e9ativit\u00e9 en point de mire<\/h3><p class=\"element-with-custom-line-height\" data-responsive-font=\"p\">Notre monde est color\u00e9 ! Quelle que soit votre identit\u00e9 sexuelle, que vous soyez grand ou petit, costaud ou maigre, noir ou blanc, vieux ou jeune, avec un foulard, un turban ou sans &#8211; ce qui compte chez nous, c&#8217;est votre cr\u00e9ativit\u00e9 &amp; votre charme.<\/p><\/div><\/div><\/div><div class=\"wpb_content_element \"><style type=\"text\/css\">#ut_sc_69f5b96500718 .ut-service-icon.ut-service-icon-round { background: #ffd502; }#ut_sc_69f5b96500718 .ut-service-icon.ut-service-icon-square { background: #ffd502; }#ut_sc_69f5b96500718 .ut-service-icon.ut-service-icon-rounded { background: #ffd502; }#ut_sc_69f5b96500718 .ut-service-column h3 { color: #ffffff; }#ut_sc_69f5b96500718 .ut-service-column p { color: #ffffff; }#ut_sc_69f5b96500718 .ut-service-column p { margin-top: 10px; }#ut_sc_69f5b96500718 .ut-service-column a.ut-service-column-link { font-size: 12px; }#ut-svg-69f5b96500719 { display:none; }#ut-svg-69f5b96500719.ut-svg-loaded { display:block; }#ut-svg-69f5b96500719 path { stroke:rgba(255, 214, 0, 1); }<\/style><div id=\"ut_sc_69f5b96500718\"  class=\"ut-horizontal-style ut-horizontal-style-align-left  clearfix \" ><figure class=\"ut-service-icon  ut-service-icon-round ut-service-icon-large\"><i style=\"color: #000000;\" class=\"fa fa fa-share-square-o\"><\/i><\/figure><div class=\"ut-service-column ut-service-column-horiz\"><h3 data-responsive-font=\"h3\">Ateliers et \u00e9v\u00e9nements<\/h3><p class=\"element-with-custom-line-height\" data-responsive-font=\"p\">Nous organisons r\u00e9guli\u00e8rement des ateliers passionnants et des \u00e9v\u00e9nements d&#8217;entreprise sympas pour notre \u00e9quipe. <\/p><\/div><\/div><\/div>[\/vc_column][\/vc_row][vc_row css=&#8221;.vc_custom_1580921653830{margin-top: 0px !important;margin-bottom: 0px !important;padding-top: 0px !important;padding-bottom: 0px !important;}&#8221;][vc_column css=&#8221;.vc_custom_1580921661128{margin-top: 0px !important;margin-bottom: 0px !important;padding-top: 0px !important;padding-bottom: 0px !important;}&#8221;][vc_empty_space tablet_height=&#8221;20px&#8221; mobile_height=&#8221;20px&#8221;][\/vc_column][\/vc_row][\/vc_section]<\/p>\n<\/div>","protected":false},"excerpt":{"rendered":"<p>[vc_section bklyn_overlay=&#8221;true&#8221; css=&#8221;.vc_custom_1582021323105{margin-top: 0px !important;margin-right: 0px !important;margin-bottom: 0px !important;padding-top: 0px !important;padding-right: 0px !important;padding-bottom: 0px !important;background-color: #ffd502 !important;}&#8221;][vc_row gap=&#8221;1&#8243; equal_height=&#8221;yes&#8221; content_placement=&#8221;middle&#8221; css=&#8221;.vc_custom_1582187731106{margin-right: 0px !important;margin-bottom: 0px !important;padding-right: 0px !important;padding-bottom: 0px !important;}&#8221;][vc_column width=&#8221;1\/2&#8243; offset=&#8221;vc_col-lg-offset-1 vc_col-lg-5 vc_col-md-offset-2 vc_col-md-4 vc_col-sm-offset-2 vc_col-sm-8 vc_col-xs-offset-2 vc_col-xs-8&#8243;][vc_empty_space height=&#8221;110px&#8221; tablet_height=&#8221;110px&#8221; mobile_height=&#8221;130px&#8221;][vc_separator color=&#8221;custom&#8221; align=&#8221;align_left&#8221; border_width=&#8221;3&#8243; el_width=&#8221;10&#8243; accent_color=&#8221;#000000&#8243;][vc_column_text css=&#8221;&#8221;] office manager* au studio photo select Nous recherchons [&hellip;]<\/p>\n","protected":false},"author":2,"featured_media":0,"parent":8009,"menu_order":0,"comment_status":"closed","ping_status":"closed","template":"","meta":{"footnotes":""},"class_list":["post-7722","page","type-page","status-publish","hentry"],"_links":{"self":[{"href":"https:\/\/select-fotostudio.ch\/fr\/wp-json\/wp\/v2\/pages\/7722","targetHints":{"allow":["GET"]}}],"collection":[{"href":"https:\/\/select-fotostudio.ch\/fr\/wp-json\/wp\/v2\/pages"}],"about":[{"href":"https:\/\/select-fotostudio.ch\/fr\/wp-json\/wp\/v2\/types\/page"}],"author":[{"embeddable":true,"href":"https:\/\/select-fotostudio.ch\/fr\/wp-json\/wp\/v2\/users\/2"}],"replies":[{"embeddable":true,"href":"https:\/\/select-fotostudio.ch\/fr\/wp-json\/wp\/v2\/comments?post=7722"}],"version-history":[{"count":0,"href":"https:\/\/select-fotostudio.ch\/fr\/wp-json\/wp\/v2\/pages\/7722\/revisions"}],"up":[{"embeddable":true,"href":"https:\/\/select-fotostudio.ch\/fr\/wp-json\/wp\/v2\/pages\/8009"}],"wp:attachment":[{"href":"https:\/\/select-fotostudio.ch\/fr\/wp-json\/wp\/v2\/media?parent=7722"}],"curies":[{"name":"wp","href":"https:\/\/api.w.org\/{rel}","templated":true}]}}