{"id":7820,"date":"2025-03-28T09:21:27","date_gmt":"2025-03-28T09:21:27","guid":{"rendered":"https:\/\/select-fotostudio.ch\/faq\/"},"modified":"2026-01-28T07:06:09","modified_gmt":"2026-01-28T07:06:09","slug":"faq","status":"publish","type":"page","link":"https:\/\/select-fotostudio.ch\/fr\/faq\/","title":{"rendered":"FAQ"},"content":{"rendered":"<div class=\"wpb-content-wrapper\"><p>[vc_section css=&#8221;.vc_custom_1723041979798{margin-top: 0px !important;margin-bottom: 0px !important;padding-top: 4vh !important;padding-bottom: 0px !important;background-color: linear-gradient(to bottom, #000000 0%, #2a2c2f 100%) !important;}&#8221;][vc_row css=&#8221;.vc_custom_1720685457464{margin-bottom: 0px !important;padding-top: 5vh !important;padding-bottom: 0px !important;}&#8221;][vc_column el_class=&#8221;light&#8221;][vc_empty_space height=&#8221;10px&#8221;][vc_column_text css=&#8221;.vc_custom_1724233934115{margin-bottom: 2vh !important;padding-bottom: 0px !important;}&#8221;]<\/p>\n<h1>FAQ<\/h1>\n<h4>Toutes les questions sur votre shooting en un coup d&#8217;\u0153il<\/h4>\n<p>[\/vc_column_text][\/vc_column][\/vc_row][vc_row][vc_column width=&#8221;1\/2&#8243;][vc_column_text]<\/p>\n<h5><span style=\"color: #ffffff;\">Questions g\u00e9n\u00e9rales<\/span><\/h5>\n<p>[\/vc_column_text]<div class=\"wpb_content_element \"><style type=\"text\/css\">#ut_accordion_69f225bb80a57 .ut-accordion-module-inner { color: #ffffff }#ut_accordion_69f225bb80a57 .ut-accordion-module-heading { color: #ffffff }#ut_accordion_69f225bb80a57 .ut-accordion-module-item.open .ut-accordion-module-heading { color: rgba(255, 214, 0, 1) !important }#ut_accordion_69f225bb80a57 .ut-accordion-module-heading:hover { color: rgba(255, 214, 0, 1) !important }#ut_accordion_69f225bb80a57 .ut-accordion-module-heading:active { color: rgba(255, 214, 0, 1) !important }#ut_accordion_69f225bb80a57 .ut-accordion-module-heading:focus { color: rgba(255, 214, 0, 1) !important }#ut_accordion_69f225bb80a57 .ut-accordion-module-heading:after { color: #ffffff }#ut_accordion_69f225bb80a57 .ut-accordion-module-heading { font-size: 18px; }#ut_accordion_69f225bb80a57 .ut-accordion-module-item { border-top-style:solid; }#ut_accordion_69f225bb80a57 .ut-accordion-module-item:last-child { border-top-style:solid; border-bottom-style:solid; }<\/style><div id=\"ut_accordion_69f225bb80a57\" data-accordion-group class=\"ut-accordion-module ut-accordion-module-single  ut-accordion-module-with-border\"><div data-accordion data-accordion data-single data-transition=\"400\" data-easing=\"ease\" class=\"ut-accordion-module-item \"><h3 data-control class=\"ut-accordion-module-heading\" data-counter=\"1\">Qu'est-ce que la garantie \u00ab satisfait ou rembours\u00e9 \u00bb ?<\/h3><div data-content class=\"ut-accordion-module-content\"><div class=\"ut-accordion-module-inner entry-content clearfix\"><\/p>\n<p class=\"p1\">Nous sommes le seul studio photo qui est si confiant dans son travail que nous offrons une <strong>garantie de remboursement<\/strong> ! \ud83d\ude80<\/p>\n<p class=\"p1\">Si, pendant la s\u00e9ance photo, vous vous rendez compte que cela ne vous convient pas, vous pouvez tout simplement interrompre la s\u00e9ance &#8211; <strong>sans payer<\/strong>. Dans ce cas, vous ne recevrez \u00e9videmment pas les photos.<\/p>\n<p class=\"p1\">Notre objectif ? <strong>Des clients 100 % heureux !<\/strong> \ud83c\udfaf C&#8217;est pourquoi : pas de risque, seulement de superbes photos ! Toutefois, une fois la s\u00e9ance photo termin\u00e9e ou les photos remises, aucun remboursement n&#8217;est possible.<\/p>\n<p>\n<\/div><\/div><\/div><div data-accordion data-accordion data-single data-transition=\"400\" data-easing=\"ease\" class=\"ut-accordion-module-item \"><h3 data-control class=\"ut-accordion-module-heading\" data-counter=\"2\">Comment puis-je r\u00e9server un rendez-vous pour une s\u00e9ance photo ?<\/h3><div data-content class=\"ut-accordion-module-content\"><div class=\"ut-accordion-module-inner entry-content clearfix\"><\/p>\n<p class=\"p1\">C&#8217;est tr\u00e8s simple ! Vous pouvez facilement r\u00e9server votre rendez-vous individuel en ligne: <a href=\"https:\/\/business.select-fotostudio.ch\/en\/appointment-booking\/\">R\u00e9server un rendez-vous ici<\/a> \ud83d\ude0a<\/p>\n<p>\n<\/div><\/div><\/div><div data-accordion data-accordion data-single data-transition=\"400\" data-easing=\"ease\" class=\"ut-accordion-module-item \"><h3 data-control class=\"ut-accordion-module-heading\" data-counter=\"3\">Puis-je reporter ou annuler mon rendez-vous ?<\/h3><div data-content class=\"ut-accordion-module-content\"><div class=\"ut-accordion-module-inner entry-content clearfix\"><p>Oui, c&#8217;est tr\u00e8s simple gr\u00e2ce au lien figurant dans votre confirmation de rendez-vous. <span style=\"color: #ff0000;\">Les modifications par t\u00e9l\u00e9phone ou par e-mail ne sont pas possibles<\/span>, car nous ne sommes souvent pas joignables pendant les shootings. Merci de votre compr\u00e9hension !<\/p>\n<\/div><\/div><\/div><div data-accordion data-accordion data-single data-transition=\"400\" data-easing=\"ease\" class=\"ut-accordion-module-item \"><h3 data-control class=\"ut-accordion-module-heading\" data-counter=\"4\">Jusqu'\u00e0 quand puis-je annuler une s\u00e9ance photo que j'ai r\u00e9serv\u00e9e ?<\/h3><div data-content class=\"ut-accordion-module-content\"><div class=\"ut-accordion-module-inner entry-content clearfix\"><\/p>\n<p class=\"p1\">En cas d&#8217;impr\u00e9vu, vous pouvez facilement reporter votre rendez-vous en cliquant sur le lien dans votre confirmation de rendez-vous &#8211; votre s\u00e9ance photo reste ainsi flexible ! \ud83d\ude0a<\/p>\n<p class=\"p1\">Si vous ne pouvez pas faire autrement, vous pouvez annuler le rendez-vous sans frais jusqu&#8217;\u00e0 4 heures avant le d\u00e9but de la s\u00e9ance photo. Veuillez noter que <span style=\"color: #ff0000;\">les modifications ne sont possibles que via le lien figurant dans votre e-mail de confirmation<\/span>.<\/p>\n<p class=\"p1\">Nous ne pouvons malheureusement pas accepter les modifications par t\u00e9l\u00e9phone ou par e-mail, car nous photographions la plupart du temps en studio &#8211; et honn\u00eatement, nous n&#8217;avons pas encore de centre d&#8217;appel qui s&#8217;en charge pour nous. \ud83d\ude09<\/p>\n<p class=\"p1\">En cas d&#8217;annulation de derni\u00e8re minute ou de no-show, nous devons facturer la totalit\u00e9 du prix. Merci de votre compr\u00e9hension !<\/p>\n<p>\n<\/div><\/div><\/div><div data-accordion data-accordion data-single data-transition=\"400\" data-easing=\"ease\" class=\"ut-accordion-module-item \"><h3 data-control class=\"ut-accordion-module-heading\" data-counter=\"5\">Puis-je passer spontan\u00e9ment ?<\/h3><div data-content class=\"ut-accordion-module-content\"><div class=\"ut-accordion-module-inner entry-content clearfix\"><\/p>\n<p class=\"p1\">Nous aimons la spontan\u00e9it\u00e9, mais pas le stress. C&#8217;est pourquoi nous vous demandons de toujours r\u00e9server un <a href=\"https:\/\/business.select-fotostudio.ch\/en\/appointment-booking\/\">rendez-vous<\/a>\u00a0en ligne \u00e0 l&#8217;avance, afin que nous soyons parfaitement pr\u00e9par\u00e9s pour vous.<\/p>\n<p>\n<\/div><\/div><\/div><div data-accordion data-accordion data-single data-transition=\"400\" data-easing=\"ease\" class=\"ut-accordion-module-item \"><h3 data-control class=\"ut-accordion-module-heading\" data-counter=\"6\">Je ne suis pas satisfait des photos, que puis-je faire ?<\/h3><div data-content class=\"ut-accordion-module-content\"><div class=\"ut-accordion-module-inner entry-content clearfix\"><\/p>\n<p class=\"p1\">Votre satisfaction nous tient \u00e0 c\u0153ur. Veuillez nous contacter directement afin que nous puissions trouver une solution ensemble. Nous sommes tr\u00e8s conciliants et si cela devait \u00eatre de notre faute, nous vous proposons une r\u00e9p\u00e9tition gratuite.<\/p>\n<p>\n<\/div><\/div><\/div><div data-accordion data-accordion data-single data-transition=\"400\" data-easing=\"ease\" class=\"ut-accordion-module-item \"><h3 data-control class=\"ut-accordion-module-heading\" data-counter=\"7\">Quand vais-je recevoir mes photos finies ?<\/h3><div data-content class=\"ut-accordion-module-content\"><div class=\"ut-accordion-module-inner entry-content clearfix\"><p>Imm\u00e9diatement, en fonction de la formule r\u00e9serv\u00e9e, et en fait toujours le jour m\u00eame !<\/p>\n<\/div><\/div><\/div><div data-accordion data-accordion data-single data-transition=\"400\" data-easing=\"ease\" class=\"ut-accordion-module-item \"><h3 data-control class=\"ut-accordion-module-heading\" data-counter=\"8\">Les enregistrements effectu\u00e9s \u00e0 partir d'un smartphone ou d'un distributeur automatique ne sont-ils pas tout aussi bons ?<\/h3><div data-content class=\"ut-accordion-module-content\"><div class=\"ut-accordion-module-inner entry-content clearfix\"><p>Tu peux couper tes cheveux toi-m\u00eame ? C&#8217;est probable. Est-ce que tu vas quand m\u00eame chez le coiffeur ? Bien s\u00fbr que oui. Pourquoi ? Parce qu&#8217;il ne s&#8217;agit pas seulement de couper les cheveux, mais aussi de <strong>les rendre parfaits et de te sentir bien<\/strong>.<\/p>\n<p>C&#8217;est la m\u00eame chose avec les photos. Un smartphone ou un photomaton peut prendre une photo &#8211; mais pas te voir. Nous, si. <strong>Nous prenons du temps pour toi, nous savons quelle lumi\u00e8re te mettra le mieux en valeur, quelle pose soulignera ta force et quelle expression te donnera un air professionnel, sympathique et authentique.<\/strong><b><\/b><b><\/b><\/p>\n<p>Et maintenant, soyons honn\u00eates : <strong>chaque photo est un investissement dans ta carri\u00e8re<\/strong>. R\u00e9fl\u00e9chis \u00e0 l&#8217;argent que tu pourrais gagner au fil des ans avec cette photo &#8211; si elle t&#8217;ouvre des portes, te laisse la bonne impression et t&#8217;assure des opportunit\u00e9s. Celui qui \u00e9conomise ici, \u00e9conomise d\u00e9finitivement au mauvais endroit.<\/p>\n<p class=\"p1\">C&#8217;est un peu comme pour les chaussures. <strong>Tu peux en acheter des moins ch\u00e8res ? Bien s\u00fbr que oui. Mais si tu dois marcher toute la journ\u00e9e avec, tu devrais plut\u00f4t investir dans la qualit\u00e9.<\/strong> Pour les photos, c&#8217;est exactement la m\u00eame chose &#8211; sauf que l&#8217;image t&#8217;accompagne pendant des ann\u00e9es et contribue \u00e0 ton succ\u00e8s.<\/p>\n<p>\n<\/div><\/div><\/div><div data-accordion data-accordion data-single data-transition=\"400\" data-easing=\"ease\" class=\"ut-accordion-module-item \"><h3 data-control class=\"ut-accordion-module-heading\" data-counter=\"9\">Pourquoi \u00eates-vous si bon march\u00e9 ?<\/h3><div data-content class=\"ut-accordion-module-content\"><div class=\"ut-accordion-module-inner entry-content clearfix\"><p>C&#8217;est simple : nous sommes des <strong>cr\u00e9atifs, pas des CFO<\/strong>. Notre passion est la photographie &#8211; pas la maximisation des b\u00e9n\u00e9fices. Nous voulons mettre <strong>chaque personne sous le meilleur jour<\/strong> et rendre notre passion &#8211; la photographie &#8211; accessible au plus grand nombre.<\/p>\n<p class=\"p1\">Nos prix sont justes parce que nous avons des processus efficaces et que nous pr\u00e9f\u00e9rons <strong>boire un bon caf\u00e9<\/strong> avec vous plut\u00f4t que de nous casser la t\u00eate avec des marges b\u00e9n\u00e9ficiaires. Allons-nous devenir riches ? <strong>Non<\/strong>. Est-ce que nous nous amusons et pouvons nous r\u00e9aliser de mani\u00e8re cr\u00e9ative ? <strong>Oui, absolument !<\/strong> \ud83d\ude0a\ud83d\udcf8<\/p>\n<p><strong>Nos dates sont limit\u00e9es<\/strong> &#8211; mieux vaut donc r\u00e9server \u00e0 l&#8217;avance, avant que tous les cr\u00e9neaux ne soient \u00e9puis\u00e9s !<\/p>\n<\/div><\/div><\/div><\/div><\/div>[\/vc_column][vc_column width=&#8221;1\/2&#8243;][vc_column_text]<\/p>\n<h5><span style=\"color: #ffffff;\">Pr\u00e9paration &amp; d\u00e9roulement<\/span><\/h5>\n<p>[\/vc_column_text]<div class=\"wpb_content_element \"><style type=\"text\/css\">#ut_accordion_69f225bb8211f .ut-accordion-module-inner { color: #ffffff }#ut_accordion_69f225bb8211f .ut-accordion-module-heading { color: #ffffff }#ut_accordion_69f225bb8211f .ut-accordion-module-item.open .ut-accordion-module-heading { color: rgba(255, 214, 0, 1) !important }#ut_accordion_69f225bb8211f .ut-accordion-module-heading:hover { color: rgba(255, 214, 0, 1) !important }#ut_accordion_69f225bb8211f .ut-accordion-module-heading:active { color: rgba(255, 214, 0, 1) !important }#ut_accordion_69f225bb8211f .ut-accordion-module-heading:focus { color: rgba(255, 214, 0, 1) !important }#ut_accordion_69f225bb8211f .ut-accordion-module-heading:after { color: #ffffff }#ut_accordion_69f225bb8211f .ut-accordion-module-heading { font-size: 18px; }#ut_accordion_69f225bb8211f .ut-accordion-module-item { border-top-style:solid; }#ut_accordion_69f225bb8211f .ut-accordion-module-item:last-child { border-top-style:solid; border-bottom-style:solid; }<\/style><div id=\"ut_accordion_69f225bb8211f\" data-accordion-group class=\"ut-accordion-module ut-accordion-module-single  ut-accordion-module-with-border\"><div data-accordion data-accordion data-single data-transition=\"400\" data-easing=\"ease\" class=\"ut-accordion-module-item \"><h3 data-control class=\"ut-accordion-module-heading\" data-counter=\"1\">Est-ce que je vois les photos pendant le shooting ?<\/h3><div data-content class=\"ut-accordion-module-content\"><div class=\"ut-accordion-module-inner entry-content clearfix\"><p>Oui ! \ud83d\udcf8 Pendant la s\u00e9ance photo, nous vous montrons r\u00e9guli\u00e8rement des images sur l&#8217;\u00e9cran de l&#8217;appareil. Vous pouvez ainsi voir l&#8217;effet produit par les prises de vue et proc\u00e9der \u00e0 des ajustements si n\u00e9cessaire.<\/p>\n<p>Notre objectif : <strong>des photos que vous aimerez !<\/strong> \ud83d\ude0a<\/p>\n<\/div><\/div><\/div><div data-accordion data-accordion data-single data-transition=\"400\" data-easing=\"ease\" class=\"ut-accordion-module-item \"><h3 data-control class=\"ut-accordion-module-heading\" data-counter=\"2\">Quels v\u00eatements dois-je porter pour la s\u00e9ance photo ?<\/h3><div data-content class=\"ut-accordion-module-content\"><div class=\"ut-accordion-module-inner entry-content clearfix\"><p>Choisissez des couleurs <strong>discr\u00e8tes<\/strong> et des <strong>coupes classiques<\/strong> qui mettent en valeur votre personnalit\u00e9. \u00c9vitez les motifs voyants et les couleurs trop vives &#8211; ils d\u00e9tournent l&#8217;attention du visage.<\/p>\n<p>Habillez-vous en fonction de votre secteur d&#8217;activit\u00e9. Un look s\u00e9rieux pour les photos d&#8217;affaires, un style cr\u00e9atif pour les professions artistiques. L&#8217;important est que vous vous sentiez \u00e0 l&#8217;aise &#8211; cela se verra sur les photos.<\/p>\n<p>Vous recevrez <strong>un guide de style<\/strong> avec des conseils suppl\u00e9mentaires lors de la r\u00e9servation du rendez-vous. \ud83d\ude0a<\/p>\n<\/div><\/div><\/div><div data-accordion data-accordion data-single data-transition=\"400\" data-easing=\"ease\" class=\"ut-accordion-module-item \"><h3 data-control class=\"ut-accordion-module-heading\" data-counter=\"3\">J'ai un bouton ou une rougeur - que faire ?<\/h3><div data-content class=\"ut-accordion-module-content\"><div class=\"ut-accordion-module-inner entry-content clearfix\"><p>Pas de stress ! \ud83d\ude0a Les petites imperfections cutan\u00e9es <strong>ne sont pas un probl\u00e8me<\/strong>. Gr\u00e2ce aux retouches professionnelles, les boutons et les rougeurs disparaissent facilement.<\/p>\n<p>Si vous utilisez du maquillage, vous pouvez utiliser une couverture l\u00e9g\u00e8re &#8211; mais pas trop, s&#8217;il vous pla\u00eet. Le look le plus naturel est g\u00e9n\u00e9ralement le plus efficace. \ud83d\udc81\u200d\u2642\ufe0f\ud83d\udc81\u200d\u2640\ufe0f<\/p>\n<\/div><\/div><\/div><div data-accordion data-accordion data-single data-transition=\"400\" data-easing=\"ease\" class=\"ut-accordion-module-item \"><h3 data-control class=\"ut-accordion-module-heading\" data-counter=\"4\">Lunettes oui ou non ?<\/h3><div data-content class=\"ut-accordion-module-content\"><div class=\"ut-accordion-module-inner entry-content clearfix\"><p>Vous portez vos lunettes tous les jours ? Elles font alors partie de votre look et ne devraient pas manquer sur les photos.<\/p>\n<p>Si vous n&#8217;\u00eates pas s\u00fbr(e), nous prendrons simplement des photos <strong>avec et sans lunettes<\/strong> &#8211; vous pourrez ainsi d\u00e9cider plus tard.<\/p>\n<p>\ud83d\udca1 Conseil : veillez \u00e0 ce que les verres soient propres et qu&#8217;il n&#8217;y ait pas de reflets. Les verres antireflets sont id\u00e9aux pour les photos !<\/p>\n<\/div><\/div><\/div><div data-accordion data-accordion data-single data-transition=\"400\" data-easing=\"ease\" class=\"ut-accordion-module-item \"><h3 data-control class=\"ut-accordion-module-heading\" data-counter=\"5\">Le maquillage ou le stylisme sont-ils propos\u00e9s ?<\/h3><div data-content class=\"ut-accordion-module-content\"><div class=\"ut-accordion-module-inner entry-content clearfix\"><\/p>\n<p class=\"p1\">Oui, un contr\u00f4le vestimentaire et un l\u00e9ger poudrage sont inclus (exception : Student Shooting et photos d&#8217;identit\u00e9).<\/p>\n<p>\n<\/div><\/div><\/div><div data-accordion data-accordion data-single data-transition=\"400\" data-easing=\"ease\" class=\"ut-accordion-module-item \"><h3 data-control class=\"ut-accordion-module-heading\" data-counter=\"6\">Comment fonctionne la s\u00e9lection des photos ? \ud83d\udcf8\u2728<\/h3><div data-content class=\"ut-accordion-module-content\"><div class=\"ut-accordion-module-inner entry-content clearfix\"><p>Lors du shooting, vous voyez les photos <strong>directement sur l&#8217;\u00e9cran<\/strong> et choisissez vos pr\u00e9f\u00e9r\u00e9es. Vous les recevez ensuite par <strong>lien<\/strong> pour les visualiser et les t\u00e9l\u00e9charger.<\/p>\n<p>\ud83d\udca1 <strong>Service suppl\u00e9mentaire :<\/strong> vous pouvez r\u00e9server <strong>autant de retouches que vous le souhaitez<\/strong> &#8211; selon vos d\u00e9sirs !<\/p>\n<\/div><\/div><\/div><div data-accordion data-accordion data-single data-transition=\"400\" data-easing=\"ease\" class=\"ut-accordion-module-item \"><h3 data-control class=\"ut-accordion-module-heading\" data-counter=\"7\">Comment se d\u00e9roule la s\u00e9ance photo ?<\/h3><div data-content class=\"ut-accordion-module-content\"><div class=\"ut-accordion-module-inner entry-content clearfix\"><p>Lorem ipsum dolor sit amet, consetetur sadipscing elitr, sed diam nonumy eirmod tempor invidunt ut labore et dolore magna aliquyam erat, sed diam voluptua.<\/p>\n<\/div><\/div><\/div><div data-accordion data-accordion data-single data-transition=\"400\" data-easing=\"ease\" class=\"ut-accordion-module-item \"><h3 data-control class=\"ut-accordion-module-heading\" data-counter=\"8\">Comment fonctionne le post-traitement des photos ?<\/h3><div data-content class=\"ut-accordion-module-content\"><div class=\"ut-accordion-module-inner entry-content clearfix\"><\/p>\n<p class=\"p3\">Apr\u00e8s le shooting, la magie commence chez nous \u2728.<\/p>\n<ul>\n<li class=\"p4\"><span class=\"s1\"><b>Chaque photo souhait\u00e9e <\/b>est optimis\u00e9e de mani\u00e8re professionnelle.<\/span><\/li>\n<li class=\"p4\">Pas par une IA, mais de mani\u00e8re tr\u00e8s personnelle par notre graphiste. <strong>Authentique !<\/strong><\/li>\n<li class=\"p4\">Les petites imperfections de la peau ou les petits poils g\u00eanants disparaissent discr\u00e8tement et avec l&#8217;amour du d\u00e9tail.<\/li>\n<\/ul>\n<p class=\"p3\">Vos photos restent ainsi naturelles et uniques &#8211; exactement comme vous ! \ud83d\ude0a<\/p>\n<p>\n<\/div><\/div><\/div><div data-accordion data-accordion data-single data-transition=\"400\" data-easing=\"ease\" class=\"ut-accordion-module-item \"><h3 data-control class=\"ut-accordion-module-heading\" data-counter=\"9\">Quel type d'\u00e9clairage est disponible dans le studio?<\/h3><div data-content class=\"ut-accordion-module-content\"><div class=\"ut-accordion-module-inner entry-content clearfix\"><p>Nous travaillons avec <strong>les flashes les plus modernes de Suisse<\/strong> &#8211; en exclusivit\u00e9 avec <strong>la marque suisse Elinchrom<\/strong>. Cette technique de haute qualit\u00e9 garantit un <strong>\u00e9clairage uniforme<\/strong>, des tons chair naturels et une ambiance lumineuse professionnelle.<\/p>\n<p>Il est particuli\u00e8rement important pour nous que <strong>les personnes de tous les tons de peau<\/strong> se retrouvent dans nos photos. C&#8217;est pourquoi nous adaptons sp\u00e9cialement la lumi\u00e8re et le post-traitement afin de mettre <strong>en valeur de mani\u00e8re optimale les tons de peau plus fonc\u00e9s<\/strong> &#8211; avec des couleurs naturelles et des contrastes parfaits.<\/p>\n<\/div><\/div><\/div><div data-accordion data-accordion data-single data-transition=\"400\" data-easing=\"ease\" class=\"ut-accordion-module-item \"><h3 data-control class=\"ut-accordion-module-heading\" data-counter=\"10\">\ud83d\udc54 Est-il possible de changer de tenue et\/ou de cravate?<\/h3><div data-content class=\"ut-accordion-module-content\"><div class=\"ut-accordion-module-inner entry-content clearfix\"><p>Oui, un <strong>changement de tenue<\/strong> est possible &#8211; selon le forfait r\u00e9serv\u00e9.<\/p>\n<p>\ud83d\udca1 <strong>Conseil<\/strong> : si vous n&#8217;\u00eates pas s\u00fbr(e), apportez simplement plusieurs options. Nous vous aiderons volontiers \u00e0 faire votre choix ! \ud83d\ude0a<\/p>\n<\/div><\/div><\/div><div data-accordion data-accordion data-single data-transition=\"400\" data-easing=\"ease\" class=\"ut-accordion-module-item \"><h3 data-control class=\"ut-accordion-module-heading\" data-counter=\"11\">Que dois-je faire pendant le shooting ?<\/h3><div data-content class=\"ut-accordion-module-content\"><div class=\"ut-accordion-module-inner entry-content clearfix\"><p>C&#8217;est simple : <strong>sois toi-m\u00eame<\/strong>. Nous nous occupons du reste.<\/p>\n<p>Tu n&#8217;as pas besoin d&#8217;avoir de l&#8217;exp\u00e9rience devant la cam\u00e9ra &#8211; nous te montrons comment te positionner au mieux, o\u00f9 regarder et comment para\u00eetre d\u00e9contract\u00e9. Pas de poses rigides, pas de stress.<\/p>\n<p>Nous te voyons, nous te guidons et nous tirons le meilleur de toi. <strong>Tu n&#8217;as rien d&#8217;autre \u00e0 faire que de nous faire confiance &#8211; le reste se fait tout seul. \ud83d\ude0a<\/strong><\/p>\n<\/div><\/div><\/div><\/div><\/div>[\/vc_column][\/vc_row][vc_row][vc_column width=&#8221;1\/2&#8243;][vc_column_text]<\/p>\n<h5><span style=\"color: #ffffff;\">Traitement des donn\u00e9es<\/span><\/h5>\n<p>[\/vc_column_text]<div class=\"wpb_content_element \"><style type=\"text\/css\">#ut_accordion_69f225bb8352c .ut-accordion-module-inner { color: #ffffff }#ut_accordion_69f225bb8352c .ut-accordion-module-heading { color: #ffffff }#ut_accordion_69f225bb8352c .ut-accordion-module-item.open .ut-accordion-module-heading { color: rgba(255, 214, 0, 1) !important }#ut_accordion_69f225bb8352c .ut-accordion-module-heading:hover { color: rgba(255, 214, 0, 1) !important }#ut_accordion_69f225bb8352c .ut-accordion-module-heading:active { color: rgba(255, 214, 0, 1) !important }#ut_accordion_69f225bb8352c .ut-accordion-module-heading:focus { color: rgba(255, 214, 0, 1) !important }#ut_accordion_69f225bb8352c .ut-accordion-module-heading:after { color: #ffffff }#ut_accordion_69f225bb8352c .ut-accordion-module-heading { font-size: 18px; }#ut_accordion_69f225bb8352c .ut-accordion-module-item { border-top-style:solid; }#ut_accordion_69f225bb8352c .ut-accordion-module-item:last-child { border-top-style:solid; border-bottom-style:solid; }<\/style><div id=\"ut_accordion_69f225bb8352c\" data-accordion-group class=\"ut-accordion-module ut-accordion-module-single  ut-accordion-module-with-border\"><div data-accordion data-accordion data-single data-transition=\"400\" data-easing=\"ease\" class=\"ut-accordion-module-item \"><h3 data-control class=\"ut-accordion-module-heading\" data-counter=\"1\">Existe-t-il des r\u00e9ductions pour les groupes ou les entreprises?<\/h3><div data-content class=\"ut-accordion-module-content\"><div class=\"ut-accordion-module-inner entry-content clearfix\"><\/p>\n<p class=\"p2\">Oui ! par exemple, nos <strong>packages de d\u00e9marrage PME<\/strong> sont sp\u00e9cialement con\u00e7us pour les petites \u00e9quipes &#8211; avec des r\u00e9ductions \u00e0 partir de deux personnes. Il suffit de nous contacter.<\/p>\n<p>\n<\/div><\/div><\/div><div data-accordion data-accordion data-single data-transition=\"400\" data-easing=\"ease\" class=\"ut-accordion-module-item \"><h3 data-control class=\"ut-accordion-module-heading\" data-counter=\"2\">Proposez-vous \u00e9galement des shootings mobiles sur place?<\/h3><div data-content class=\"ut-accordion-module-content\"><div class=\"ut-accordion-module-inner entry-content clearfix\"><\/p>\n<p class=\"p1\">Oui, nous venons directement \u00e0 votre bureau avec notre <strong>studio photo mobile<\/strong>. Parfait pour les grandes \u00e9quipes &amp; les s\u00e9ances photo d&#8217;entreprise. Plus d&#8217;infos ici.<\/p>\n<p>\n<\/div><\/div><\/div><div data-accordion data-accordion data-single data-transition=\"400\" data-easing=\"ease\" class=\"ut-accordion-module-item \"><h3 data-control class=\"ut-accordion-module-heading\" data-counter=\"3\">Est-il possible de faire des photos d'\u00e9quipe?<\/h3><div data-content class=\"ut-accordion-module-content\"><div class=\"ut-accordion-module-inner entry-content clearfix\"><\/p>\n<p class=\"p1\">Oui ! en plus des portraits individuels, nous proposons \u00e9galement <strong>des photos d&#8217;\u00e9quipe<\/strong> <strong>modernes et dynamiques<\/strong> &#8211; en studio ou sur place chez vous.<\/p>\n<p>\n<\/div><\/div><\/div><\/div><\/div>[\/vc_column][vc_column width=&#8221;1\/2&#8243;][vc_column_text]<\/p>\n<h5><span style=\"color: #ffffff;\">Offres sp\u00e9ciales<\/span><\/h5>\n<p>[\/vc_column_text]<div class=\"wpb_content_element \"><style type=\"text\/css\">#ut_accordion_69f225bb83c4b .ut-accordion-module-inner { color: #ffffff }#ut_accordion_69f225bb83c4b .ut-accordion-module-heading { color: #ffffff }#ut_accordion_69f225bb83c4b .ut-accordion-module-item.open .ut-accordion-module-heading { color: rgba(255, 214, 0, 1) !important }#ut_accordion_69f225bb83c4b .ut-accordion-module-heading:hover { color: rgba(255, 214, 0, 1) !important }#ut_accordion_69f225bb83c4b .ut-accordion-module-heading:active { color: rgba(255, 214, 0, 1) !important }#ut_accordion_69f225bb83c4b .ut-accordion-module-heading:focus { color: rgba(255, 214, 0, 1) !important }#ut_accordion_69f225bb83c4b .ut-accordion-module-heading:after { color: #ffffff }#ut_accordion_69f225bb83c4b .ut-accordion-module-heading { font-size: 18px; }#ut_accordion_69f225bb83c4b .ut-accordion-module-item { border-top-style:solid; }#ut_accordion_69f225bb83c4b .ut-accordion-module-item:last-child { border-top-style:solid; border-bottom-style:solid; }<\/style><div id=\"ut_accordion_69f225bb83c4b\" data-accordion-group class=\"ut-accordion-module ut-accordion-module-single  ut-accordion-module-with-border\"><div data-accordion data-accordion data-single data-transition=\"400\" data-easing=\"ease\" class=\"ut-accordion-module-item \"><h3 data-control class=\"ut-accordion-module-heading\" data-counter=\"1\">Des photos d'identit\u00e9 biom\u00e9triques sont-elles possibles?<\/h3><div data-content class=\"ut-accordion-module-content\"><div class=\"ut-accordion-module-inner entry-content clearfix\"><p>Oui, nous proposons des <strong>photos d&#8217;identit\u00e9 biom\u00e9triques<\/strong> qui r\u00e9pondent aux exigences officielles. Que ce soit pour un <strong>passeport suisse, une carte d&#8217;identit\u00e9, un visa ou des documents \u00e9trangers<\/strong>, nous veillons \u00e0 ce que votre photo soit conforme aux directives.<\/p>\n<p>Si vous avez des exigences particuli\u00e8res, n&#8217;h\u00e9sitez pas \u00e0 apporter les directives &#8211; nous adapterons la photo en cons\u00e9quence. \ud83d\ude0a<\/p>\n<\/div><\/div><\/div><div data-accordion data-accordion data-single data-transition=\"400\" data-easing=\"ease\" class=\"ut-accordion-module-item \"><h3 data-control class=\"ut-accordion-module-heading\" data-counter=\"2\">Existe-t-il des r\u00e9ductions pour les groupes ou les entreprises?<\/h3><div data-content class=\"ut-accordion-module-content\"><div class=\"ut-accordion-module-inner entry-content clearfix\"><\/p>\n<p class=\"p2\">Oui ! par exemple, nos <strong>packages de d\u00e9marrage PME<\/strong> sont sp\u00e9cialement con\u00e7us pour les petites \u00e9quipes &#8211; avec des r\u00e9ductions \u00e0 partir de deux personnes. Il suffit de nous contacter.<\/p>\n<p>\n<\/div><\/div><\/div><div data-accordion data-accordion data-single data-transition=\"400\" data-easing=\"ease\" class=\"ut-accordion-module-item \"><h3 data-control class=\"ut-accordion-module-heading\" data-counter=\"3\">Proposez-vous \u00e9galement des shootings mobiles sur place?<\/h3><div data-content class=\"ut-accordion-module-content\"><div class=\"ut-accordion-module-inner entry-content clearfix\"><\/p>\n<p class=\"p1\">Oui, nous venons directement \u00e0 votre bureau avec notre <strong>studio photo mobile<\/strong>. Parfait pour les grandes \u00e9quipes &amp; les s\u00e9ances photo d&#8217;entreprise. Plus d&#8217;infos ici.<\/p>\n<p>\n<\/div><\/div><\/div><div data-accordion data-accordion data-single data-transition=\"400\" data-easing=\"ease\" class=\"ut-accordion-module-item \"><h3 data-control class=\"ut-accordion-module-heading\" data-counter=\"4\">Est-il possible de faire des photos d'\u00e9quipe?<\/h3><div data-content class=\"ut-accordion-module-content\"><div class=\"ut-accordion-module-inner entry-content clearfix\"><\/p>\n<p class=\"p1\">Oui ! en plus des portraits individuels, nous proposons \u00e9galement des photos d&#8217;\u00e9quipe <strong>modernes et dynamiques<\/strong> &#8211; en studio ou sur place chez vous.<\/p>\n<p>\n<\/div><\/div><\/div><div data-accordion data-accordion data-single data-transition=\"400\" data-easing=\"ease\" class=\"ut-accordion-module-item \"><h3 data-control class=\"ut-accordion-module-heading\" data-counter=\"5\">Pouvez-vous adapter l'arri\u00e8re-plan \u00e0 notre identit\u00e9 visuelle?<\/h3><div data-content class=\"ut-accordion-module-content\"><div class=\"ut-accordion-module-inner entry-content clearfix\"><p>Oui, nous pouvons adapter l&#8217;arri\u00e8re-plan apr\u00e8s concertation.<\/p>\n<\/div><\/div><\/div><\/div><\/div>[\/vc_column][\/vc_row][vc_row][vc_column width=&#8221;1\/2&#8243;][vc_column_text]<\/p>\n<h5><span style=\"color: #ffffff;\">Conditions g\u00e9n\u00e9rales &amp; organisation<\/span><\/h5>\n<p>[\/vc_column_text]<div class=\"wpb_content_element \"><style type=\"text\/css\">#ut_accordion_69f225bb8470b .ut-accordion-module-inner { color: #ffffff }#ut_accordion_69f225bb8470b .ut-accordion-module-heading { color: #ffffff }#ut_accordion_69f225bb8470b .ut-accordion-module-item.open .ut-accordion-module-heading { color: rgba(255, 214, 0, 1) !important }#ut_accordion_69f225bb8470b .ut-accordion-module-heading:hover { color: rgba(255, 214, 0, 1) !important }#ut_accordion_69f225bb8470b .ut-accordion-module-heading:active { color: rgba(255, 214, 0, 1) !important }#ut_accordion_69f225bb8470b .ut-accordion-module-heading:focus { color: rgba(255, 214, 0, 1) !important }#ut_accordion_69f225bb8470b .ut-accordion-module-heading:after { color: #ffffff }#ut_accordion_69f225bb8470b .ut-accordion-module-heading { font-size: 18px; }#ut_accordion_69f225bb8470b .ut-accordion-module-item { border-top-style:solid; }#ut_accordion_69f225bb8470b .ut-accordion-module-item:last-child { border-top-style:solid; border-bottom-style:solid; }<\/style><div id=\"ut_accordion_69f225bb8470b\" data-accordion-group class=\"ut-accordion-module ut-accordion-module-single  ut-accordion-module-with-border\"><div data-accordion data-accordion data-single data-transition=\"400\" data-easing=\"ease\" class=\"ut-accordion-module-item \"><h3 data-control class=\"ut-accordion-module-heading\" data-counter=\"1\">Quels modes de paiement acceptez-vous?<\/h3><div data-content class=\"ut-accordion-module-content\"><div class=\"ut-accordion-module-inner entry-content clearfix\"><\/p>\n<p class=\"p1\">Nous acceptons les paiements par <strong>carte (EC\/carte de cr\u00e9dit) et Twint<\/strong>. Les paiements en esp\u00e8ces ne sont pas possibles.<\/p>\n<p>\n<\/div><\/div><\/div><div data-accordion data-accordion data-single data-transition=\"400\" data-easing=\"ease\" class=\"ut-accordion-module-item \"><h3 data-control class=\"ut-accordion-module-heading\" data-counter=\"2\">Comment puis-je vous contacter ? \ud83d\udcde\ud83d\udcac\u2709\ufe0f<\/h3><div data-content class=\"ut-accordion-module-content\"><div class=\"ut-accordion-module-inner entry-content clearfix\"><p>De pr\u00e9f\u00e9rence par <strong>e-mail<\/strong> \u2709\ufe0f ou <strong>WhatsApp<\/strong> \ud83d\udcac &#8211; ainsi nous pouvons vous r\u00e9pondre rapidement m\u00eame entre les shootings.<\/p>\n<p>Bien s\u00fbr, nous sommes \u00e9galement joignables par <strong>t\u00e9l\u00e9phone<\/strong> \ud83d\udcde. Si nous sommes occup\u00e9s au studio, laissez-nous simplement un message &#8211; nous vous rappellerons !<\/p>\n<p>\u26a0\ufe0f <span style=\"color: #ff0000;\">Important : les reports de rendez-vous et les annulations ne sont possibles que via le lien figurant dans votre confirmation de rendez-vous. Nous ne pouvons malheureusement pas traiter les modifications par t\u00e9l\u00e9phone ou par e-mail.<\/span><\/p>\n<\/div><\/div><\/div><div data-accordion data-accordion data-single data-transition=\"400\" data-easing=\"ease\" class=\"ut-accordion-module-item \"><h3 data-control class=\"ut-accordion-module-heading\" data-counter=\"3\">Comment mes donn\u00e9es et mes images sont-elles trait\u00e9es?<\/h3><div data-content class=\"ut-accordion-module-content\"><div class=\"ut-accordion-module-inner entry-content clearfix\"><p><strong>La protection des donn\u00e9es est pour nous une priorit\u00e9 absolue.<\/strong> Vos donn\u00e9es et vos images <strong>sont stock\u00e9es en toute s\u00e9curit\u00e9<\/strong> et utilis\u00e9es exclusivement pour le traitement des images.<\/p>\n<p>Nous ne transmettons aucune photo sans votre accord. Apr\u00e8s <strong>6 mois<\/strong>, toutes les photos sont d\u00e9finitivement supprim\u00e9es.<\/p>\n<p>Vous trouverez plus d&#8217;informations \u00e0 ce sujet dans notre <strong>politique de confidentialit\u00e9<\/strong>.<\/p>\n<\/div><\/div><\/div><div data-accordion data-accordion data-single data-transition=\"400\" data-easing=\"ease\" class=\"ut-accordion-module-item \"><h3 data-control class=\"ut-accordion-module-heading\" data-counter=\"4\">Qui a le droit \u00e0 l'image?<\/h3><div data-content class=\"ut-accordion-module-content\"><div class=\"ut-accordion-module-inner entry-content clearfix\"><p>C&#8217;est tr\u00e8s simple : <strong>vous.<\/strong><\/p>\n<p>Apr\u00e8s le shooting, vous recevez les photos pour un usage priv\u00e9. Vous pouvez les utiliser pour des candidatures, LinkedIn et les m\u00e9dias sociaux.<\/p>\n<p>Des droits d&#8217;utilisation sp\u00e9cifiques s&#8217;appliquent \u00e0 des fins commerciales, comme les sites web, la publicit\u00e9 ou la pr\u00e9sentation d&#8217;entreprises. Si vous avez besoin des images \u00e0 de telles fins, n&#8217;h\u00e9sitez pas \u00e0 nous contacter.<\/p>\n<\/div><\/div><\/div><div data-accordion data-accordion data-single data-transition=\"400\" data-easing=\"ease\" class=\"ut-accordion-module-item \"><h3 data-control class=\"ut-accordion-module-heading\" data-counter=\"5\">Pourquoi les droits d'utilisation commerciale sont-ils plus chers?<\/h3><div data-content class=\"ut-accordion-module-content\"><div class=\"ut-accordion-module-inner entry-content clearfix\"><p>Nos prix sont calcul\u00e9s de mani\u00e8re \u00e0 ce que <strong>chaque personne puisse vraiment s&#8217;offrir une s\u00e9ance photo<\/strong> &#8211; de l&#8217;\u00e9tudiant \u00e0 l&#8217;enseignant, du jeune professionnel au banquier. Pour les particuliers, nous comptons avec <strong>une marge minimale<\/strong>, car nous voulons que tout <strong>le monde puisse s&#8217;offrir une bonne photo<\/strong>. Nous gagnons plut\u00f4t notre vie avec des commandes d&#8217;entreprises.<\/p>\n<p><strong>Mais si une entreprise gagne de l&#8217;argent avec nos photos, c&#8217;est diff\u00e9rent.<\/strong> Une pr\u00e9sence professionnelle dans le monde des affaires a une valeur \u00e9conomique claire &#8211; et c&#8217;est ce que refl\u00e8tent les droits d&#8217;utilisation commerciale.<\/p>\n<p><em>Et oui, nous avons effectivement d\u00e9j\u00e0 eu des cadres de grandes banques internationales qui ont essay\u00e9 de s&#8217;assurer la pr\u00e9sence de leur entreprise avec un pack \u00e9tudiant. Nous devons dire :<\/em> <strong>c&#8217;est bien pens\u00e9, mais \u00e7a ne marche pas comme \u00e7a.<\/strong> \ud83d\ude09<\/p>\n<\/div><\/div><\/div><div data-accordion data-accordion data-single data-transition=\"400\" data-easing=\"ease\" class=\"ut-accordion-module-item \"><h3 data-control class=\"ut-accordion-module-heading\" data-counter=\"6\">Dans quels formats recevrai-je les images?<\/h3><div data-content class=\"ut-accordion-module-content\"><div class=\"ut-accordion-module-inner entry-content clearfix\"><\/p>\n<p class=\"p1\">Vous recevez vos photos au format JPG haute r\u00e9solution.<\/p>\n<p>\n<\/div><\/div><\/div><div data-accordion data-accordion data-single data-transition=\"400\" data-easing=\"ease\" class=\"ut-accordion-module-item \"><h3 data-control class=\"ut-accordion-module-heading\" data-counter=\"7\">Combien de temps les images sont-elles stock\u00e9es?<\/h3><div data-content class=\"ut-accordion-module-content\"><div class=\"ut-accordion-module-inner entry-content clearfix\"><p>Nous conservons vos images pendant <strong>6 mois<\/strong>. Pass\u00e9 ce d\u00e9lai, elles sont <strong>d\u00e9finitivement supprim\u00e9es<\/strong> et ne peuvent plus \u00eatre restaur\u00e9es.<\/p>\n<p>\ud83d\udca1<strong> Conseil:<\/strong> le mieux est de t\u00e9l\u00e9charger et de sauvegarder vos photos d\u00e8s maintenant pour ne pas les perdre ! \ud83d\ude0a<\/p>\n<\/div><\/div><\/div><div data-accordion data-accordion data-single data-transition=\"400\" data-easing=\"ease\" class=\"ut-accordion-module-item \"><h3 data-control class=\"ut-accordion-module-heading\" data-counter=\"8\">Ai-je besoin de l'application Dropbox pour t\u00e9l\u00e9charger mes images?<\/h3><div data-content class=\"ut-accordion-module-content\"><div class=\"ut-accordion-module-inner entry-content clearfix\"><p>Non, <strong>l&#8217;application Dropbox ou un compte ne sont pas n\u00e9cessaires<\/strong>. D\u00e8s que vous cliquez sur le lien que nous vous envoyons, la page s&#8217;ouvre automatiquement dans votre navigateur.<\/p>\n<p>Il suffit de cliquer sur <strong>\u00ab Ouvrir dans le navigateur \u00bb<\/strong> en bas de page pour voir appara\u00eetre votre dossier avec les images. De l\u00e0, vous pouvez <strong>les t\u00e9l\u00e9charger sans probl\u00e8me directement sur votre appareil<\/strong> &#8211; en toute simplicit\u00e9 ! \ud83d\ude0a<\/p>\n<\/div><\/div><\/div><div data-accordion data-accordion data-single data-transition=\"400\" data-easing=\"ease\" class=\"ut-accordion-module-item \"><h3 data-control class=\"ut-accordion-module-heading\" data-counter=\"9\">Que faire si les photos d'identit\u00e9 sont refus\u00e9es?<\/h3><div data-content class=\"ut-accordion-module-content\"><div class=\"ut-accordion-module-inner entry-content clearfix\"><p>Si vos photos d&#8217;identit\u00e9 sont refus\u00e9es, vous pouvez <strong>effectuer gratuitement une adaptation ou un nouveau shooting chez nous<\/strong>. Si cela n&#8217;est pas envisageable pour vous, vous recevrez un cr\u00e9dit de 19 CHF.<\/p>\n<p>Notre objectif : <strong>des photos d&#8217;identit\u00e9 qui sont garanties d&#8217;\u00eatre accept\u00e9es !<\/strong> \ud83d\ude0a<\/p>\n<\/div><\/div><\/div><div data-accordion data-accordion data-single data-transition=\"400\" data-easing=\"ease\" class=\"ut-accordion-module-item \"><h3 data-control class=\"ut-accordion-module-heading\" data-counter=\"10\">Y a-t-il des frais d'annulation?<\/h3><div data-content class=\"ut-accordion-module-content\"><div class=\"ut-accordion-module-inner entry-content clearfix\"><p>Oui. <strong>En cas d&#8217;annulation moins de 4 heures avant le rendez-vous<\/strong>, le montant total sera factur\u00e9.<\/p>\n<\/div><\/div><\/div><\/div><\/div>[\/vc_column][vc_column width=&#8221;1\/2&#8243;][\/vc_column][\/vc_row][\/vc_section]<\/p>\n<\/div>","protected":false},"excerpt":{"rendered":"<p>[vc_section css=&#8221;.vc_custom_1723041979798{margin-top: 0px !important;margin-bottom: 0px !important;padding-top: 4vh !important;padding-bottom: 0px !important;background-color: linear-gradient(to bottom, #000000 0%, #2a2c2f 100%) !important;}&#8221;][vc_row css=&#8221;.vc_custom_1720685457464{margin-bottom: 0px !important;padding-top: 5vh !important;padding-bottom: 0px !important;}&#8221;][vc_column el_class=&#8221;light&#8221;][vc_empty_space height=&#8221;10px&#8221;][vc_column_text css=&#8221;.vc_custom_1724233934115{margin-bottom: 2vh !important;padding-bottom: 0px !important;}&#8221;] FAQ Toutes les questions sur votre shooting en un coup d&#8217;\u0153il [\/vc_column_text][\/vc_column][\/vc_row][vc_row][vc_column width=&#8221;1\/2&#8243;][vc_column_text] Questions g\u00e9n\u00e9rales [\/vc_column_text][\/vc_column][vc_column width=&#8221;1\/2&#8243;][vc_column_text] Pr\u00e9paration &amp; d\u00e9roulement [\/vc_column_text][\/vc_column][\/vc_row][vc_row][vc_column width=&#8221;1\/2&#8243;][vc_column_text] Traitement des [&hellip;]<\/p>\n","protected":false},"author":1,"featured_media":0,"parent":0,"menu_order":0,"comment_status":"closed","ping_status":"closed","template":"","meta":{"footnotes":""},"class_list":["post-7820","page","type-page","status-publish","hentry"],"_links":{"self":[{"href":"https:\/\/select-fotostudio.ch\/fr\/wp-json\/wp\/v2\/pages\/7820","targetHints":{"allow":["GET"]}}],"collection":[{"href":"https:\/\/select-fotostudio.ch\/fr\/wp-json\/wp\/v2\/pages"}],"about":[{"href":"https:\/\/select-fotostudio.ch\/fr\/wp-json\/wp\/v2\/types\/page"}],"author":[{"embeddable":true,"href":"https:\/\/select-fotostudio.ch\/fr\/wp-json\/wp\/v2\/users\/1"}],"replies":[{"embeddable":true,"href":"https:\/\/select-fotostudio.ch\/fr\/wp-json\/wp\/v2\/comments?post=7820"}],"version-history":[{"count":0,"href":"https:\/\/select-fotostudio.ch\/fr\/wp-json\/wp\/v2\/pages\/7820\/revisions"}],"wp:attachment":[{"href":"https:\/\/select-fotostudio.ch\/fr\/wp-json\/wp\/v2\/media?parent=7820"}],"curies":[{"name":"wp","href":"https:\/\/api.w.org\/{rel}","templated":true}]}}