{"id":7825,"date":"2025-03-28T09:21:35","date_gmt":"2025-03-28T09:21:35","guid":{"rendered":"https:\/\/select-fotostudio.ch\/firmenangebote-ceo-headshot\/"},"modified":"2026-01-28T07:08:28","modified_gmt":"2026-01-28T07:08:28","slug":"firmenangebote-ceo-headshot","status":"publish","type":"page","link":"https:\/\/select-fotostudio.ch\/fr\/firmenangebote-ceo-headshot\/","title":{"rendered":"Offres d&#8217;entreprise &#8211; Portraits du PDG"},"content":{"rendered":"<div class=\"wpb-content-wrapper\"><p>[vc_section bklyn_overlay=&#8221;true&#8221; css=&#8221;.vc_custom_1732275927994{margin-top: 0px !important;margin-bottom: 0px !important;padding-top: 4vh !important;padding-bottom: 5% !important;background-image: url(https:\/\/select-fotostudio.ch\/wp-content\/uploads\/2024\/11\/AdobeStock_491970654.jpeg?id=6406) !important;background-position: center !important;background-repeat: no-repeat !important;background-size: cover !important;}&#8221; bklyn_overlay_color=&#8221;rgba(0, 0, 0, 0.7)&#8221;][vc_row css=&#8221;.vc_custom_1732275947947{margin-top: 0px !important;margin-bottom: 0px !important;padding-top: 0px !important;padding-bottom: 0px !important;}&#8221;][vc_column width=&#8221;2\/3&#8243; animate_tablet=&#8221;true&#8221; animate_mobile=&#8221;true&#8221; el_class=&#8221;light&#8221; effect=&#8221;fadeInUp&#8221;][vc_column_text css=&#8221;.vc_custom_1732275674865{margin-bottom: 0px !important;padding-bottom: 0px !important;}&#8221; el_class=&#8221;verlauf-schrift&#8221;]<\/p>\n<h1 style=\"text-align: left;\"><em>Portraits du PDG<\/em>&#8211; Le forfait exclusif de shooting photo pour les cadres dirigeants<\/h1>\n<p>[\/vc_column_text][vc_column_text css=&#8221;.vc_custom_1732275728454{margin-top: 0px !important;padding-top: 2vh !important;}&#8221;]<\/p>\n<h4>\u00c0 une \u00e9poque o\u00f9 la concurrence est rude et o\u00f9 la premi\u00e8re impression est d\u00e9cisive, une photo percutante est indispensable pour les cadres et les PDG. Plus qu&#8217;une simple photo, c&#8217;est un outil de branding personnel efficace qui peut donner le ton aux interactions professionnelles. <\/h4>\n<p>[\/vc_column_text][\/vc_column][vc_column width=&#8221;1\/3&#8243;][\/vc_column][\/vc_row][vc_row animate_tablet=&#8221;true&#8221; animate_mobile=&#8221;true&#8221; css=&#8221;.vc_custom_1730207882267{margin-top: 0px !important;padding-top: 0px !important;}&#8221; effect=&#8221;fadeInUp&#8221;][vc_column]<div  class=\"wpb_content_element   clearfix\"><style type=\"text\/css\">#ut_am_69f31bae4d26a { opacity: 1; }#ut_am_wrap_69f31bae4d26b .ut-image-gallery-item-caption-title h3 { letter-spacing: 0em; }#ut_am_wrap_69f31bae4d26b .ut-gallery-slider-caption { font-weight: bold; }#ut_am_wrap_69f31bae4d26b { text-align: left; }@media (min-width: 768px) and (max-width: 1024px) { #ut_am_wrap_69f31bae4d26b { text-align: left !important; } }@media (max-width: 767px) { #ut_am_wrap_69f31bae4d26b { text-align: center !important; } }<\/style><div id=\"ut_am_wrap_69f31bae4d26b\" class=\"ut-image-gallery-image \"><div id=\"ut_reveal_69f31bae4d26c\"  data-appear-top-offset=\"auto\" class=\"ut-animated-image-item ut-image-gallery-item ut-animation-done \"><a class=\"ut-deactivated-link\" href=\"#\"><div class=\"ut-animated-image-zoom\"><img decoding=\"async\" class=\"ut-lazy skip-lazy ut-animated-image \" id=\"ut_am_69f31bae4d26a\" src=\"data:image\/svg+xml;charset=utf-8,%3Csvg xmlns%3D&#039;http%3A%2F%2Fwww.w3.org%2F2000%2Fsvg&#039; viewBox%3D&#039;0 0 400 600&#039;%2F%3E\" data-src=\"https:\/\/select-fotostudio.ch\/wp-content\/uploads\/2025\/04\/Bewertungen_fr.png\" width=\"400\" height=\"\" alt=\"\" title=\"\"><\/div><\/a><\/div><\/div><\/div><style type=\"text\/css\">#bklyn_btn_69f31bae4d392 .bklyn-btn { color:#ffffff !important; background: none;background-image: -webkit-linear-gradient(to left, #ffcd00 0%, #ff9300 100%);background-image: -moz-linear-gradient(to left, #ffcd00 0%, #ff9300 100%);background-image: -o-linear-gradient(to left, #ffcd00 0%, #ff9300 100%);background-image: linear-gradient(to left, #ffcd00 0%, #ff9300 100%); }#bklyn_btn_69f31bae4d392 .bklyn-btn:hover{ color:#000000 !important; background-color:#ff9f06 !important; }#bklyn_btn_69f31bae4d392 .bklyn-btn:focus{ color:#000000 !important; background-color:#ff9f06 !important; }#bklyn_btn_69f31bae4d392 .bklyn-btn:active { color:#000000 !important; background-color:#ff9f06 !important; }#bklyn_btn_69f31bae4d392 .bklyn-btn::after{ color:#000000 !important; }#bklyn_btn_69f31bae4d392 a.bklyn-btn { font-weight:bold !important; }#bklyn_btn_69f31bae4d392.bklyn-btn-header a.bklyn-btn { font-weight:bold !important; }#bklyn_btn_69f31bae4d392.bklyn-btn-header a.bklyn-btn span { font-weight:bold !important; }<\/style><div id=\"bklyn_btn_69f31bae4d392\" class=\"bklyn-btn-holder  bklyn-btn-left bklyn-btn-tablet-left bklyn-btn-mobile-center\"><a title=\"Contact\" data-text=\"R\u00e9server un rendez-vous\"  href=\"https:\/\/select-fotostudio.ch\/fr\/reserver\/\" target=\"_self\" class=\"bklyn-btn  bklyn-btn-with-effect bklyn-btn-effect-winona bklyn-btn-large\" ><span class=\"ut-btn-text\"><span>R\u00e9server un rendez-vous<\/span><\/span><\/a><\/div>[\/vc_column][\/vc_row][vc_row full_width=&#8221;stretch_row_content_no_spaces&#8221; animate_tablet=&#8221;true&#8221; animate_mobile=&#8221;true&#8221; css=&#8221;.vc_custom_1732103181307{margin-top: 0px !important;margin-bottom: -7% !important;padding-top: 3vh !important;padding-bottom: 0px !important;}&#8221; effect=&#8221;fadeInUp&#8221;][vc_column][vc_raw_html]W3NsaWRlLWFueXRoaW5nIGlkPSI1ODU3Il0=[\/vc_raw_html][\/vc_column][\/vc_row][\/vc_section][vc_section css=&#8221;.vc_custom_1732103118782{margin-top: 0px !important;margin-bottom: 0px !important;padding-top: 6% !important;padding-bottom: 6% !important;background-color: #212324 !important;}&#8221; el_class=&#8221;light&#8221;][vc_row animate_tablet=&#8221;true&#8221; animate_mobile=&#8221;true&#8221; css=&#8221;.vc_custom_1732275798122{margin-top: 0px !important;margin-bottom: 0px !important;padding-top: 0px !important;padding-bottom: 0px !important;}&#8221; effect=&#8221;fadeInUp&#8221;][vc_column width=&#8221;2\/3&#8243; css=&#8221;.vc_custom_1732010821037{margin-top: 0px !important;padding-top: 0px !important;}&#8221;][vc_column_text css=&#8221;.vc_custom_1731504528897{margin-bottom: 2vh !important;padding-bottom: 0px !important;}&#8221; el_class=&#8221;verlauf-schrift&#8221;]<\/p>\n<h2 style=\"text-align: left;\"><em>Portraits du PDG<\/em>&#8211; Des portraits exclusifs pour les cadres dirigeants<\/h2>\n<p>[\/vc_column_text][\/vc_column][vc_column width=&#8221;1\/3&#8243;][\/vc_column][\/vc_row][vc_row equal_height=&#8221;yes&#8221; content_placement=&#8221;middle&#8221; css=&#8221;.vc_custom_1732275834891{margin-top: 0px !important;padding-top: 0px !important;}&#8221;][vc_column width=&#8221;1\/2&#8243; animate_tablet=&#8221;true&#8221; animate_mobile=&#8221;true&#8221; el_class=&#8221;verlauf-schrift&#8221; effect=&#8221;fadeInLeft&#8221;][vc_column_text]Les headshots exclusifs et professionnels des PDG sont aujourd&#8217;hui un must pour les cadres qui souhaitent pr\u00e9senter leur image personnelle et professionnelle de mani\u00e8re authentique et efficace. Notre package de shooting photo sp\u00e9cialement con\u00e7u s&#8217;adresse aux PDG, aux cadres et aux d\u00e9cideurs qui exigent une qualit\u00e9 de premier ordre et une repr\u00e9sentation parfaite. Les headshots sont r\u00e9alis\u00e9s par notre directrice de studio exp\u00e9riment\u00e9e Sharon Stucki et mis en sc\u00e8ne de mani\u00e8re professionnelle par les stylistes de Ghel.ch. Gr\u00e2ce \u00e0 une approche r\u00e9fl\u00e9chie qui tient compte des besoins individuels et des valeurs de la marque, ce shooting garantit que chaque image refl\u00e8te au mieux la personnalit\u00e9 et le professionnalisme du cadre.   <\/p>\n<p>Le shooting d\u00e9bute par un coaching de personal branding qui aide les clients* \u00e0 d\u00e9finir leurs messages cl\u00e9s et leurs valeurs. Lors d&#8217;un entretien personnel pr\u00e9alable au teams-Call, le langage visuel individuel est d\u00e9fini de mani\u00e8re \u00e0 ce que le r\u00e9sultat soit exactement adapt\u00e9 \u00e0 la marque personnelle. Le jour de la prise de vue, des lieux flexibles et des proc\u00e9dures d\u00e9tendues garantissent une atmosph\u00e8re agr\u00e9able sans contrainte de temps. Les headshots du PDG qui en r\u00e9sultent sont id\u00e9aux pour une utilisation sur le site web de l&#8217;entreprise, dans les profils des m\u00e9dias sociaux, les photos de presse ou pour une utilisation dans des pr\u00e9sentations.   <\/p>\n<p>Les headshots professionnels de CEO \u00e9l\u00e8vent l&#8217;image de chaque dirigeant \u00e0 un niveau sup\u00e9rieur. En tant qu&#8217;experts de la photographie d&#8217;entreprise et disposant d&#8217;un acc\u00e8s direct aux meilleurs stylistes* de Zurich, nous veillons \u00e0 ce que chaque photo r\u00e9ponde aux exigences les plus \u00e9lev\u00e9es.[\/vc_column_text][\/vc_column][vc_column width=&#8221;1\/2&#8243; animate_tablet=&#8221;true&#8221; animate_mobile=&#8221;true&#8221; effect=&#8221;fadeInRight&#8221;]<div  class=\"wpb_content_element   clearfix\"><style type=\"text\/css\">#ut_am_69f31bae4d9d5 { opacity: 1; }#ut_am_wrap_69f31bae4d9d6 img,#ut_am_wrap_69f31bae4d9d6 .ut-image-gallery-image-caption,#ut_am_wrap_69f31bae4d9d6 .ut-box-shadow-container,#ut_am_wrap_69f31bae4d9d6 .ut-box-shadow-container-inner,#ut_am_wrap_69f31bae4d9d6 .ut-block-revealer-element-container,#ut_am_wrap_69f31bae4d9d6 .ut-animated-image-zoom { -webkit-border-radius: 15px; -moz-border-radius: 15px; border-radius: 15px; }#ut_am_wrap_69f31bae4d9d6 .ut-image-gallery-item-caption-title h3 { letter-spacing: 0em; }#ut_am_wrap_69f31bae4d9d6 .ut-gallery-slider-caption { font-weight: bold; }#ut_am_wrap_69f31bae4d9d6 { text-align: center; }@media (min-width: 768px) and (max-width: 1024px) { #ut_am_wrap_69f31bae4d9d6 { text-align: center !important; } }@media (max-width: 767px) { #ut_am_wrap_69f31bae4d9d6 { text-align: center !important; } }<\/style><div id=\"ut_am_wrap_69f31bae4d9d6\" class=\"ut-image-gallery-image \"><div id=\"ut_reveal_69f31bae4d9d7\"  data-appear-top-offset=\"auto\" class=\"ut-animated-image-item ut-image-gallery-item ut-animation-done \"><a class=\"ut-deactivated-link\" href=\"#\"><div class=\"ut-animated-image-zoom\"><img decoding=\"async\" class=\"ut-lazy skip-lazy ut-animated-image \" id=\"ut_am_69f31bae4d9d5\" src=\"data:image\/svg+xml;charset=utf-8,%3Csvg xmlns%3D&#039;http%3A%2F%2Fwww.w3.org%2F2000%2Fsvg&#039; viewBox%3D&#039;0 0 1034 1076&#039;%2F%3E\" data-src=\"https:\/\/select-fotostudio.ch\/wp-content\/uploads\/2024\/11\/CEO_Headtshot.jpg\" width=\"1034\" height=\"1076\" alt=\"Executive Business Leadership, Business Theme, Leadership, Business.\" title=\"\"><\/div><\/a><\/div><\/div><\/div>[\/vc_column][\/vc_row][vc_row animate_tablet=&#8221;true&#8221; animate_mobile=&#8221;true&#8221; css=&#8221;.vc_custom_1732019900307{margin-top: 0px !important;padding-top: 0px !important;}&#8221; effect=&#8221;fadeInUp&#8221;][vc_column]<style type=\"text\/css\">#bklyn_btn_69f31bae4da7c .bklyn-btn { color:#ffffff !important; background: none;background-image: -webkit-linear-gradient(to left, #ffcd00 0%, #ff9300 100%);background-image: -moz-linear-gradient(to left, #ffcd00 0%, #ff9300 100%);background-image: -o-linear-gradient(to left, #ffcd00 0%, #ff9300 100%);background-image: linear-gradient(to left, #ffcd00 0%, #ff9300 100%); }#bklyn_btn_69f31bae4da7c .bklyn-btn:hover{ color:#000000 !important; background-color:#ff9f06 !important; }#bklyn_btn_69f31bae4da7c .bklyn-btn:focus{ color:#000000 !important; background-color:#ff9f06 !important; }#bklyn_btn_69f31bae4da7c .bklyn-btn:active { color:#000000 !important; background-color:#ff9f06 !important; }#bklyn_btn_69f31bae4da7c .bklyn-btn::after{ color:#000000 !important; }#bklyn_btn_69f31bae4da7c a.bklyn-btn { font-weight:bold !important; }#bklyn_btn_69f31bae4da7c.bklyn-btn-header a.bklyn-btn { font-weight:bold !important; }#bklyn_btn_69f31bae4da7c.bklyn-btn-header a.bklyn-btn span { font-weight:bold !important; }<\/style><div id=\"bklyn_btn_69f31bae4da7c\" class=\"bklyn-btn-holder  bklyn-btn-left bklyn-btn-tablet-left bklyn-btn-mobile-center\"><a title=\"Contact\" data-text=\"Demander une offre\"  href=\"https:\/\/select-fotostudio.ch\/fr\/contact\/\" target=\"_self\" class=\"bklyn-btn  bklyn-btn-with-effect bklyn-btn-effect-winona bklyn-btn-large\" ><span class=\"ut-btn-text\"><span>Demander une offre<\/span><\/span><\/a><\/div>[\/vc_column][\/vc_row][vc_row gap=&#8221;30&#8243; animate_tablet=&#8221;true&#8221; animate_mobile=&#8221;true&#8221; css=&#8221;.vc_custom_1732102697179{margin-bottom: 0px !important;}&#8221; effect=&#8221;fadeInUp&#8221;][vc_column width=&#8221;1\/3&#8243; el_class=&#8221;light&#8221;]<div class=\"wpb_content_element \"><style type=\"text\/css\">#ut_sc_69f31bae4daec .ut-service-column h5 { color: #ffffff; }#ut_sc_69f31bae4daec .ut-service-column.ut-service-column-horiz h5 { font-size:20px !important;line-height:30px !important; }@media (max-width: 767px) {#ut_sc_69f31bae4daec .ut-service-column.ut-service-column-horiz h5 { font-size:18px !important; }}#ut_sc_69f31bae4daec .ut-service-column.ut-service-column-horiz p { font-size:15px !important;line-height:14px !important;letter-spacing:-0.0em; }#ut_sc_69f31bae4daec .ut-service-column a.ut-service-column-link { font-size: 12px; }#ut-svg-69f31bae4daed { display:none; }#ut-svg-69f31bae4daed.ut-svg-loaded { display:block; }#ut-svg-69f31bae4daed path { stroke:rgba(255, 214, 0, 1); }<\/style><div id=\"ut_sc_69f31bae4daec\"  class=\"ut-horizontal-style ut-horizontal-style-align-left  clearfix \" ><figure class=\"ut-service-icon  ut-service-icon-normal ut-service-icon-medium\"><i style=\"color: #ffcd00;\" class=\"fa fa fa-regular fa fa-check-circle\"><\/i><\/figure><div class=\"ut-service-column ut-service-column-horiz\"><h5 data-responsive-font=\"h5\" data-responsive-font-settings=\"{&quot;base-font-size&quot;:&quot;global&quot;,&quot;font-size&quot;:{&quot;desktop_large&quot;:&quot;20&quot;,&quot;mobile&quot;:&quot;18&quot;},&quot;base-line-height&quot;:&quot;global&quot;,&quot;line-height&quot;:{&quot;desktop_large&quot;:&quot;30&quot;},&quot;base-letter-spacing&quot;:&quot;global&quot;}\">Images professionnelles et authentiques<\/h5><\/div><\/div><\/div>[\/vc_column][vc_column width=&#8221;1\/3&#8243;]<div class=\"wpb_content_element \"><style type=\"text\/css\">#ut_sc_69f31bae57ca0 .ut-service-column h5 { color: #ffffff; }#ut_sc_69f31bae57ca0 .ut-service-column.ut-service-column-horiz h5 { font-size:20px !important;line-height:30px !important; }@media (max-width: 767px) {#ut_sc_69f31bae57ca0 .ut-service-column.ut-service-column-horiz h5 { font-size:18px !important; }}#ut_sc_69f31bae57ca0 .ut-service-column.ut-service-column-horiz p { font-size:15px !important;line-height:14px !important;letter-spacing:-0.0em; }#ut_sc_69f31bae57ca0 .ut-service-column a.ut-service-column-link { font-size: 12px; }#ut-svg-69f31bae57ca1 { display:none; }#ut-svg-69f31bae57ca1.ut-svg-loaded { display:block; }#ut-svg-69f31bae57ca1 path { stroke:rgba(255, 214, 0, 1); }<\/style><div id=\"ut_sc_69f31bae57ca0\"  class=\"ut-horizontal-style ut-horizontal-style-align-left  clearfix \" ><figure class=\"ut-service-icon  ut-service-icon-normal ut-service-icon-medium\"><i style=\"color: #ffcd00;\" class=\"fa fa fa-regular fa fa-check-circle\"><\/i><\/figure><div class=\"ut-service-column ut-service-column-horiz\"><h5 data-responsive-font=\"h5\" data-responsive-font-settings=\"{&quot;base-font-size&quot;:&quot;global&quot;,&quot;font-size&quot;:{&quot;desktop_large&quot;:&quot;20&quot;,&quot;mobile&quot;:&quot;18&quot;},&quot;base-line-height&quot;:&quot;global&quot;,&quot;line-height&quot;:{&quot;desktop_large&quot;:&quot;30&quot;},&quot;base-letter-spacing&quot;:&quot;global&quot;}\">Avec l&#039;aide des coiffeurs et maquilleurs de Ghel.ch<\/h5><\/div><\/div><\/div>[\/vc_column][vc_column width=&#8221;1\/3&#8243;]<div class=\"wpb_content_element \"><style type=\"text\/css\">#ut_sc_69f31bae57d66 .ut-service-column h5 { color: #ffffff; }#ut_sc_69f31bae57d66 .ut-service-column.ut-service-column-horiz h5 { font-size:20px !important;line-height:30px !important; }@media (max-width: 767px) {#ut_sc_69f31bae57d66 .ut-service-column.ut-service-column-horiz h5 { font-size:18px !important; }}#ut_sc_69f31bae57d66 .ut-service-column.ut-service-column-horiz p { font-size:15px !important;line-height:14px !important;letter-spacing:-0.0em; }#ut_sc_69f31bae57d66 .ut-service-column a.ut-service-column-link { font-size: 12px; }#ut-svg-69f31bae57d67 { display:none; }#ut-svg-69f31bae57d67.ut-svg-loaded { display:block; }#ut-svg-69f31bae57d67 path { stroke:rgba(255, 214, 0, 1); }<\/style><div id=\"ut_sc_69f31bae57d66\"  class=\"ut-horizontal-style ut-horizontal-style-align-left  clearfix \" ><figure class=\"ut-service-icon  ut-service-icon-normal ut-service-icon-medium\"><i style=\"color: #ffcd00;\" class=\"fa fa fa-regular fa fa-check-circle\"><\/i><\/figure><div class=\"ut-service-column ut-service-column-horiz\"><h5 data-responsive-font=\"h5\" data-responsive-font-settings=\"{&quot;base-font-size&quot;:&quot;global&quot;,&quot;font-size&quot;:{&quot;desktop_large&quot;:&quot;20&quot;,&quot;mobile&quot;:&quot;18&quot;},&quot;base-line-height&quot;:&quot;global&quot;,&quot;line-height&quot;:{&quot;desktop_large&quot;:&quot;30&quot;},&quot;base-letter-spacing&quot;:&quot;global&quot;}\">Photographi\u00e9 en exclusivit\u00e9 par notre directrice de studio Sharon Stucki.<\/h5><\/div><\/div><\/div>[\/vc_column][\/vc_row][\/vc_section][vc_section css=&#8221;.vc_custom_1732103213641{margin-top: 0px !important;margin-bottom: 0px !important;padding-top: 6vh !important;padding-bottom: 5vh !important;}&#8221;][vc_row animate_tablet=&#8221;true&#8221; animate_mobile=&#8221;true&#8221; effect=&#8221;fadeInUp&#8221;][vc_column width=&#8221;2\/3&#8243;][vc_column_text css=&#8221;.vc_custom_1731503122379{margin-bottom: 0px !important;padding-bottom: 0px !important;}&#8221;]<\/p>\n<h2 style=\"text-align: left;\">Voici comment se d\u00e9roule votre CEO Headshot<\/h2>\n<p>[\/vc_column_text][vc_column_text css=&#8221;.vc_custom_1731503171264{margin-top: 0px !important;padding-top: 0px !important;}&#8221;]<\/p>\n<h4 style=\"text-align: left;\">De la pr\u00e9paration \u00e0 la touche finale : comment cr\u00e9er votre CEO Headshot expressif<\/h4>\n<p>[\/vc_column_text][\/vc_column][vc_column width=&#8221;1\/3&#8243;][\/vc_column][\/vc_row][vc_row equal_height=&#8221;yes&#8221; content_placement=&#8221;middle&#8221; css=&#8221;.vc_custom_1732014437405{margin-top: 0px !important;padding-top: 0px !important;}&#8221;][vc_column width=&#8221;1\/6&#8243;][\/vc_column][vc_column width=&#8221;1\/3&#8243; animate_tablet=&#8221;true&#8221; animate_mobile=&#8221;true&#8221; effect=&#8221;fadeInLeft&#8221;]<div  class=\"wpb_content_element   clearfix\"><style type=\"text\/css\">#ut_am_69f31bae588a1 { opacity: 1; }#ut_am_wrap_69f31bae588a2 .ut-image-gallery-item-caption-title h3 { letter-spacing: 0em; }#ut_am_wrap_69f31bae588a2 .ut-gallery-slider-caption { font-weight: bold; }#ut_am_wrap_69f31bae588a2 { text-align: right; }@media (min-width: 768px) and (max-width: 1024px) { #ut_am_wrap_69f31bae588a2 { text-align: right !important; } }@media (max-width: 767px) { #ut_am_wrap_69f31bae588a2 { text-align: center !important; } }<\/style><div id=\"ut_am_wrap_69f31bae588a2\" class=\"ut-image-gallery-image \"><div id=\"ut_reveal_69f31bae588a3\"  data-appear-top-offset=\"auto\" class=\"ut-animated-image-item ut-image-gallery-item ut-animation-done \"><a class=\"ut-deactivated-link\" href=\"#\"><div class=\"ut-animated-image-zoom\"><img decoding=\"async\" class=\"ut-lazy skip-lazy ut-animated-image \" id=\"ut_am_69f31bae588a1\" src=\"data:image\/svg+xml;charset=utf-8,%3Csvg xmlns%3D&#039;http%3A%2F%2Fwww.w3.org%2F2000%2Fsvg&#039; viewBox%3D&#039;0 0 546 584&#039;%2F%3E\" data-src=\"https:\/\/select-fotostudio.ch\/wp-content\/uploads\/2024\/11\/Ablauf_CEO.png\" width=\"546\" height=\"584\" alt=\"\" title=\"\"><\/div><\/a><\/div><\/div><\/div>[\/vc_column][vc_column width=&#8221;1\/3&#8243; animate_tablet=&#8221;true&#8221; animate_mobile=&#8221;true&#8221; effect=&#8221;fadeInRight&#8221;][vc_column_text]<\/p>\n<h5>1\u00e8re r\u00e9union<\/h5>\n<ul>\n<li>R\u00e9union en ligne<\/li>\n<\/ul>\n<p>[\/vc_column_text][vc_column_text]<\/p>\n<h5>2. planification<\/h5>\n<ul>\n<li>Planification conjointe de la s\u00e9ance photo et de tout ce qui s&#8217;y rapporte<\/li>\n<\/ul>\n<p>[\/vc_column_text][vc_column_text]<\/p>\n<h5>3. shooting<\/h5>\n<ul>\n<li>Lieux d\u00e9finis<\/li>\n<li>D\u00e9tendu et sans contrainte de temps<\/li>\n<\/ul>\n<p>[\/vc_column_text][\/vc_column][vc_column width=&#8221;1\/6&#8243;][\/vc_column][\/vc_row][vc_row animate_tablet=&#8221;true&#8221; animate_mobile=&#8221;true&#8221; css=&#8221;.vc_custom_1732019984191{margin-top: 0px !important;padding-top: 0px !important;}&#8221; effect=&#8221;fadeInUp&#8221;][vc_column]<style type=\"text\/css\">#bklyn_btn_69f31bae5895f .bklyn-btn { color:#ffffff !important; background: none;background-image: -webkit-linear-gradient(to left, #ffcd00 0%, #ff9300 100%);background-image: -moz-linear-gradient(to left, #ffcd00 0%, #ff9300 100%);background-image: -o-linear-gradient(to left, #ffcd00 0%, #ff9300 100%);background-image: linear-gradient(to left, #ffcd00 0%, #ff9300 100%); }#bklyn_btn_69f31bae5895f .bklyn-btn:hover{ color:#000000 !important; background-color:#ff9f06 !important; }#bklyn_btn_69f31bae5895f .bklyn-btn:focus{ color:#000000 !important; background-color:#ff9f06 !important; }#bklyn_btn_69f31bae5895f .bklyn-btn:active { color:#000000 !important; background-color:#ff9f06 !important; }#bklyn_btn_69f31bae5895f .bklyn-btn::after{ color:#000000 !important; }#bklyn_btn_69f31bae5895f a.bklyn-btn { font-weight:bold !important; }#bklyn_btn_69f31bae5895f.bklyn-btn-header a.bklyn-btn { font-weight:bold !important; }#bklyn_btn_69f31bae5895f.bklyn-btn-header a.bklyn-btn span { font-weight:bold !important; }<\/style><div id=\"bklyn_btn_69f31bae5895f\" class=\"bklyn-btn-holder  bklyn-btn-center bklyn-btn-tablet-center bklyn-btn-mobile-center\"><a title=\"Contact\" data-text=\"Demander une offre\"  href=\"https:\/\/select-fotostudio.ch\/fr\/contact\/\" target=\"_self\" class=\"bklyn-btn  bklyn-btn-with-effect bklyn-btn-effect-winona bklyn-btn-large\" ><span class=\"ut-btn-text\"><span>Demander une offre<\/span><\/span><\/a><\/div>[\/vc_column][\/vc_row][\/vc_section][vc_section css=&#8221;.vc_custom_1732015396214{padding-bottom: 7vh !important;background-color: #2a2c2f !important;}&#8221;][vc_row animate_tablet=&#8221;true&#8221; animate_mobile=&#8221;true&#8221; effect=&#8221;fadeInUp&#8221;][vc_column width=&#8221;1\/3&#8243; el_class=&#8221;light&#8221;][vc_column_text el_class=&#8221;verlauf-schrift&#8221;]<\/p>\n<h3><strong>Foire aux <em>questions<\/em><\/strong><\/h3>\n<p>[\/vc_column_text][\/vc_column][vc_column width=&#8221;2\/3&#8243;]<div class=\"wpb_content_element \"><style type=\"text\/css\">#ut_accordion_69f31bae589e3 .ut-accordion-module-inner { color: #ffffff }#ut_accordion_69f31bae589e3 .ut-accordion-module-heading { color: #ffffff }#ut_accordion_69f31bae589e3 .ut-accordion-module-item.open .ut-accordion-module-heading { color: rgba(255, 214, 0, 1) !important }#ut_accordion_69f31bae589e3 .ut-accordion-module-heading:hover { color: rgba(255, 214, 0, 1) !important }#ut_accordion_69f31bae589e3 .ut-accordion-module-heading:active { color: rgba(255, 214, 0, 1) !important }#ut_accordion_69f31bae589e3 .ut-accordion-module-heading:focus { color: rgba(255, 214, 0, 1) !important }#ut_accordion_69f31bae589e3 .ut-accordion-module-heading:after { color: #ffffff }#ut_accordion_69f31bae589e3 .ut-accordion-module-heading { font-size: 18px; }#ut_accordion_69f31bae589e3 .ut-accordion-module-item { border-top-style:solid; }#ut_accordion_69f31bae589e3 .ut-accordion-module-item:last-child { border-top-style:solid; border-bottom-style:solid; }<\/style><div id=\"ut_accordion_69f31bae589e3\" data-accordion-group class=\"ut-accordion-module ut-accordion-module-single  ut-accordion-module-with-border\"><div data-accordion data-accordion data-single data-transition=\"400\" data-easing=\"ease\" class=\"ut-accordion-module-item \"><h3 data-control class=\"ut-accordion-module-heading\" data-counter=\"1\">Que dois-je apporter \u00e0 la s\u00e9ance photo de candidature ?<\/h3><div data-content class=\"ut-accordion-module-content\"><div class=\"ut-accordion-module-inner entry-content clearfix\"><p><strong>Important :<\/strong> juste apr\u00e8s la r\u00e9servation du rendez-vous, vous recevrez notre guide de style exclusif. Pour la s\u00e9ance photo, vous n&#8217;avez besoin de rien d&#8217;autre que de votre tenue professionnelle. Apportez vos propres produits de soin comme la laque, la poudre, etc. Vous pouvez \u00e9galement utiliser nos produits de coiffure. Lisez \u00e9galement notre article de blog \u00e0 ce sujet.    <\/p>\n<\/div><\/div><\/div><div data-accordion data-accordion data-single data-transition=\"400\" data-easing=\"ease\" class=\"ut-accordion-module-item \"><h3 data-control class=\"ut-accordion-module-heading\" data-counter=\"2\">Quelle tenue dois-je porter pour la photo de candidature ?<\/h3><div data-content class=\"ut-accordion-module-content\"><div class=\"ut-accordion-module-inner entry-content clearfix\"><p>Habillez-vous comme si vous alliez \u00e0 un entretien d&#8217;embauche. C&#8217;est-\u00e0-dire en fonction de votre secteur d&#8217;activit\u00e9. Dans le domaine de la finance, on privil\u00e9gie le style classique, tandis que pour les m\u00e9tiers cr\u00e9atifs, on peut \u00eatre plus d\u00e9contract\u00e9. Nous vous recommandons de porter des v\u00eatements qui correspondent \u00e0 votre personnalit\u00e9 et qui vous mettent \u00e0 l&#8217;aise.   <\/p>\n<\/div><\/div><\/div><div data-accordion data-accordion data-single data-transition=\"400\" data-easing=\"ease\" class=\"ut-accordion-module-item \"><h3 data-control class=\"ut-accordion-module-heading\" data-counter=\"3\">Y a-t-il des instructions \u00e0 suivre lors d'une s\u00e9ance photo de candidature ?<\/h3><div data-content class=\"ut-accordion-module-content\"><div class=\"ut-accordion-module-inner entry-content clearfix\"><p>Oui, et comment ! Nous vous donnons de pr\u00e9cieux conseils et vous montrons la meilleure attitude et expression. Ensemble, nous cr\u00e9erons des photos de candidature authentiques, comp\u00e9tentes et joyeuses qui vous permettront de vous imposer lors de votre candidature.  <\/p>\n<\/div><\/div><\/div><div data-accordion data-accordion data-single data-transition=\"400\" data-easing=\"ease\" class=\"ut-accordion-module-item \"><h3 data-control class=\"ut-accordion-module-heading\" data-counter=\"4\">Quel arri\u00e8re-plan pour les photos de candidature ?<\/h3><div data-content class=\"ut-accordion-module-content\"><div class=\"ut-accordion-module-inner entry-content clearfix\"><p>L&#8217;arri\u00e8re-plan doit soutenir positivement leur effet global. En fonction de la personne, de ses v\u00eatements et de son secteur d&#8217;activit\u00e9, nous vous recommandons directement sur place l&#8217;arri\u00e8re-plan le plus appropri\u00e9. Les arri\u00e8re-plans clairs sont classiques, les arri\u00e8re-plans sombres sont souvent plus \u00e9l\u00e9gants. Choisissez une s\u00e9ance photo de candidature o\u00f9 nous pouvons essayer plusieurs arri\u00e8re-plans ensemble.   <\/p>\n<\/div><\/div><\/div><\/div><\/div>[\/vc_column][\/vc_row][vc_row full_width=&#8221;&#8221; animate_tablet=&#8221;true&#8221; animate_mobile=&#8221;true&#8221; css=&#8221;.vc_custom_1766042716350{margin-bottom: 0px !important;padding-top: 2vh !important;padding-bottom: 0px !important;}&#8221; effect=&#8221;fadeInUp&#8221; el_class=&#8221;light&#8221;][vc_column width=&#8221;4\/5&#8243;][vc_column_text css=&#8221;.vc_custom_1766042833441{margin-bottom: 0px !important;padding-bottom: 0px !important;}&#8221; el_class=&#8221;verlauf-schrift&#8221;]<\/p>\n<h2 style=\"text-align: left;\">Voici comment se d\u00e9roule votre<em> s\u00e9ance photo professionnelle d&#8217;affaires<\/em><\/h2>\n<p>[\/vc_column_text][vc_column_text css=&#8221;.vc_custom_1766041904484{margin-top: 0px !important;padding-top: 2% !important;}&#8221; el_class=&#8221;verlauf-schrift&#8221;]<\/p>\n<h4 style=\"text-align: left;\">Un regard derri\u00e8re la cam\u00e9ra<\/h4>\n<p>[\/vc_column_text][\/vc_column][vc_column width=&#8221;1\/5&#8243;][\/vc_column][\/vc_row][vc_row css=&#8221;.vc_custom_1766041745186{margin-top: 0px !important;padding-top: 0px !important;padding-bottom: 5vh !important;}&#8221;][vc_column effect=&#8221;fadeInUp&#8221;][vc_raw_html]PGRpdiBjbGFzcz0idGFnZ2JveCIgc3R5bGU9IndpZHRoOjEwMCU7aGVpZ2h0OjEwMCU7b3ZlcmZsb3c6YXV0bzsiIGRhdGEtd2lkZ2V0LWlkPSIzMTEzNDkiIGRhdGEtd2Vic2l0ZT0iMSI+PC9kaXY+PHNjcmlwdCBzcmM9Imh0dHBzOi8vd2lkZ2V0LnRhZ2dib3guY29tL2VtYmVkLm1pbi5qcyIgdHlwZT0idGV4dC9qYXZhc2NyaXB0Ij48L3NjcmlwdD4=[\/vc_raw_html][\/vc_column][\/vc_row][vc_row full_width=&#8221;&#8221; equal_height=&#8221;yes&#8221; content_placement=&#8221;middle&#8221; css=&#8221;.vc_custom_1731504651846{padding-top: 4vh !important;padding-bottom: 4vh !important;background-color: linear-gradient(to right, #ffcd00 0%, #ff9e03 100%) !important;border-radius: 25px !important;}&#8221; el_class=&#8221;schatten-zeile&#8221;][vc_column background_position=&#8221;center center&#8221; animate_tablet=&#8221;true&#8221; animate_mobile=&#8221;true&#8221; css=&#8221;.vc_custom_1732020131521{padding-top: 2% !important;padding-right: 3% !important;padding-bottom: 2% !important;padding-left: 5% !important;}&#8221; effect=&#8221;fadeInUp&#8221;][vc_column_text el_class=&#8221;light&#8221;]<\/p>\n<h2 style=\"text-align: center;\">Contact<\/h2>\n<h4 style=\"text-align: center;\">Vous \u00eates int\u00e9ress\u00e9 par un headshot du PDG ?<br \/>\nNous nous ferons un plaisir de vous conseiller.<\/h4>\n<p>[\/vc_column_text]<style type=\"text\/css\">#bklyn_btn_69f31bae59c86 .bklyn-btn { color:#ffffff !important; border-color:#ffffff !important; border-width:2px !important; }#bklyn_btn_69f31bae59c86 .bklyn-btn:hover{ color:#ff9f06 !important; border-color:#ffffff !important; background-color:#ffffff !important; }#bklyn_btn_69f31bae59c86 .bklyn-btn:focus{ color:#ff9f06 !important; border-color:#ffffff !important; background-color:#ffffff !important; }#bklyn_btn_69f31bae59c86 .bklyn-btn:active { color:#ff9f06 !important; border-color:#ffffff !important; background-color:#ffffff !important; }#bklyn_btn_69f31bae59c86 .bklyn-btn::after{ color:#ff9f06 !important; }#bklyn_btn_69f31bae59c86 a.bklyn-btn { font-weight:bold !important; }#bklyn_btn_69f31bae59c86.bklyn-btn-header a.bklyn-btn { font-weight:bold !important; }#bklyn_btn_69f31bae59c86.bklyn-btn-header a.bklyn-btn span { font-weight:bold !important; }<\/style><div id=\"bklyn_btn_69f31bae59c86\" class=\"bklyn-btn-holder  bklyn-btn-center bklyn-btn-tablet-center bklyn-btn-mobile-center\"><a title=\"Contact\" data-text=\"Contactez-nous\"  href=\"https:\/\/select-fotostudio.ch\/fr\/contact\/\" target=\"_self\" class=\"bklyn-btn  bklyn-btn-with-effect bklyn-btn-effect-winona bklyn-btn-outline bklyn-btn-normal\" ><span class=\"ut-btn-text\"><span>Contactez-nous<\/span><\/span><\/a><\/div>[\/vc_column][\/vc_row][\/vc_section][vc_section css=&#8221;.vc_custom_1732015434044{margin-top: 0px !important;margin-bottom: 0px !important;padding-top: 4vh !important;padding-bottom: 3vh !important;}&#8221;][vc_row][vc_column]<div class=\"templatera_shortcode\"><style type=\"text\/css\" data-type=\"vc_shortcodes-custom-css\">.vc_custom_1732014042998{margin-top: 0px !important;margin-bottom: 0px !important;padding-top: 4vh !important;padding-bottom: 3vh !important;}.vc_custom_1732020091756{margin-bottom: 0px !important;padding-bottom: 0px !important;}.vc_custom_1732020102755{margin-top: 0px !important;padding-top: 0px !important;}.vc_custom_1731504886444{margin-bottom: 0px !important;padding-bottom: 0px !important;}.vc_custom_1731504894293{margin-top: 0px !important;padding-top: 0px !important;}.vc_custom_1731504974743{margin-top: 0px !important;margin-right: 0px !important;margin-bottom: 0px !important;margin-left: 0px !important;padding-top: 0px !important;padding-right: 0px !important;padding-bottom: 0px !important;padding-left: 0px !important;background-color: linear-gradient(to bottom, #fff1be 0%, #ffe6be 100%) !important;border-radius: 20px !important;}.vc_custom_1732011102573{margin-top: 0px !important;margin-right: 0px !important;margin-bottom: 0px !important;margin-left: 0px !important;padding-top: 0px !important;padding-right: 0px !important;padding-bottom: 0px !important;padding-left: 0px !important;background-color: linear-gradient(to bottom, #fff1be 0%, #ffe6be 100%) !important;border-radius: 20px !important;}.vc_custom_1732011035605{margin-top: 0px !important;margin-right: 0px !important;margin-bottom: 0px !important;margin-left: 0px !important;padding-top: 0px !important;padding-right: 0px !important;padding-bottom: 0px !important;padding-left: 0px !important;background-color: linear-gradient(to bottom, #fff1be 0%, #ffe6be 100%) !important;border-radius: 20px !important;}.vc_custom_1724921109902{margin-top: 0px !important;margin-right: 0px !important;margin-bottom: 0px !important;margin-left: 0px !important;padding-top: 0px !important;padding-right: 0px !important;padding-bottom: 0px !important;padding-left: 0px !important;}.vc_custom_1724830314976{padding-top: 25px !important;padding-right: 15px !important;padding-left: 15px !important;}.vc_custom_1724830595039{margin: 0px !important;padding: 0px !important;}.vc_custom_1724830432247{padding-top: 25px !important;padding-right: 15px !important;padding-left: 15px !important;}.vc_custom_1732014073937{margin-top: 0px !important;margin-right: 0px !important;margin-bottom: 0px !important;margin-left: 0px !important;padding-top: 0px !important;padding-right: 0px !important;padding-bottom: 0px !important;padding-left: 0px !important;}.vc_custom_1724830479015{padding-top: 25px !important;padding-right: 15px !important;padding-left: 15px !important;}<\/style><section id=\"ut-section-69f31baf012ab\" data-vc-full-width=\"true\" data-vc-full-width-init=\"false\" data-cursor-skin=\"global\" class=\"vc_section ut-vc-80 vc_section-has-no-fill ut-section-69f31baf012b4\"><div id=\"ut-row-69f31baf01c63\" data-vc-full-width=\"true\" data-vc-full-width-init=\"false\" class=\"vc_row wpb_row vc_row-fluid vc_column-gap-0 ut-animate-element animated ut-row-69f31baf01e44\" data-effect=\"fadeInUp\" data-animateonce=\"yes\" data-delay=\"0\" data-animation-duration=\"1s\"><div class=\"wpb_column vc_column_container vc_col-sm-8\" ><div id=\"ut_inner_column_69f31baf026a4\" class=\"vc_column-inner \" ><div class=\"wpb_wrapper\">\r\n\t<div class=\"wpb_text_column wpb_content_element vc_custom_1731504886444\" >\r\n\t\t<div class=\"wpb_wrapper\">\r\n\t\t\t<h2 style=\"text-align: left;\">Un langage visuel professionnel pour votre entreprise<\/h2>\n\r\n\t\t<\/div>\r\n\t<\/div>\r\n\r\n\t<div class=\"wpb_text_column wpb_content_element vc_custom_1731504894293\" >\r\n\t\t<div class=\"wpb_wrapper\">\r\n\t\t\t<h4 style=\"text-align: left;\">Avec des portraits d'affaires, des photos d'entreprises et d'\u00e9v\u00e9nements, nous soutenons votre image professionnelle \u00e0 tous les niveaux.<\/h4>\n\r\n\t\t<\/div>\r\n\t<\/div>\r\n<\/div><\/div><\/div><div class=\"wpb_column vc_column_container vc_col-sm-4\" ><div id=\"ut_inner_column_69f31baf029ee\" class=\"vc_column-inner \" ><div class=\"wpb_wrapper\"><\/div><\/div><\/div><style type=\"text\/css\">#ut-row-69f31baf01c63{margin-bottom: 0px !important;padding-bottom: 0px !important;} <\/style><\/div><div class=\"vc_row-full-width vc_clearfix\"><\/div><div id=\"ut-row-69f31baf02f43\" data-vc-full-width=\"true\" data-vc-full-width-init=\"false\" class=\"vc_row wpb_row vc_row-fluid mobileslider vc_column-gap-20 ut-animate-element animated vc_row-o-equal-height vc_row-flex ut-row-69f31baf030b7\" data-effect=\"fadeInUp\" data-animateonce=\"yes\" data-delay=\"0\" data-animation-duration=\"1s\"><div class=\"teaser-card wpb_column vc_column_container vc_col-sm-4 vc_col-has-fill\" ><div id=\"ut_inner_column_69f31baf036c6\" class=\"vc_column-inner \" ><div class=\"wpb_wrapper\"><div  class=\"wpb_content_element   vc_custom_1724921109902 clearfix\"><style type=\"text\/css\">#ut_am_69f31baf03fbd { opacity: 1; }#ut_am_wrap_69f31baf03fbe .ut-image-gallery-item-caption-title h3 { letter-spacing: 0em; }#ut_am_wrap_69f31baf03fbe .ut-gallery-slider-caption { font-weight: bold; }#ut_am_wrap_69f31baf03fbe { text-align: left; }@media (min-width: 768px) and (max-width: 1024px) { #ut_am_wrap_69f31baf03fbe { text-align: left !important; } }@media (max-width: 767px) { #ut_am_wrap_69f31baf03fbe { text-align: center !important; } }<\/style><div id=\"ut_am_wrap_69f31baf03fbe\" class=\"ut-image-gallery-image bildabgerundet\"><div id=\"ut_reveal_69f31baf03fbf\"  data-appear-top-offset=\"auto\" class=\"ut-animated-image-item ut-image-gallery-item ut-animation-done \"><a class=\"ut-deactivated-link\" href=\"#\"><div class=\"ut-animated-image-zoom\"><img decoding=\"async\" class=\"ut-lazy skip-lazy ut-animated-image \" id=\"ut_am_69f31baf03fbd\" src=\"data:image\/svg+xml;charset=utf-8,%3Csvg xmlns%3D&#039;http%3A%2F%2Fwww.w3.org%2F2000%2Fsvg&#039; viewBox%3D&#039;0 0 800 450&#039;%2F%3E\" data-src=\"https:\/\/select-fotostudio.ch\/wp-content\/uploads\/2020\/02\/bussiness1.jpg\" width=\"800\" height=\"450\" alt=\"Fotograf f\u00fcr Mitarbeiterfotos\" title=\"\"><\/div><\/a><\/div><\/div><\/div>\r\n\t<div class=\"wpb_text_column wpb_content_element vc_custom_1724830314976\" >\r\n\t\t<div class=\"wpb_wrapper\">\r\n\t\t\t<h4 style=\"text-align: center;\">Portraits d'entreprise<\/h4>\n<p style=\"text-align: center;\">Nous mettons vos collaborateurs en valeur gr\u00e2ce \u00e0 notre service complet. Professionnel, cr\u00e9atif et inspir\u00e9. <\/p>\n\r\n\t\t<\/div>\r\n\t<\/div>\r\n<style type=\"text\/css\">#bklyn_btn_69f31baf0410f .bklyn-btn { color:#0a0a0a !important; background: none;background-image: -webkit-linear-gradient(to left, #ffcd00 0%, #ff9300 100%);background-image: -moz-linear-gradient(to left, #ffcd00 0%, #ff9300 100%);background-image: -o-linear-gradient(to left, #ffcd00 0%, #ff9300 100%);background-image: linear-gradient(to left, #ffcd00 0%, #ff9300 100%); }#bklyn_btn_69f31baf0410f .bklyn-btn:hover{ color:#ffffff !important; background-color:#ff9f06 !important; }#bklyn_btn_69f31baf0410f .bklyn-btn:focus{ color:#ffffff !important; background-color:#ff9f06 !important; }#bklyn_btn_69f31baf0410f .bklyn-btn:active { color:#ffffff !important; background-color:#ff9f06 !important; }#bklyn_btn_69f31baf0410f .bklyn-btn::after{ color:#ffffff !important; }#bklyn_btn_69f31baf0410f a.bklyn-btn { font-weight:bold !important; }#bklyn_btn_69f31baf0410f.bklyn-btn-header a.bklyn-btn { font-weight:bold !important; }#bklyn_btn_69f31baf0410f.bklyn-btn-header a.bklyn-btn span { font-weight:bold !important; }<\/style><div id=\"bklyn_btn_69f31baf0410f\" class=\"bklyn-btn-holder  bklyn-btn-center bklyn-btn-tablet-center bklyn-btn-mobile-center\"><a title=\"\" data-text=\"En savoir plus\"  href=\"https:\/\/select-fotostudio.ch\/firmenangebote\/\" target=\"_self\" class=\"bklyn-btn  bklyn-btn-with-effect bklyn-btn-effect-winona bklyn-btn-normal\" ><span class=\"ut-btn-text\"><span>En savoir plus<\/span><\/span><\/a><\/div><\/div><\/div><style type=\"text\/css\">#ut_inner_column_69f31baf036c6{background-image:  -webkit- linear-gradient(to bottom, #fff1be 0%, #ffe6be 100%) !important  ;background-image:  -moz- linear-gradient(to bottom, #fff1be 0%, #ffe6be 100%) !important  ;background-image:  -o- linear-gradient(to bottom, #fff1be 0%, #ffe6be 100%) !important  ;background-image:   linear-gradient(to bottom, #fff1be 0%, #ffe6be 100%) !important  ;}#ut_inner_column_69f31baf036c6{margin-top: 0px !important;margin-right: 0px !important;margin-bottom: 0px !important;margin-left: 0px !important;padding-top: 0px !important;padding-right: 0px !important;padding-bottom: 0px !important;padding-left: 0px !important;background-color: linear-gradient(to bottom, #fff1be 0%, #ffe6be 100%) !important;border-radius: 20px !important;}<\/style><\/div><div class=\"wpb_column vc_column_container vc_col-sm-4 vc_col-has-fill\" ><div id=\"ut_inner_column_69f31baf04263\" class=\"vc_column-inner \" ><div class=\"wpb_wrapper\"><div  class=\"wpb_content_element   vc_custom_1724830595039 clearfix\"><style type=\"text\/css\">#ut_am_69f31baf04ded { opacity: 1; }#ut_am_wrap_69f31baf04def .ut-image-gallery-item-caption-title h3 { letter-spacing: 0em; }#ut_am_wrap_69f31baf04def .ut-gallery-slider-caption { font-weight: bold; }#ut_am_wrap_69f31baf04def { text-align: left; }@media (min-width: 768px) and (max-width: 1024px) { #ut_am_wrap_69f31baf04def { text-align: left !important; } }@media (max-width: 767px) { #ut_am_wrap_69f31baf04def { text-align: center !important; } }<\/style><div id=\"ut_am_wrap_69f31baf04def\" class=\"ut-image-gallery-image bildabgerundet\"><div id=\"ut_reveal_69f31baf04df0\"  data-appear-top-offset=\"auto\" class=\"ut-animated-image-item ut-image-gallery-item ut-animation-done \"><a class=\"ut-deactivated-link\" href=\"#\"><div class=\"ut-animated-image-zoom\"><img decoding=\"async\" class=\"ut-lazy skip-lazy ut-animated-image \" id=\"ut_am_69f31baf04ded\" src=\"data:image\/svg+xml;charset=utf-8,%3Csvg xmlns%3D&#039;http%3A%2F%2Fwww.w3.org%2F2000%2Fsvg&#039; viewBox%3D&#039;0 0 800 450&#039;%2F%3E\" data-src=\"https:\/\/select-fotostudio.ch\/wp-content\/uploads\/2024\/08\/DSC_0209-2-1.jpg\" width=\"800\" height=\"450\" alt=\"\" title=\"\"><\/div><\/a><\/div><\/div><\/div>\r\n\t<div class=\"wpb_text_column wpb_content_element vc_custom_1724830432247\" >\r\n\t\t<div class=\"wpb_wrapper\">\r\n\t\t\t<h4 style=\"text-align: center;\">Portraits d'entreprise<\/h4>\n<p style=\"text-align: center;\">Des photos d'\u00e9quipe r\u00e9centes renforcent la confiance de vos clients, refl\u00e8tent l'esprit d'\u00e9quipe et encouragent la motivation de vos collaborateurs.<\/p>\n\r\n\t\t<\/div>\r\n\t<\/div>\r\n<style type=\"text\/css\">#bklyn_btn_69f31baf04f73 .bklyn-btn { color:#0a0a0a !important; background: none;background-image: -webkit-linear-gradient(to left, #ffcd00 0%, #ff9300 100%);background-image: -moz-linear-gradient(to left, #ffcd00 0%, #ff9300 100%);background-image: -o-linear-gradient(to left, #ffcd00 0%, #ff9300 100%);background-image: linear-gradient(to left, #ffcd00 0%, #ff9300 100%); }#bklyn_btn_69f31baf04f73 .bklyn-btn:hover{ color:#ffffff !important; background-color:#ff9f06 !important; }#bklyn_btn_69f31baf04f73 .bklyn-btn:focus{ color:#ffffff !important; background-color:#ff9f06 !important; }#bklyn_btn_69f31baf04f73 .bklyn-btn:active { color:#ffffff !important; background-color:#ff9f06 !important; }#bklyn_btn_69f31baf04f73 .bklyn-btn::after{ color:#ffffff !important; }#bklyn_btn_69f31baf04f73 a.bklyn-btn { font-weight:bold !important; }#bklyn_btn_69f31baf04f73.bklyn-btn-header a.bklyn-btn { font-weight:bold !important; }#bklyn_btn_69f31baf04f73.bklyn-btn-header a.bklyn-btn span { font-weight:bold !important; }<\/style><div id=\"bklyn_btn_69f31baf04f73\" class=\"bklyn-btn-holder  bklyn-btn-center bklyn-btn-tablet-center bklyn-btn-mobile-center\"><a title=\"\" data-text=\"En savoir plus\"  href=\"https:\/\/select-fotostudio.ch\/firmenangebote-teamfotos\/\" target=\"_self\" class=\"bklyn-btn  bklyn-btn-with-effect bklyn-btn-effect-winona bklyn-btn-normal\" ><span class=\"ut-btn-text\"><span>En savoir plus<\/span><\/span><\/a><\/div><\/div><\/div><style type=\"text\/css\">#ut_inner_column_69f31baf04263{background-image:  -webkit- linear-gradient(to bottom, #fff1be 0%, #ffe6be 100%) !important  ;background-image:  -moz- linear-gradient(to bottom, #fff1be 0%, #ffe6be 100%) !important  ;background-image:  -o- linear-gradient(to bottom, #fff1be 0%, #ffe6be 100%) !important  ;background-image:   linear-gradient(to bottom, #fff1be 0%, #ffe6be 100%) !important  ;}#ut_inner_column_69f31baf04263{margin-top: 0px !important;margin-right: 0px !important;margin-bottom: 0px !important;margin-left: 0px !important;padding-top: 0px !important;padding-right: 0px !important;padding-bottom: 0px !important;padding-left: 0px !important;background-color: linear-gradient(to bottom, #fff1be 0%, #ffe6be 100%) !important;border-radius: 20px !important;}<\/style><\/div><div class=\"wpb_column vc_column_container vc_col-sm-4 vc_col-has-fill\" ><div id=\"ut_inner_column_69f31baf050d7\" class=\"vc_column-inner \" ><div class=\"wpb_wrapper\"><div  class=\"wpb_content_element   vc_custom_1732014073937 clearfix\"><style type=\"text\/css\">#ut_am_69f31baf0591f { opacity: 1; }#ut_am_wrap_69f31baf05921 .ut-image-gallery-item-caption-title h3 { letter-spacing: 0em; }#ut_am_wrap_69f31baf05921 .ut-gallery-slider-caption { font-weight: bold; }#ut_am_wrap_69f31baf05921 { text-align: center; }@media (min-width: 768px) and (max-width: 1024px) { #ut_am_wrap_69f31baf05921 { text-align: center !important; } }@media (max-width: 767px) { #ut_am_wrap_69f31baf05921 { text-align: center !important; } }<\/style><div id=\"ut_am_wrap_69f31baf05921\" class=\"ut-image-gallery-image bildabgerundet\"><div id=\"ut_reveal_69f31baf05922\"  data-appear-top-offset=\"auto\" class=\"ut-animated-image-item ut-image-gallery-item ut-animation-done \"><a class=\"ut-deactivated-link\" href=\"#\"><div class=\"ut-animated-image-zoom\"><img decoding=\"async\" class=\"ut-lazy skip-lazy ut-animated-image \" id=\"ut_am_69f31baf0591f\" src=\"data:image\/svg+xml;charset=utf-8,%3Csvg xmlns%3D&#039;http%3A%2F%2Fwww.w3.org%2F2000%2Fsvg&#039; viewBox%3D&#039;0 0 800 450&#039;%2F%3E\" data-src=\"https:\/\/select-fotostudio.ch\/wp-content\/uploads\/2024\/08\/NIK_3395.jpg\" width=\"800\" height=\"450\" alt=\"\" title=\"\"><\/div><\/a><\/div><\/div><\/div>\r\n\t<div class=\"wpb_text_column wpb_content_element vc_custom_1724830479015\" >\r\n\t\t<div class=\"wpb_wrapper\">\r\n\t\t\t<h4 style=\"text-align: center;\">Photos d'\u00e9v\u00e9nements<\/h4>\n<p style=\"text-align: center;\">Des photos d'ambiance apr\u00e8s l'\u00e9v\u00e9nement pour votre site web, votre newsletter et la presse.Droits d'auteur commerciaux complets pour une utilisation flexible.<\/p>\n\r\n\t\t<\/div>\r\n\t<\/div>\r\n<style type=\"text\/css\">#bklyn_btn_69f31baf05a9b .bklyn-btn { color:#0a0a0a !important; background: none;background-image: -webkit-linear-gradient(to left, #ffcd00 0%, #ff9300 100%);background-image: -moz-linear-gradient(to left, #ffcd00 0%, #ff9300 100%);background-image: -o-linear-gradient(to left, #ffcd00 0%, #ff9300 100%);background-image: linear-gradient(to left, #ffcd00 0%, #ff9300 100%); }#bklyn_btn_69f31baf05a9b .bklyn-btn:hover{ color:#ffffff !important; background-color:#ff9f06 !important; }#bklyn_btn_69f31baf05a9b .bklyn-btn:focus{ color:#ffffff !important; background-color:#ff9f06 !important; }#bklyn_btn_69f31baf05a9b .bklyn-btn:active { color:#ffffff !important; background-color:#ff9f06 !important; }#bklyn_btn_69f31baf05a9b .bklyn-btn::after{ color:#ffffff !important; }#bklyn_btn_69f31baf05a9b a.bklyn-btn { font-weight:bold !important; }#bklyn_btn_69f31baf05a9b.bklyn-btn-header a.bklyn-btn { font-weight:bold !important; }#bklyn_btn_69f31baf05a9b.bklyn-btn-header a.bklyn-btn span { font-weight:bold !important; }<\/style><div id=\"bklyn_btn_69f31baf05a9b\" class=\"bklyn-btn-holder  bklyn-btn-center bklyn-btn-tablet-center bklyn-btn-mobile-center\"><a title=\"\" data-text=\"En savoir plus\"  href=\"https:\/\/select-fotostudio.ch\/firmenangebote-eventfotos\/\" target=\"_self\" class=\"bklyn-btn  bklyn-btn-with-effect bklyn-btn-effect-winona bklyn-btn-normal\" ><span class=\"ut-btn-text\"><span>En savoir plus<\/span><\/span><\/a><\/div><\/div><\/div><style type=\"text\/css\">#ut_inner_column_69f31baf050d7{background-image:  -webkit- linear-gradient(to bottom, #fff1be 0%, #ffe6be 100%) !important  ;background-image:  -moz- linear-gradient(to bottom, #fff1be 0%, #ffe6be 100%) !important  ;background-image:  -o- linear-gradient(to bottom, #fff1be 0%, #ffe6be 100%) !important  ;background-image:   linear-gradient(to bottom, #fff1be 0%, #ffe6be 100%) !important  ;}#ut_inner_column_69f31baf050d7{margin-top: 0px !important;margin-right: 0px !important;margin-bottom: 0px !important;margin-left: 0px !important;padding-top: 0px !important;padding-right: 0px !important;padding-bottom: 0px !important;padding-left: 0px !important;background-color: linear-gradient(to bottom, #fff1be 0%, #ffe6be 100%) !important;border-radius: 20px !important;}<\/style><\/div><style type=\"text\/css\">#ut-row-69f31baf02f43{margin-top: 0px !important;padding-top: 0px !important;} <\/style><\/div><div class=\"vc_row-full-width vc_clearfix\"><\/div><a data-id=\"section-without-id\" class=\"ut-vc-offset-anchor-bottom\" name=\"section-without-id\"><\/a><style type=\"text\/css\">#ut-section-69f31baf012ab{margin-top: 0px !important;margin-bottom: 0px !important;padding-top: 4vh !important;padding-bottom: 3vh !important;} <\/style><\/section><div class=\"vc_row-full-width vc_clearfix\"><\/div><\/div>[\/vc_column][\/vc_row][\/vc_section][vc_section css=&#8221;.vc_custom_1732010912273{margin-top: 0px !important;margin-bottom: 0px !important;padding-top: 0px !important;padding-bottom: 0px !important;}&#8221;][vc_row][vc_column]<div class=\"templatera_shortcode\"><style type=\"text\/css\" data-type=\"vc_shortcodes-custom-css\">.vc_custom_1729167647653{margin-top: 0px !important;margin-bottom: 0px !important;padding-top: 4vh !important;padding-bottom: 0px !important;background-color: #000000 !important;}.vc_custom_1729167638588{margin-top: 0px !important;margin-bottom: 0px !important;padding-top: 2% !important;padding-bottom: 0px !important;}.vc_custom_1580828560508{margin-bottom: 0px !important;padding-bottom: 0px !important;}.vc_custom_1769612837080{margin-bottom: 0px !important;padding-bottom: 0px !important;}<\/style><section id=\"ut-section-69f31baf071d4\" data-vc-full-width=\"true\" data-vc-full-width-init=\"false\" data-cursor-skin=\"global\" class=\"vc_section team-gallery ut-vc-80 vc_section-has-fill ut-section-69f31baf071e0\"><div id=\"ut-row-69f31baf07b9b\" data-vc-full-width=\"true\" data-vc-full-width-init=\"false\" class=\"vc_row wpb_row vc_row-fluid light vc_column-gap-0 ut-row-69f31baf07ba6\" ><div class=\"wpb_column vc_column_container vc_col-sm-12\" ><div id=\"ut_inner_column_69f31baf0822f\" class=\"vc_column-inner \" ><div class=\"wpb_wrapper\">\r\n\t<div class=\"wpb_text_column wpb_content_element\" >\r\n\t\t<div class=\"wpb_wrapper\">\r\n\t\t\t<h2 style=\"text-align: left;\">Nous sommes Select !<\/h2>\n<h4 style=\"text-align: left;\">notre concept : des photos de candidature professionnelles \u00e0 des prix raisonnables notre approche : nous sommes des photographes qui ont du charme et un petit quelque chose en plus<\/h4>\n\r\n\t\t<\/div>\r\n\t<\/div>\r\n<\/div><\/div><\/div><\/div><div class=\"vc_row-full-width vc_clearfix\"><\/div><div id=\"ut-row-69f31baf08a6c\" data-vc-full-width=\"true\" data-vc-full-width-init=\"false\" data-vc-stretch-content=\"true\" class=\"vc_row wpb_row vc_row-fluid vc_column-gap-0 vc_row-no-padding vc_row-o-equal-height vc_row-flex ut-row-69f31baf08a78\" ><div class=\"wpb_column vc_column_container vc_col-sm-12\" ><div id=\"ut_inner_column_69f31baf09449\" class=\"vc_column-inner \" ><div class=\"wpb_wrapper\"><div class=\"wpb_content_element   vc_custom_1769612837080 clearfix\"><style type=\"text\/css\">#ut_ig_69f31baf09791 .ut-lazy:not(.ut-image-loaded) + .ut-video-module-loading { display:block; }#ut_ig_69f31baf09791 .ut-lazy.ut-image-loaded + .ut-video-module-loading { display:none; }<\/style><div id=\"ut_ig_69f31baf09791\" class=\"ut-image-gallery ut-image-gallery-module  clearfix\" data-settings=\"{&quot;animate&quot;:true,&quot;effect&quot;:&quot;&quot;,&quot;lazy&quot;:false,&quot;delay_animation&quot;:false,&quot;global_delay_animation&quot;:false,&quot;delay_timer&quot;:100,&quot;global_delay_timer&quot;:100}\" ><div  data-count=\"30\" class=\"ut-image-gallery-item ut-animation-done grid-20 tablet-grid-33 mobile-grid-100\"><a class=\"ut-deactivated-link \" href=\"#\"><div class=\"ut-image-gallery-image\" ><img decoding=\"async\" class=\"\" src=\"https:\/\/select-fotostudio.ch\/wp-content\/uploads\/2024\/10\/Alyssa.jpg\" width=\"200\" height=\"200\" alt=\"\" title=\"\"><\/div><\/a><\/div><div  data-count=\"30\" class=\"ut-image-gallery-item ut-animation-done ut-animation-done grid-20 tablet-grid-33 mobile-grid-100\"><a class=\"ut-deactivated-link \" href=\"#\"><div class=\"ut-image-gallery-image\" ><img decoding=\"async\" class=\"\" src=\"https:\/\/select-fotostudio.ch\/wp-content\/uploads\/2024\/10\/Angelo_Joss_01_Web.jpg\" width=\"200\" height=\"200\" alt=\"\" title=\"\"><\/div><\/a><\/div><div  data-count=\"30\" class=\"ut-image-gallery-item ut-animation-done ut-animation-done ut-animation-done grid-20 tablet-grid-33 mobile-grid-100 ut-tablet-last\"><a class=\"ut-deactivated-link \" href=\"#\"><div class=\"ut-image-gallery-image\" ><img decoding=\"async\" class=\"\" src=\"https:\/\/select-fotostudio.ch\/wp-content\/uploads\/2024\/10\/Zaugg_Belina_01_web.jpg\" width=\"200\" height=\"200\" alt=\"\" title=\"\"><\/div><\/a><\/div><div class=\"clear hide-on-desktop hide-on-tablet\"><\/div><div  data-count=\"30\" class=\"ut-image-gallery-item ut-animation-done ut-animation-done ut-animation-done ut-animation-done grid-20 tablet-grid-33 mobile-grid-100\"><a class=\"ut-deactivated-link \" href=\"#\"><div class=\"ut-image-gallery-image\" ><img decoding=\"async\" class=\"\" src=\"https:\/\/select-fotostudio.ch\/wp-content\/uploads\/2025\/03\/Cait.png\" width=\"200\" height=\"200\" alt=\"\" title=\"\"><\/div><\/a><\/div><div  data-count=\"25\" class=\"ut-image-gallery-item ut-animation-done ut-animation-done ut-animation-done ut-animation-done ut-animation-done grid-20 tablet-grid-33 mobile-grid-100 ut-desktop-last\"><a class=\"ut-deactivated-link \" href=\"#\"><div class=\"ut-image-gallery-image\" ><img decoding=\"async\" class=\"\" src=\"https:\/\/select-fotostudio.ch\/wp-content\/uploads\/2020\/02\/select_elena.jpg\" width=\"200\" height=\"200\" alt=\"\" title=\"\"><\/div><div id=\"ut-image-caption-8303\" class=\"ut-vc-images-lightbox-caption\">Team Select<\/div><\/a><\/div><div class=\"clear hide-on-tablet\"><\/div><div  data-count=\"25\" class=\"ut-image-gallery-item ut-animation-done ut-animation-done ut-animation-done ut-animation-done ut-animation-done ut-animation-done grid-20 tablet-grid-33 mobile-grid-100 ut-tablet-last\"><a class=\"ut-deactivated-link \" href=\"#\"><div class=\"ut-image-gallery-image\" ><img decoding=\"async\" class=\"\" src=\"https:\/\/select-fotostudio.ch\/wp-content\/uploads\/2024\/10\/Fiona.jpg\" width=\"200\" height=\"200\" alt=\"\" title=\"\"><\/div><\/a><\/div><div class=\"clear hide-on-desktop hide-on-tablet\"><\/div><div  data-count=\"25\" class=\"ut-image-gallery-item ut-animation-done ut-animation-done ut-animation-done ut-animation-done ut-animation-done ut-animation-done ut-animation-done grid-20 tablet-grid-33 mobile-grid-100\"><a class=\"ut-deactivated-link \" href=\"#\"><div class=\"ut-image-gallery-image\" ><img decoding=\"async\" class=\"\" src=\"https:\/\/select-fotostudio.ch\/wp-content\/uploads\/2024\/10\/Unknown-1.jpeg\" width=\"200\" height=\"200\" alt=\"\" title=\"\"><\/div><\/a><\/div><div  data-count=\"25\" class=\"ut-image-gallery-item ut-animation-done ut-animation-done ut-animation-done ut-animation-done ut-animation-done ut-animation-done ut-animation-done ut-animation-done grid-20 tablet-grid-33 mobile-grid-100\"><a class=\"ut-deactivated-link \" href=\"#\"><div class=\"ut-image-gallery-image\" ><img decoding=\"async\" class=\"\" src=\"https:\/\/select-fotostudio.ch\/wp-content\/uploads\/2024\/09\/Jessica-min.jpg\" width=\"200\" height=\"200\" alt=\"\" title=\"\"><\/div><\/a><\/div><div  data-count=\"25\" class=\"ut-image-gallery-item ut-animation-done ut-animation-done ut-animation-done ut-animation-done ut-animation-done ut-animation-done ut-animation-done ut-animation-done ut-animation-done grid-20 tablet-grid-33 mobile-grid-100 ut-tablet-last\"><a class=\"ut-deactivated-link \" href=\"#\"><div class=\"ut-image-gallery-image\" ><img decoding=\"async\" class=\"\" src=\"https:\/\/select-fotostudio.ch\/wp-content\/uploads\/2024\/10\/Unknown.jpeg\" width=\"200\" height=\"200\" alt=\"\" title=\"\"><\/div><\/a><\/div><div class=\"clear hide-on-desktop hide-on-tablet\"><\/div><div  data-count=\"20\" class=\"ut-image-gallery-item ut-animation-done ut-animation-done ut-animation-done ut-animation-done ut-animation-done ut-animation-done ut-animation-done ut-animation-done ut-animation-done ut-animation-done grid-20 tablet-grid-33 mobile-grid-100 ut-desktop-last\"><a class=\"ut-deactivated-link \" href=\"#\"><div class=\"ut-image-gallery-image\" ><img decoding=\"async\" class=\"\" src=\"https:\/\/select-fotostudio.ch\/wp-content\/uploads\/2024\/10\/Schroeter_Julia_01_web.jpg\" width=\"200\" height=\"200\" alt=\"\" title=\"\"><\/div><\/a><\/div><div class=\"clear hide-on-tablet\"><\/div><div  data-count=\"20\" class=\"ut-image-gallery-item ut-animation-done ut-animation-done ut-animation-done ut-animation-done ut-animation-done ut-animation-done ut-animation-done ut-animation-done ut-animation-done ut-animation-done ut-animation-done grid-20 tablet-grid-33 mobile-grid-100\"><a class=\"ut-deactivated-link \" href=\"#\"><div class=\"ut-image-gallery-image\" ><img decoding=\"async\" class=\"\" src=\"https:\/\/select-fotostudio.ch\/wp-content\/uploads\/2024\/10\/Ruh_Kian_01_web.jpg\" width=\"200\" height=\"200\" alt=\"\" title=\"\"><\/div><\/a><\/div><div  data-count=\"20\" class=\"ut-image-gallery-item ut-animation-done ut-animation-done ut-animation-done ut-animation-done ut-animation-done ut-animation-done ut-animation-done ut-animation-done ut-animation-done ut-animation-done ut-animation-done ut-animation-done grid-20 tablet-grid-33 mobile-grid-100 ut-tablet-last\"><a class=\"ut-deactivated-link \" href=\"#\"><div class=\"ut-image-gallery-image\" ><img decoding=\"async\" class=\"\" src=\"https:\/\/select-fotostudio.ch\/wp-content\/uploads\/2025\/03\/layla_web.jpg\" width=\"200\" height=\"200\" alt=\"\" title=\"\"><\/div><\/a><\/div><div class=\"clear hide-on-desktop hide-on-tablet\"><\/div><div  data-count=\"20\" class=\"ut-image-gallery-item ut-animation-done ut-animation-done ut-animation-done ut-animation-done ut-animation-done ut-animation-done ut-animation-done ut-animation-done ut-animation-done ut-animation-done ut-animation-done ut-animation-done ut-animation-done grid-20 tablet-grid-33 mobile-grid-100\"><a class=\"ut-deactivated-link \" href=\"#\"><div class=\"ut-image-gallery-image\" ><img decoding=\"async\" class=\"\" src=\"https:\/\/select-fotostudio.ch\/wp-content\/uploads\/2023\/06\/Leonie.jpg\" width=\"200\" height=\"200\" alt=\"\" title=\"\"><\/div><\/a><\/div><div  data-count=\"20\" class=\"ut-image-gallery-item ut-animation-done ut-animation-done ut-animation-done ut-animation-done ut-animation-done ut-animation-done ut-animation-done ut-animation-done ut-animation-done ut-animation-done ut-animation-done ut-animation-done ut-animation-done ut-animation-done grid-20 tablet-grid-33 mobile-grid-100\"><a class=\"ut-deactivated-link \" href=\"#\"><div class=\"ut-image-gallery-image\" ><img decoding=\"async\" class=\"\" src=\"https:\/\/select-fotostudio.ch\/wp-content\/uploads\/2024\/12\/Levin_Web.jpg\" width=\"200\" height=\"200\" alt=\"\" title=\"\"><\/div><\/a><\/div><div  data-count=\"15\" class=\"ut-image-gallery-item ut-animation-done ut-animation-done ut-animation-done ut-animation-done ut-animation-done ut-animation-done ut-animation-done ut-animation-done ut-animation-done ut-animation-done ut-animation-done ut-animation-done ut-animation-done ut-animation-done ut-animation-done grid-20 tablet-grid-33 mobile-grid-100 ut-tablet-last ut-desktop-last\"><a class=\"ut-deactivated-link \" href=\"#\"><div class=\"ut-image-gallery-image\" ><img decoding=\"async\" class=\"\" src=\"https:\/\/select-fotostudio.ch\/wp-content\/uploads\/2024\/10\/Schwank_Leonie_01_web.jpg\" width=\"200\" height=\"200\" alt=\"\" title=\"\"><\/div><\/a><\/div><div class=\"clear hide-on-tablet\"><\/div><div  data-count=\"15\" class=\"ut-image-gallery-item ut-animation-done ut-animation-done ut-animation-done ut-animation-done ut-animation-done ut-animation-done ut-animation-done ut-animation-done ut-animation-done ut-animation-done ut-animation-done ut-animation-done ut-animation-done ut-animation-done ut-animation-done ut-animation-done grid-20 tablet-grid-33 mobile-grid-100\"><a class=\"ut-deactivated-link \" href=\"#\"><div class=\"ut-image-gallery-image\" ><img decoding=\"async\" class=\"\" src=\"https:\/\/select-fotostudio.ch\/wp-content\/uploads\/2023\/09\/Melanie.jpg\" width=\"200\" height=\"200\" alt=\"\" title=\"\"><\/div><\/a><\/div><div  data-count=\"15\" class=\"ut-image-gallery-item ut-animation-done ut-animation-done ut-animation-done ut-animation-done ut-animation-done ut-animation-done ut-animation-done ut-animation-done ut-animation-done ut-animation-done ut-animation-done ut-animation-done ut-animation-done ut-animation-done ut-animation-done ut-animation-done ut-animation-done grid-20 tablet-grid-33 mobile-grid-100\"><a class=\"ut-deactivated-link \" href=\"#\"><div class=\"ut-image-gallery-image\" ><img decoding=\"async\" class=\"\" src=\"https:\/\/select-fotostudio.ch\/wp-content\/uploads\/2023\/03\/nadine2.jpg\" width=\"200\" height=\"200\" alt=\"\" title=\"\"><\/div><\/a><\/div><div  data-count=\"15\" class=\"ut-image-gallery-item ut-animation-done ut-animation-done ut-animation-done ut-animation-done ut-animation-done ut-animation-done ut-animation-done ut-animation-done ut-animation-done ut-animation-done ut-animation-done ut-animation-done ut-animation-done ut-animation-done ut-animation-done ut-animation-done ut-animation-done ut-animation-done grid-20 tablet-grid-33 mobile-grid-100 ut-tablet-last\"><a class=\"ut-deactivated-link \" href=\"#\"><div class=\"ut-image-gallery-image\" ><img decoding=\"async\" class=\"\" src=\"https:\/\/select-fotostudio.ch\/wp-content\/uploads\/2024\/10\/Paula_web.jpg\" width=\"200\" height=\"200\" alt=\"\" title=\"\"><\/div><\/a><\/div><div class=\"clear hide-on-desktop hide-on-tablet\"><\/div><div  data-count=\"15\" class=\"ut-image-gallery-item ut-animation-done ut-animation-done ut-animation-done ut-animation-done ut-animation-done ut-animation-done ut-animation-done ut-animation-done ut-animation-done ut-animation-done ut-animation-done ut-animation-done ut-animation-done ut-animation-done ut-animation-done ut-animation-done ut-animation-done ut-animation-done ut-animation-done grid-20 tablet-grid-33 mobile-grid-100\"><a class=\"ut-deactivated-link \" href=\"#\"><div class=\"ut-image-gallery-image\" ><img decoding=\"async\" class=\"\" src=\"https:\/\/select-fotostudio.ch\/wp-content\/uploads\/2024\/10\/Web_Q.jpg\" width=\"200\" height=\"200\" alt=\"\" title=\"\"><\/div><\/a><\/div><div  data-count=\"10\" class=\"ut-image-gallery-item ut-animation-done ut-animation-done ut-animation-done ut-animation-done ut-animation-done ut-animation-done ut-animation-done ut-animation-done ut-animation-done ut-animation-done ut-animation-done ut-animation-done ut-animation-done ut-animation-done ut-animation-done ut-animation-done ut-animation-done ut-animation-done ut-animation-done ut-animation-done grid-20 tablet-grid-33 mobile-grid-100 ut-desktop-last\"><a class=\"ut-deactivated-link \" href=\"#\"><div class=\"ut-image-gallery-image\" ><img decoding=\"async\" class=\"\" src=\"https:\/\/select-fotostudio.ch\/wp-content\/uploads\/2024\/10\/Meydam_Rahel_01_Web.jpg\" width=\"200\" height=\"200\" alt=\"\" title=\"\"><\/div><\/a><\/div><div class=\"clear hide-on-tablet\"><\/div><div  data-count=\"10\" class=\"ut-image-gallery-item ut-animation-done ut-animation-done ut-animation-done ut-animation-done ut-animation-done ut-animation-done ut-animation-done ut-animation-done ut-animation-done ut-animation-done ut-animation-done ut-animation-done ut-animation-done ut-animation-done ut-animation-done ut-animation-done ut-animation-done ut-animation-done ut-animation-done ut-animation-done ut-animation-done grid-20 tablet-grid-33 mobile-grid-100 ut-tablet-last\"><a class=\"ut-deactivated-link \" href=\"#\"><div class=\"ut-image-gallery-image\" ><img decoding=\"async\" class=\"\" src=\"https:\/\/select-fotostudio.ch\/wp-content\/uploads\/2024\/10\/Raoul.jpg\" width=\"200\" height=\"200\" alt=\"\" title=\"\"><\/div><\/a><\/div><div class=\"clear hide-on-desktop hide-on-tablet\"><\/div><div  data-count=\"10\" class=\"ut-image-gallery-item ut-animation-done ut-animation-done ut-animation-done ut-animation-done ut-animation-done ut-animation-done ut-animation-done ut-animation-done ut-animation-done ut-animation-done ut-animation-done ut-animation-done ut-animation-done ut-animation-done ut-animation-done ut-animation-done ut-animation-done ut-animation-done ut-animation-done ut-animation-done ut-animation-done ut-animation-done grid-20 tablet-grid-33 mobile-grid-100\"><a class=\"ut-deactivated-link \" href=\"#\"><div class=\"ut-image-gallery-image\" ><img decoding=\"async\" class=\"\" src=\"https:\/\/select-fotostudio.ch\/wp-content\/uploads\/2020\/02\/select_raphael.jpg\" width=\"200\" height=\"200\" alt=\"\" title=\"\"><\/div><div id=\"ut-image-caption-8309\" class=\"ut-vc-images-lightbox-caption\">Team Select<\/div><\/a><\/div><div  data-count=\"10\" class=\"ut-image-gallery-item ut-animation-done ut-animation-done ut-animation-done ut-animation-done ut-animation-done ut-animation-done ut-animation-done ut-animation-done ut-animation-done ut-animation-done ut-animation-done ut-animation-done ut-animation-done ut-animation-done ut-animation-done ut-animation-done ut-animation-done ut-animation-done ut-animation-done ut-animation-done ut-animation-done ut-animation-done ut-animation-done grid-20 tablet-grid-33 mobile-grid-100\"><a class=\"ut-deactivated-link \" href=\"#\"><div class=\"ut-image-gallery-image\" ><img decoding=\"async\" class=\"\" src=\"https:\/\/select-fotostudio.ch\/wp-content\/uploads\/2024\/09\/Sarina_web-min.jpg\" width=\"200\" height=\"200\" alt=\"\" title=\"\"><\/div><\/a><\/div><div  data-count=\"10\" class=\"ut-image-gallery-item ut-animation-done ut-animation-done ut-animation-done ut-animation-done ut-animation-done ut-animation-done ut-animation-done ut-animation-done ut-animation-done ut-animation-done ut-animation-done ut-animation-done ut-animation-done ut-animation-done ut-animation-done ut-animation-done ut-animation-done ut-animation-done ut-animation-done ut-animation-done ut-animation-done ut-animation-done ut-animation-done ut-animation-done grid-20 tablet-grid-33 mobile-grid-100 ut-tablet-last\"><a class=\"ut-deactivated-link \" href=\"#\"><div class=\"ut-image-gallery-image\" ><img decoding=\"async\" class=\"\" src=\"https:\/\/select-fotostudio.ch\/wp-content\/uploads\/2021\/09\/Sharon.png\" width=\"200\" height=\"200\" alt=\"\" title=\"\"><\/div><\/a><\/div><div class=\"clear hide-on-desktop hide-on-tablet\"><\/div><div  data-count=\"5\" class=\"ut-image-gallery-item ut-animation-done ut-animation-done ut-animation-done ut-animation-done ut-animation-done ut-animation-done ut-animation-done ut-animation-done ut-animation-done ut-animation-done ut-animation-done ut-animation-done ut-animation-done ut-animation-done ut-animation-done ut-animation-done ut-animation-done ut-animation-done ut-animation-done ut-animation-done ut-animation-done ut-animation-done ut-animation-done ut-animation-done ut-animation-done grid-20 tablet-grid-33 mobile-grid-100 ut-desktop-last\"><a class=\"ut-deactivated-link \" href=\"#\"><div class=\"ut-image-gallery-image\" ><img decoding=\"async\" class=\"\" src=\"https:\/\/select-fotostudio.ch\/wp-content\/uploads\/2025\/03\/Sina_web.jpg\" width=\"200\" height=\"200\" alt=\"\" title=\"\"><\/div><\/a><\/div><div class=\"clear hide-on-tablet\"><\/div><div  data-count=\"5\" class=\"ut-image-gallery-item ut-animation-done ut-animation-done ut-animation-done ut-animation-done ut-animation-done ut-animation-done ut-animation-done ut-animation-done ut-animation-done ut-animation-done ut-animation-done ut-animation-done ut-animation-done ut-animation-done ut-animation-done ut-animation-done ut-animation-done ut-animation-done ut-animation-done ut-animation-done ut-animation-done ut-animation-done ut-animation-done ut-animation-done ut-animation-done ut-animation-done grid-20 tablet-grid-33 mobile-grid-100\"><a class=\"ut-deactivated-link \" href=\"#\"><div class=\"ut-image-gallery-image\" ><img decoding=\"async\" class=\"\" src=\"https:\/\/select-fotostudio.ch\/wp-content\/uploads\/2024\/10\/Bollinger_Tendai_01_web.jpg\" width=\"200\" height=\"200\" alt=\"\" title=\"\"><\/div><\/a><\/div><div  data-count=\"5\" class=\"ut-image-gallery-item ut-animation-done ut-animation-done ut-animation-done ut-animation-done ut-animation-done ut-animation-done ut-animation-done ut-animation-done ut-animation-done ut-animation-done ut-animation-done ut-animation-done ut-animation-done ut-animation-done ut-animation-done ut-animation-done ut-animation-done ut-animation-done ut-animation-done ut-animation-done ut-animation-done ut-animation-done ut-animation-done ut-animation-done ut-animation-done ut-animation-done ut-animation-done grid-20 tablet-grid-33 mobile-grid-100 ut-tablet-last\"><a class=\"ut-deactivated-link \" href=\"#\"><div class=\"ut-image-gallery-image\" ><img decoding=\"async\" class=\"\" src=\"https:\/\/select-fotostudio.ch\/wp-content\/uploads\/2025\/05\/Tomasz_web.jpg\" width=\"200\" height=\"200\" alt=\"\" title=\"\"><\/div><\/a><\/div><div class=\"clear hide-on-desktop hide-on-tablet\"><\/div><div  data-count=\"5\" class=\"ut-image-gallery-item ut-animation-done ut-animation-done ut-animation-done ut-animation-done ut-animation-done ut-animation-done ut-animation-done ut-animation-done ut-animation-done ut-animation-done ut-animation-done ut-animation-done ut-animation-done ut-animation-done ut-animation-done ut-animation-done ut-animation-done ut-animation-done ut-animation-done ut-animation-done ut-animation-done ut-animation-done ut-animation-done ut-animation-done ut-animation-done ut-animation-done ut-animation-done ut-animation-done grid-20 tablet-grid-33 mobile-grid-100\"><a class=\"ut-deactivated-link \" href=\"#\"><div class=\"ut-image-gallery-image\" ><img decoding=\"async\" class=\"\" src=\"https:\/\/select-fotostudio.ch\/wp-content\/uploads\/2022\/11\/viviane.jpg\" width=\"200\" height=\"200\" alt=\"\" title=\"\"><\/div><\/a><\/div><div  data-count=\"5\" class=\"ut-image-gallery-item ut-animation-done ut-animation-done ut-animation-done ut-animation-done ut-animation-done ut-animation-done ut-animation-done ut-animation-done ut-animation-done ut-animation-done ut-animation-done ut-animation-done ut-animation-done ut-animation-done ut-animation-done ut-animation-done ut-animation-done ut-animation-done ut-animation-done ut-animation-done ut-animation-done ut-animation-done ut-animation-done ut-animation-done ut-animation-done ut-animation-done ut-animation-done ut-animation-done ut-animation-done grid-20 tablet-grid-33 mobile-grid-100\"><a class=\"ut-deactivated-link \" href=\"#\"><div class=\"ut-image-gallery-image\" ><img decoding=\"async\" class=\"\" src=\"https:\/\/select-fotostudio.ch\/wp-content\/uploads\/2020\/12\/select_whitney.jpg\" width=\"200\" height=\"200\" alt=\"\" title=\"\"><\/div><\/a><\/div><div  data-count=\"5\" class=\"ut-image-gallery-item ut-animation-done ut-animation-done ut-animation-done ut-animation-done ut-animation-done ut-animation-done ut-animation-done ut-animation-done ut-animation-done ut-animation-done ut-animation-done ut-animation-done ut-animation-done ut-animation-done ut-animation-done ut-animation-done ut-animation-done ut-animation-done ut-animation-done ut-animation-done ut-animation-done ut-animation-done ut-animation-done ut-animation-done ut-animation-done ut-animation-done ut-animation-done ut-animation-done ut-animation-done ut-animation-done grid-20 tablet-grid-33 mobile-grid-100\"><a class=\"ut-deactivated-link \" href=\"#\"><div class=\"ut-image-gallery-image\" ><img decoding=\"async\" class=\"\" src=\"https:\/\/select-fotostudio.ch\/wp-content\/uploads\/2020\/02\/be_select_logo_platzhalter.jpg\" width=\"200\" height=\"200\" alt=\"\" title=\"\"><\/div><div id=\"ut-image-caption-8317\" class=\"ut-vc-images-lightbox-caption\">Select<\/div><\/a><\/div><div class=\"ut-image-gallery-sizer\"><\/div><div class=\"clear\"><\/div><\/div><\/div><\/div><\/div><style type=\"text\/css\">#ut_inner_column_69f31baf09449{margin-bottom: 0px !important;padding-bottom: 0px !important;}<\/style><\/div><style type=\"text\/css\">#ut-row-69f31baf08a6c{margin-top: 0px !important;margin-bottom: 0px !important;padding-top: 2% !important;padding-bottom: 0px !important;} <\/style><\/div><div class=\"vc_row-full-width vc_clearfix\"><\/div><a data-id=\"section-without-id\" class=\"ut-vc-offset-anchor-bottom\" name=\"section-without-id\"><\/a><style type=\"text\/css\">#ut-section-69f31baf071d4{margin-top: 0px !important;margin-bottom: 0px !important;padding-top: 4vh !important;padding-bottom: 0px !important;background-color: #000000 !important;} <\/style><\/section><div class=\"vc_row-full-width vc_clearfix\"><\/div><\/div>[\/vc_column][\/vc_row][\/vc_section]<\/p>\n<\/div>","protected":false},"excerpt":{"rendered":"Portraits du PDG- Le forfait exclusif de shooting photo pour les cadres dirigeants \u00c0 une \u00e9poque o\u00f9 la concurrence est rude et o\u00f9 la premi\u00e8re impression est d\u00e9cisive, une photo percutante est indispensable pour les cadres et les PDG. Plus qu'une simple photo, c'est un outil de branding personnel efficace qui peut donner le ton [...]","protected":false},"author":1,"featured_media":0,"parent":0,"menu_order":0,"comment_status":"closed","ping_status":"closed","template":"","meta":{"footnotes":""},"class_list":["post-7825","page","type-page","status-publish","hentry"],"_links":{"self":[{"href":"https:\/\/select-fotostudio.ch\/fr\/wp-json\/wp\/v2\/pages\/7825","targetHints":{"allow":["GET"]}}],"collection":[{"href":"https:\/\/select-fotostudio.ch\/fr\/wp-json\/wp\/v2\/pages"}],"about":[{"href":"https:\/\/select-fotostudio.ch\/fr\/wp-json\/wp\/v2\/types\/page"}],"author":[{"embeddable":true,"href":"https:\/\/select-fotostudio.ch\/fr\/wp-json\/wp\/v2\/users\/1"}],"replies":[{"embeddable":true,"href":"https:\/\/select-fotostudio.ch\/fr\/wp-json\/wp\/v2\/comments?post=7825"}],"version-history":[{"count":0,"href":"https:\/\/select-fotostudio.ch\/fr\/wp-json\/wp\/v2\/pages\/7825\/revisions"}],"wp:attachment":[{"href":"https:\/\/select-fotostudio.ch\/fr\/wp-json\/wp\/v2\/media?parent=7825"}],"curies":[{"name":"wp","href":"https:\/\/api.w.org\/{rel}","templated":true}]}}