{"id":7848,"date":"2025-03-28T09:21:45","date_gmt":"2025-03-28T09:21:45","guid":{"rendered":"https:\/\/select-fotostudio.ch\/st-gallen\/"},"modified":"2026-04-10T06:14:58","modified_gmt":"2026-04-10T06:14:58","slug":"st-gallen","status":"publish","type":"page","link":"https:\/\/select-fotostudio.ch\/fr\/fotostudios\/st-gallen\/","title":{"rendered":"Saint-Gall"},"content":{"rendered":"<div class=\"wpb-content-wrapper\"><p>[vc_section css=&#8221;.vc_custom_1723015140385{margin-top: 0px !important;margin-bottom: 0px !important;padding-top: 0px !important;padding-bottom: 0px !important;}&#8221;][vc_row css=&#8221;.vc_custom_1720685208197{margin-top: 0px !important;margin-bottom: 0px !important;padding-top: 0px !important;padding-bottom: 0px !important;}&#8221;][vc_column]\n\t\t\t<!-- START Studio St. Gallen REVOLUTION SLIDER 6.7.31 --><p class=\"rs-p-wp-fix\"><\/p>\n\t\t\t<rs-module-wrap id=\"rev_slider_23_1_wrapper\" data-source=\"gallery\" style=\"visibility:hidden;background:transparent;padding:0;margin:0px auto;margin-top:0;margin-bottom:0;\">\n\t\t\t\t<rs-module id=\"rev_slider_23_1\" style=\"\" data-version=\"6.7.31\">\n\t\t\t\t\t<rs-slides style=\"overflow: hidden; position: absolute;\">\n\t\t\t\t\t\t<rs-slide style=\"position: absolute;\" data-key=\"rs-47\" data-title=\"Slide\" data-anim=\"adpr:false;\" data-in=\"o:0;\" data-out=\"a:false;\">\n\t\t\t\t\t\t\t<img decoding=\"async\" src=\"\/\/select-fotostudio.ch\/wp-content\/plugins\/revslider\/sr6\/assets\/assets\/dummy.png\" alt=\"\" title=\"St_47.jpeg\" width=\"1920\" height=\"1080\" class=\"rev-slidebg tp-rs-img rs-lazyload\" data-lazyload=\"\/\/select-fotostudio.ch\/wp-content\/uploads\/revslider\/video-media\/St_47.jpeg\" data-no-retina>\n\t\t\t\t\t\t\t<rs-bgvideo \n\t\t\t\t\t\t\t\tdata-video=\"w:100%;h:100%;nse:false;l:true;ptimer:false;vfc:true;\"\n\t\t\t\t\t\t\t\tdata-mp4=\"\/\/select-fotostudio.ch\/wp-content\/uploads\/2020\/01\/St.Gallen.mp4\"\n\t\t\t\t\t\t\t><\/rs-bgvideo>\n<!---->\t\t\t\t\t<\/rs-slide>\n\t\t\t\t\t<\/rs-slides>\n\t\t\t\t<\/rs-module>\n\t\t\t\t<script>\n\t\t\t\t\tsetREVStartSize({c: 'rev_slider_23_1',rl:[1240,1024,778,480],el:[900,570,426,250],gw:[1920,1024,778,480],gh:[900,570,426,250],type:'hero',justify:'',layout:'fullwidth',mh:\"0\"});if (window.RS_MODULES!==undefined && window.RS_MODULES.modules!==undefined && window.RS_MODULES.modules[\"revslider231\"]!==undefined) {window.RS_MODULES.modules[\"revslider231\"].once = false;window.revapi23 = undefined;if (window.RS_MODULES.checkMinimal!==undefined) window.RS_MODULES.checkMinimal()}\n\t\t\t\t<\/script>\n\t\t\t<\/rs-module-wrap>\n\t\t\t<!-- END REVOLUTION SLIDER -->\n[\/vc_column][\/vc_row][\/vc_section][vc_section css=&#8221;.vc_custom_1731485544224{margin-top: 0px !important;margin-bottom: 0px !important;padding-top: 3% !important;padding-bottom: 4% !important;background-color: #ffffff !important;}&#8221;][vc_row animate_tablet=&#8221;true&#8221; animate_mobile=&#8221;true&#8221; css=&#8221;.vc_custom_1731485702053{margin-bottom: 0px !important;padding-top: 3vh !important;padding-bottom: 2% !important;}&#8221; effect=&#8221;fadeInUp&#8221;][vc_column el_class=&#8221;verlauf-schrift&#8221;][vc_column_text css=&#8221;.vc_custom_1731485187716{margin-bottom: 0px !important;padding-bottom: 0px !important;}&#8221;]<\/p>\n<h1>Studio photo Select <em>St. Gallen<\/em><\/h1>\n<p>[\/vc_column_text][vc_column_text css=&#8221;.vc_custom_1731485198946{margin-top: 0px !important;margin-bottom: 2vh !important;padding-top: 0px !important;padding-bottom: 0px !important;}&#8221;]<\/p>\n<h4>Votre studio photo pour les photos de candidature, les portraits d&#8217;affaires et les photos d&#8217;identit\u00e9<\/h4>\n<p>[\/vc_column_text][\/vc_column][\/vc_row][vc_row gap=&#8221;15&#8243; equal_height=&#8221;yes&#8221; content_placement=&#8221;middle&#8221; css=&#8221;.vc_custom_1729162114986{margin-top: 0px !important;padding-top: 0px !important;padding-bottom: 4vh !important;}&#8221;][vc_column width=&#8221;1\/2&#8243; animate_tablet=&#8221;true&#8221; animate_mobile=&#8221;true&#8221; css=&#8221;.vc_custom_1731485693089{margin-top: 0px !important;margin-right: 0px !important;margin-bottom: 0px !important;margin-left: 0px !important;padding-top: 0px !important;padding-right: 0px !important;padding-bottom: 0px !important;padding-left: 0px !important;}&#8221; offset=&#8221;vc_col-lg-6 vc_col-md-6 vc_col-sm-12 vc_col-xs-12&#8243; effect=&#8221;fadeInLeft&#8221;]<div  class=\"wpb_content_element   vc_custom_1720775614576 clearfix\"><style type=\"text\/css\">#ut_am_69f27b1621e5a { opacity: 1; }#ut_am_wrap_69f27b1621e5b img,#ut_am_wrap_69f27b1621e5b .ut-image-gallery-image-caption,#ut_am_wrap_69f27b1621e5b .ut-box-shadow-container,#ut_am_wrap_69f27b1621e5b .ut-box-shadow-container-inner,#ut_am_wrap_69f27b1621e5b .ut-block-revealer-element-container,#ut_am_wrap_69f27b1621e5b .ut-animated-image-zoom { -webkit-border-radius: 20px; -moz-border-radius: 20px; border-radius: 20px; }#ut_am_wrap_69f27b1621e5b .ut-image-gallery-item-caption-title h3 { letter-spacing: 0em; }#ut_am_wrap_69f27b1621e5b .ut-gallery-slider-caption { font-weight: bold; }#ut_am_wrap_69f27b1621e5b { text-align: left; }@media (min-width: 768px) and (max-width: 1024px) { #ut_am_wrap_69f27b1621e5b { text-align: left !important; } }@media (max-width: 767px) { #ut_am_wrap_69f27b1621e5b { text-align: center !important; } }<\/style><div id=\"ut_am_wrap_69f27b1621e5b\" class=\"ut-image-gallery-image \"><div id=\"ut_reveal_69f27b1621e5c\"  data-appear-top-offset=\"auto\" class=\"ut-animated-image-item ut-image-gallery-item ut-animation-done \"><a class=\"ut-deactivated-link\" href=\"#\"><div class=\"ut-animated-image-zoom\"><img decoding=\"async\" class=\"ut-lazy skip-lazy ut-animated-image \" id=\"ut_am_69f27b1621e5a\" src=\"data:image\/svg+xml;charset=utf-8,%3Csvg xmlns%3D&#039;http%3A%2F%2Fwww.w3.org%2F2000%2Fsvg&#039; viewBox%3D&#039;0 0 800 800&#039;%2F%3E\" data-src=\"https:\/\/select-fotostudio.ch\/wp-content\/uploads\/2024\/07\/select-fotostudio-st.gallen-mood.png\" width=\"800\" height=\"800\" alt=\"\" title=\"\"><\/div><\/a><\/div><\/div><\/div>[\/vc_column][vc_column width=&#8221;1\/2&#8243; animate_tablet=&#8221;true&#8221; animate_mobile=&#8221;true&#8221; css=&#8221;.vc_custom_1731485682236{border-top-width: 2px !important;border-right-width: 2px !important;border-bottom-width: 2px !important;border-left-width: 2px !important;padding-right: 5vh !important;padding-left: 5vh !important;background-color: linear-gradient(140deg, #fff1be 0%, #ffe7c0 100%) !important;border-radius: 20px !important;}&#8221; offset=&#8221;vc_col-lg-6 vc_col-md-6 vc_col-sm-12 vc_col-xs-12&#8243; effect=&#8221;fadeInRight&#8221;][vc_row_inner][vc_column_inner width=&#8221;1\/2&#8243; css=&#8221;.vc_custom_1729502043984{padding-bottom: 2vh !important;}&#8221;][vc_column_text css=&#8221;.vc_custom_1729165639063{margin-bottom: 0px !important;padding-bottom: 0px !important;}&#8221;]<\/p>\n<h5 style=\"color: #000;\">Horaires d&#8217;ouverture :<\/h5>\n<table style=\"border: 0; margin: 0 0 10px 0;\">\n<tbody>\n<tr>\n<td>Lundi<\/td>\n<td>11 &#8211; 19 heures<\/td>\n<\/tr>\n<tr>\n<td>Mardi<\/td>\n<td>11 &#8211; 19 heures<\/td>\n<\/tr>\n<tr>\n<td>Mercredi<\/td>\n<td>11 &#8211; 19 heures<\/td>\n<\/tr>\n<tr>\n<td>Jeudi<\/td>\n<td>11 &#8211; 19 heures<\/td>\n<\/tr>\n<tr>\n<td>Vendredi<\/td>\n<td>11 &#8211; 19 heures<\/td>\n<\/tr>\n<tr>\n<td>Samedi<\/td>\n<td>11 &#8211; 19 heures<\/td>\n<\/tr>\n<\/tbody>\n<\/table>\n<p><strong>Les s\u00e9ances photo ne sont possibles que <a href=\"https:\/\/select-fotostudio.ch\/fr\/reserver\/\">sur rendez-vous<\/a>!<\/strong>[\/vc_column_text][\/vc_column_inner][vc_column_inner width=&#8221;1\/2&#8243; css=&#8221;.vc_custom_1731487384321{margin-left: 0px !important;padding-left: 0px !important;}&#8221;][vc_column_text css=&#8221;.vc_custom_1729161098408{margin-bottom: 0px !important;}&#8221;]<\/p>\n<h5 style=\"color: #000;\">Contact :<\/h5>\n<p>[\/vc_column_text][vc_empty_space height=&#8221;15px&#8221;]<div class=\"wpb_content_element  vc_custom_1731487435277\"><style class=\"bklyn-inline-styles\" type=\"text\/css\">#ut_fl_69f27b1622735012592901.bklyn-fancy-list { font-size: 16px !important; }#ut_fl_69f27b1622735012592901.bklyn-fancy-list { line-height: 21px !important; }#ut_fl_69f27b1622735012592901 .bklyn-list li:not(:last-child) { margin-bottom: 15px; }#ut_fl_69f27b1622735012592901.bklyn-fancy-list li .fa { font-size: 20px; }#ut_fl_69f27b1622735012592901 .fa { color: #000000; }#ut_fl_69f27b1622735012592901 a .fa { color: #000000; }#ut_fl_69f27b1622735012592901 a:visited .fa { color: #000000; }#ut_fl_69f27b1622735012592901 { color: #000000; }#ut_fl_69f27b1622735012592901 a { color: #000000; }#ut_fl_69f27b1622735012592901 a:visited { color: #000000; }<\/style><div id=\"ut_fl_69f27b1622735012592901\" class=\"bklyn-fancy-list  bklyn-fancy-list-left bklyn-fancy-list-tablet-left bklyn-fancy-list-mobile-left\"><ul class=\"bklyn-list bklyn-list-style-none\" data-appear-top-offset=\"almost\"><li class=\"bklyn-list-item-space-xsmall bklyn-fancy-list-item-has-icon bklyn-fancy-list-item-has-icon-center\"><a title=\"\" href=\"https:\/\/www.google.ch\/maps\/place\/Select+Fotostudio+St.+Gallen+(Bewerbungsfotos+%26+Businessportr\u00e4ts)\/@47.4217278,9.3672705,17z\/data=!3m1!4b1!4m6!3m5!1s0x479b1f8f6d58ecd3:0x492ca166c38f07d!8m2!3d47.4217278!4d9.3694592!16s%2Fg%2F11txclz0kv\" target=\"_self\" rel=\"noopener\"><i class=\"fa-solid fa-map-marker-alt\"><\/i><div class=\"bklyn-fancy-list-content\"><span><strong>Adresse :<\/strong> St. Leonhard-Strasse 45 | 9000 St. Gallen<\/span><\/div><\/a><\/li><li class=\"bklyn-list-item-space-xsmall bklyn-fancy-list-item-has-icon bklyn-fancy-list-item-has-icon-center\"><i class=\"fa-solid fa-envelope\"><\/i><div class=\"bklyn-fancy-list-content\"><span><strong>Courrier \u00e9lectronique :<\/strong> sg@select-fotostudio.ch<\/span><\/div><\/a><\/li><li class=\"bklyn-list-item-space-xsmall bklyn-fancy-list-item-has-icon bklyn-fancy-list-item-has-icon-center\"><i class=\"fa-solid fa-phone\"><\/i><div class=\"bklyn-fancy-list-content\"><span><strong>T\u00e9l\u00e9phone :<\/strong> +41 58 520 29 00<\/span><\/div><\/a><\/li><\/ul><\/div><\/div>[\/vc_column_inner][\/vc_row_inner]<div class=\"wpb_content_element  vc_custom_1729161180529\"><style type=\"text\/css\">#ut_sc_69f27b162281b .ut-service-column h6 { color: #000000; }#ut_sc_69f27b162281b .ut-service-column.ut-service-column-horiz h6 { font-size:16px !important;line-height:22px !important; }@media (max-width: 767px) {#ut_sc_69f27b162281b .ut-service-column.ut-service-column-horiz h6 { font-size:16px !important; }}#ut_sc_69f27b162281b .ut-service-column.ut-service-column-horiz p { font-size:15px !important;line-height:14px !important;letter-spacing:-0.0em; }#ut_sc_69f27b162281b .ut-service-column p { color: #000000; }#ut_sc_69f27b162281b .ut-service-column a.ut-service-column-link { font-size: 12px; }#ut-svg-69f27b162281c { display:none; }#ut-svg-69f27b162281c.ut-svg-loaded { display:block; }#ut-svg-69f27b162281c path { stroke:rgba(255, 214, 0, 1); }<\/style><div id=\"ut_sc_69f27b162281b\"  class=\"ut-horizontal-style ut-horizontal-style-align-left  clearfix \" ><figure class=\"ut-service-icon  ut-service-icon-normal ut-service-icon-small\"><i style=\"color: #000000;\" class=\"fa fa fa-solid fa fa-wheelchair\"><\/i><\/figure><div class=\"ut-service-column ut-service-column-horiz\"><h6 data-responsive-font=\"h6\" data-responsive-font-settings=\"{&quot;base-font-size&quot;:&quot;global&quot;,&quot;font-size&quot;:{&quot;desktop_large&quot;:&quot;16&quot;,&quot;mobile&quot;:&quot;16&quot;},&quot;base-line-height&quot;:&quot;global&quot;,&quot;line-height&quot;:{&quot;desktop_large&quot;:&quot;22&quot;},&quot;base-letter-spacing&quot;:&quot;global&quot;}\">accessible aux personnes en fauteuil roulant sur r\u00e9servation (entr\u00e9e arri\u00e8re)<\/h6><\/div><\/div><\/div><style type=\"text\/css\">#bklyn_btn_69f27b1626539 .bklyn-btn { color:#ffffff !important; background: none;background-image: -webkit-linear-gradient(to left, #ffcd00 0%, #ff9300 100%);background-image: -moz-linear-gradient(to left, #ffcd00 0%, #ff9300 100%);background-image: -o-linear-gradient(to left, #ffcd00 0%, #ff9300 100%);background-image: linear-gradient(to left, #ffcd00 0%, #ff9300 100%); }#bklyn_btn_69f27b1626539 .bklyn-btn:hover{ color:#000000 !important; background-color:#ff9300 !important; }#bklyn_btn_69f27b1626539 .bklyn-btn:focus{ color:#000000 !important; background-color:#ff9300 !important; }#bklyn_btn_69f27b1626539 .bklyn-btn:active { color:#000000 !important; background-color:#ff9300 !important; }#bklyn_btn_69f27b1626539 .bklyn-btn::after{ color:#000000 !important; }#bklyn_btn_69f27b1626539 a.bklyn-btn { font-weight:600 !important; }#bklyn_btn_69f27b1626539.bklyn-btn-header a.bklyn-btn { font-weight:600 !important; }#bklyn_btn_69f27b1626539.bklyn-btn-header a.bklyn-btn span { font-weight:600 !important; }#bklyn_btn_69f27b1626539 a.bklyn-btn { text-transform:none !important; }#bklyn_btn_69f27b1626539.bklyn-btn-holder a { margin-bottom:20px;padding-top:12px;padding-bottom:12px }#bklyn_btn_69f27b1626539 a.bklyn-btn-effect-winona::after { margin-bottom:20px;padding-top:12px;padding-bottom:12px }<\/style><div id=\"bklyn_btn_69f27b1626539\" class=\"bklyn-btn-holder  bklyn-btn-center bklyn-btn-tablet-center bklyn-btn-mobile-center bklyn-btn-holder-contains-fuild-button\"><a title=\"R\u00e9server un rendez-vous\" data-text=\"R\u00e9server un rendez-vous\" href=\"https:\/\/select-fotostudio.ch\/fr\/reserver\/?booking=st-gallen__termin-buchen-button__fr\" target=\"_self\" class=\"bklyn-btn  bklyn-btn-with-effect bklyn-btn-effect-winona bklyn-btn-full bklyn-btn-normal\"><span class=\"ut-btn-text\"><span>R\u00e9server un rendez-vous<\/span><\/span><\/a><\/div>[vc_empty_space height=&#8221;30px&#8221;][\/vc_column][\/vc_row][vc_row content_placement=&#8221;middle&#8221; animate_tablet=&#8221;true&#8221; animate_mobile=&#8221;true&#8221; css=&#8221;.vc_custom_1731485718005{margin-top: 0px !important;margin-bottom: 0px !important;padding-top: 0px !important;padding-bottom: 0px !important;}&#8221; effect=&#8221;fadeInUp&#8221;][vc_column width=&#8221;1\/3&#8243;]<div class=\"wpb_content_element \"><style type=\"text\/css\">#ut_sc_69f27b16265cf .ut-service-column h5 { color: #000000; }#ut_sc_69f27b16265cf .ut-service-column.ut-service-column-horiz h5 { font-size:20px !important;line-height:30px !important; }@media (max-width: 767px) {#ut_sc_69f27b16265cf .ut-service-column.ut-service-column-horiz h5 { font-size:18px !important; }}#ut_sc_69f27b16265cf .ut-service-column.ut-service-column-horiz p { font-size:15px !important;line-height:14px !important;letter-spacing:-0.0em; }#ut_sc_69f27b16265cf .ut-service-column p { color: #000000; }#ut_sc_69f27b16265cf .ut-service-column a.ut-service-column-link { font-size: 12px; }#ut-svg-69f27b16265d0 { display:none; }#ut-svg-69f27b16265d0.ut-svg-loaded { display:block; }#ut-svg-69f27b16265d0 path { stroke:rgba(255, 214, 0, 1); }<\/style><div id=\"ut_sc_69f27b16265cf\"  class=\"ut-horizontal-style ut-horizontal-style-align-left  clearfix \" ><figure class=\"ut-service-icon  ut-service-icon-normal ut-service-icon-small\"><i style=\"color: #ffd502;\" class=\"fa fa fa-solid fa fa-check-circle\"><\/i><\/figure><div class=\"ut-service-column ut-service-column-horiz\"><h5 data-responsive-font=\"h5\" data-responsive-font-settings=\"{&quot;base-font-size&quot;:&quot;global&quot;,&quot;font-size&quot;:{&quot;desktop_large&quot;:&quot;20&quot;,&quot;mobile&quot;:&quot;18&quot;},&quot;base-line-height&quot;:&quot;global&quot;,&quot;line-height&quot;:{&quot;desktop_large&quot;:&quot;30&quot;},&quot;base-letter-spacing&quot;:&quot;global&quot;}\">directement \u00e0 la gare de Saint-Gall<\/h5><\/div><\/div><\/div>[\/vc_column][vc_column width=&#8221;1\/3&#8243;]<div class=\"wpb_content_element \"><style type=\"text\/css\">#ut_sc_69f27b1626670 .ut-service-column h5 { color: #000000; }#ut_sc_69f27b1626670 .ut-service-column.ut-service-column-horiz h5 { font-size:20px !important;line-height:30px !important; }@media (max-width: 767px) {#ut_sc_69f27b1626670 .ut-service-column.ut-service-column-horiz h5 { font-size:18px !important; }}#ut_sc_69f27b1626670 .ut-service-column.ut-service-column-horiz p { font-size:15px !important;line-height:14px !important;letter-spacing:-0.0em; }#ut_sc_69f27b1626670 .ut-service-column p { color: #000000; }#ut_sc_69f27b1626670 .ut-service-column p { margin-top: -5px; }#ut_sc_69f27b1626670 .ut-service-column a.ut-service-column-link { font-size: 12px; }#ut-svg-69f27b1626671 { display:none; }#ut-svg-69f27b1626671.ut-svg-loaded { display:block; }#ut-svg-69f27b1626671 path { stroke:rgba(255, 214, 0, 1); }<\/style><div id=\"ut_sc_69f27b1626670\"  class=\"ut-horizontal-style ut-horizontal-style-align-left  clearfix \" ><figure class=\"ut-service-icon  ut-service-icon-normal ut-service-icon-small\"><i style=\"color: #ffd502;\" class=\"fa fa fa-solid fa fa-check-circle\"><\/i><\/figure><div class=\"ut-service-column ut-service-column-horiz\"><h5 data-responsive-font=\"h5\" data-responsive-font-settings=\"{&quot;base-font-size&quot;:&quot;global&quot;,&quot;font-size&quot;:{&quot;desktop_large&quot;:&quot;20&quot;,&quot;mobile&quot;:&quot;18&quot;},&quot;base-line-height&quot;:&quot;global&quot;,&quot;line-height&quot;:{&quot;desktop_large&quot;:&quot;30&quot;},&quot;base-letter-spacing&quot;:&quot;global&quot;}\">\u00e9quipement moderne et de haute technologie<\/h5><\/div><\/div><\/div>[\/vc_column][vc_column width=&#8221;1\/3&#8243;]<div class=\"wpb_content_element \"><style type=\"text\/css\">#ut_sc_69f27b16266e9 .ut-service-column h5 { color: #000000; }#ut_sc_69f27b16266e9 .ut-service-column.ut-service-column-horiz h5 { font-size:20px !important;line-height:30px !important; }@media (max-width: 767px) {#ut_sc_69f27b16266e9 .ut-service-column.ut-service-column-horiz h5 { font-size:18px !important; }}#ut_sc_69f27b16266e9 .ut-service-column.ut-service-column-horiz p { font-size:15px !important;line-height:14px !important;letter-spacing:-0.0em; }#ut_sc_69f27b16266e9 .ut-service-column p { color: #000000; }#ut_sc_69f27b16266e9 .ut-service-column p { margin-top: -5px; }#ut_sc_69f27b16266e9 .ut-service-column a.ut-service-column-link { font-size: 12px; }#ut-svg-69f27b16266ea { display:none; }#ut-svg-69f27b16266ea.ut-svg-loaded { display:block; }#ut-svg-69f27b16266ea path { stroke:rgba(255, 214, 0, 1); }<\/style><div id=\"ut_sc_69f27b16266e9\"  class=\"ut-horizontal-style ut-horizontal-style-align-left  clearfix \" ><figure class=\"ut-service-icon  ut-service-icon-normal ut-service-icon-small\"><i style=\"color: #ffd502;\" class=\"fa fa fa-solid fa fa-check-circle\"><\/i><\/figure><div class=\"ut-service-column ut-service-column-horiz\"><h5 data-responsive-font=\"h5\" data-responsive-font-settings=\"{&quot;base-font-size&quot;:&quot;global&quot;,&quot;font-size&quot;:{&quot;desktop_large&quot;:&quot;20&quot;,&quot;mobile&quot;:&quot;18&quot;},&quot;base-line-height&quot;:&quot;global&quot;,&quot;line-height&quot;:{&quot;desktop_large&quot;:&quot;30&quot;},&quot;base-letter-spacing&quot;:&quot;global&quot;}\">de multiples possibilit\u00e9s de shooting<\/h5><\/div><\/div><\/div>[\/vc_column][\/vc_row][vc_row animate_tablet=&#8221;true&#8221; animate_mobile=&#8221;true&#8221; css=&#8221;.vc_custom_1731485738205{margin-top: 0px !important;margin-bottom: 0px !important;padding-top: 2vh !important;padding-bottom: 0px !important;}&#8221; effect=&#8221;fadeInUp&#8221;][vc_column css=&#8221;.vc_custom_1729165772104{margin-top: 0px !important;margin-bottom: 0px !important;padding-top: 0px !important;padding-bottom: 0px !important;}&#8221;][vc_column_text css=&#8221;.vc_custom_1729166045958{padding-top: 3vh !important;}&#8221;]<\/p>\n<h3 style=\"text-align: center;\">Comment nous trouver<\/h3>\n<p>[\/vc_column_text][\/vc_column][\/vc_row][vc_row content_placement=&#8221;middle&#8221; animate_tablet=&#8221;true&#8221; animate_mobile=&#8221;true&#8221; css=&#8221;.vc_custom_1731485749415{margin-top: 0px !important;margin-bottom: 0px !important;padding-top: 0px !important;padding-bottom: 4% !important;}&#8221; effect=&#8221;fadeInUp&#8221;][vc_column width=&#8221;1\/2&#8243; offset=&#8221;vc_col-lg-offset-2 vc_col-lg-4 vc_col-md-offset-2 vc_col-md-4 vc_col-sm-offset-0 vc_col-sm-6 vc_col-xs-offset-1 vc_col-xs-10&#8243;]<div  class=\"wpb_content_element   clearfix\"><style type=\"text\/css\">#ut_am_69f27b1626de6 { opacity: 1; }#ut_am_wrap_69f27b1626de7 img,#ut_am_wrap_69f27b1626de7 .ut-image-gallery-image-caption,#ut_am_wrap_69f27b1626de7 .ut-box-shadow-container,#ut_am_wrap_69f27b1626de7 .ut-box-shadow-container-inner,#ut_am_wrap_69f27b1626de7 .ut-block-revealer-element-container,#ut_am_wrap_69f27b1626de7 .ut-animated-image-zoom { -webkit-border-radius: 10px; -moz-border-radius: 10px; border-radius: 10px; }#ut_am_wrap_69f27b1626de7 .ut-image-gallery-item-caption-title h3 { letter-spacing: 0em; }#ut_am_wrap_69f27b1626de7 .ut-gallery-slider-caption { font-weight: bold; }#ut_am_69f27b1626de6 .ut-box-shadow-container-inner { color: rgba(10,10,10,0.2); }.ut-box-shadow-8:before, .ut-box-shadow-8:after {-webkit-box-shadow:0 0 20px rgba(10,10,10,0.2); -moz-box-shadow:0 0 20px rgba(10,10,10,0.2);box-shadow:0 0 20px rgba(10,10,10,0.2);}#ut_am_wrap_69f27b1626de7 .ut-box-shadow-container-inner { background: #fedb78; }#ut_am_wrap_69f27b1626de7 { text-align: center; }@media (min-width: 768px) and (max-width: 1024px) { #ut_am_wrap_69f27b1626de7 { text-align: center !important; } }@media (max-width: 767px) { #ut_am_wrap_69f27b1626de7 { text-align: center !important; } }<\/style><div id=\"ut_am_wrap_69f27b1626de7\" class=\"ut-image-gallery-image \"><div id=\"ut_reveal_69f27b1626de8\"  data-appear-top-offset=\"auto\" class=\"ut-animated-image-item ut-image-gallery-item ut-animation-done \"><a target=\"_self\" href=\"https:\/\/www.google.ch\/maps\/place\/Select+Fotostudio+St.+Gallen+(Bewerbungsfotos++Businessportr\u00e4ts)\/@47.4217278,9.3672705,17z\/data=!3m1!4b1!4m6!3m5!1s0x479b1f8f6d58ecd3:0x492ca166c38f07d!8m2!3d47.4217278!4d9.3694592!16sg11txclz0kv\" rel=\"noopener\"><div class=\"ut-box-shadow-container ut-box-shadow-8\"><div class=\"ut-box-shadow-container-inner\"><\/div><\/div><div class=\"ut-animated-image-zoom\"><img decoding=\"async\" class=\"ut-lazy skip-lazy ut-animated-image \" id=\"ut_am_69f27b1626de6\" src=\"data:image\/svg+xml;charset=utf-8,%3Csvg xmlns%3D&#039;http%3A%2F%2Fwww.w3.org%2F2000%2Fsvg&#039; viewBox%3D&#039;0 0 1223 815&#039;%2F%3E\" data-src=\"https:\/\/select-fotostudio.ch\/wp-content\/uploads\/2023\/04\/St-Gallen-Fotostudio-1.jpg\" width=\"1223\" height=\"815\" alt=\"\" title=\"\"><\/div><\/a><\/div><\/div><\/div>[\/vc_column][vc_column width=&#8221;1\/2&#8243; offset=&#8221;vc_col-lg-offset-0 vc_col-lg-4 vc_col-md-offset-0 vc_col-md-4 vc_col-sm-offset-0 vc_col-sm-6 vc_col-xs-offset-1 vc_col-xs-10&#8243;][vc_column_text]<strong>Acc\u00e8s en tram\/bus<\/strong><br \/>\nLe Select Fotostudio St. Gallen est situ\u00e9 juste \u00e0 c\u00f4t\u00e9 de la gare de St.<\/p>\n<p><strong>Acc\u00e8s en voiture<\/strong><br \/>\nVeuillez noter que les places de parking sont limit\u00e9es. Nous recommandons le &#8216;City Parking&#8217;.[\/vc_column_text][\/vc_column][\/vc_row][vc_row css=&#8221;.vc_custom_1731485373824{margin-top: 0px !important;margin-bottom: 0px !important;padding-top: 0px !important;padding-bottom: 0px !important;}&#8221;][vc_column]<div class=\"templatera_shortcode\"><style type=\"text\/css\" data-type=\"vc_shortcodes-custom-css\">.vc_custom_1729506374281{margin-bottom: 4vh !important;padding-top: 4% !important;padding-bottom: 4% !important;background-color: linear-gradient(to right, #ffcc01 0%, #ff9e03 100%) !important;border-radius: 25px !important;}.vc_custom_1730276441100{padding-top: 2% !important;padding-right: 3% !important;padding-bottom: 0% !important;padding-left: 5% !important;}.vc_custom_1730276580027{padding-top: 2% !important;padding-right: 10% !important;padding-bottom: 2% !important;padding-left: 10% !important;}.vc_custom_1729157449261{margin-bottom: 0px !important;padding-top: 2% !important;padding-bottom: 0px !important;}.vc_custom_1732269545116{margin-top: 0px !important;margin-bottom: 0px !important;padding-top: 2% !important;padding-bottom: 2% !important;}.vc_custom_1769065983765{margin-top: 0px !important;margin-bottom: 0px !important;padding-top: 2% !important;padding-right: 12% !important;padding-bottom: 4% !important;padding-left: 12% !important;}.vc_custom_1732269661284{margin-top: 0px !important;margin-bottom: 0px !important;padding-top: 0px !important;padding-right: 10% !important;padding-bottom: 4% !important;padding-left: 10% !important;}.vc_custom_1729157217594{margin-top: 0px !important;margin-bottom: 0px !important;padding-top: 0px !important;padding-bottom: 0px !important;}.vc_custom_1732269679588{margin-top: 0px !important;margin-bottom: 0px !important;padding-top: 2% !important;padding-bottom: 2% !important;}<\/style><div id=\"ut-row-69f27b165f7d5\" class=\"vc_row wpb_row vc_row-fluid schatten-zeile vc_row-has-fill vc_column-gap-0 vc_row-o-equal-height vc_row-o-content-middle vc_row-flex ut-row-69f27b165f7de\" ><div class=\"light wpb_column vc_column_container vc_col-sm-6 ut-animate-element animated\" data-effect=\"fadeInLeft\" data-animateonce=\"yes\" data-delay=\"0\" data-animation-duration=\"1s\"><div id=\"ut_inner_column_69f27b1661920\" class=\"vc_column-inner \" ><div class=\"wpb_wrapper\"><div  class=\"wpb_content_element   vc_custom_1729157449261 clearfix\"><style type=\"text\/css\">#ut_am_69f27b16623a4 { opacity: 1; }#ut_am_wrap_69f27b16623a6 .ut-image-gallery-item-caption-title h3 { letter-spacing: 0em; }#ut_am_wrap_69f27b16623a6 .ut-gallery-slider-caption { font-weight: bold; }#ut_am_wrap_69f27b16623a6 { text-align: center; }@media (min-width: 768px) and (max-width: 1024px) { #ut_am_wrap_69f27b16623a6 { text-align: center !important; } }@media (max-width: 767px) { #ut_am_wrap_69f27b16623a6 { text-align: center !important; } }<\/style><div id=\"ut_am_wrap_69f27b16623a6\" class=\"ut-image-gallery-image \"><div id=\"ut_reveal_69f27b16623a7\"  data-appear-top-offset=\"auto\" class=\"ut-animated-image-item ut-image-gallery-item ut-animation-done \"><a class=\"ut-deactivated-link\" href=\"#\"><div class=\"ut-animated-image-zoom\"><img decoding=\"async\" class=\"ut-lazy skip-lazy ut-animated-image \" id=\"ut_am_69f27b16623a4\" src=\"data:image\/svg+xml;charset=utf-8,%3Csvg xmlns%3D&#039;http%3A%2F%2Fwww.w3.org%2F2000%2Fsvg&#039; viewBox%3D&#039;0 0 50 600&#039;%2F%3E\" data-src=\"https:\/\/select-fotostudio.ch\/wp-content\/uploads\/2024\/10\/Gruppe-22.png\" width=\"50\" height=\"\" alt=\"\" title=\"\"><\/div><\/a><\/div><\/div><\/div>\r\n\t<div class=\"wpb_text_column wpb_content_element vc_custom_1732269545116\" >\r\n\t\t<div class=\"wpb_wrapper\">\r\n\t\t\t<h3 style=\"text-align: center;\">100%<br \/>\nGarantie de remboursement<\/h3>\n\r\n\t\t<\/div>\r\n\t<\/div>\r\n\r\n\t<div class=\"wpb_text_column wpb_content_element vc_custom_1769065983765\" >\r\n\t\t<div class=\"wpb_wrapper\">\r\n\t\t\t<p style=\"text-align: center;\">Testez les studios photo Select \u00e0 Zurich, sans risque avec notre garantie de satisfaction.<\/p>\n\r\n\t\t<\/div>\r\n\t<\/div>\r\n<style type=\"text\/css\">#bklyn_btn_69f27b16628c7 .bklyn-btn { color:#ffffff !important; border-color:#ffffff !important; border-width:2px !important; }#bklyn_btn_69f27b16628c7 .bklyn-btn:hover{ color:#efac37 !important; border-color:#ffffff !important; background-color:#ffffff !important; }#bklyn_btn_69f27b16628c7 .bklyn-btn:focus{ color:#efac37 !important; border-color:#ffffff !important; background-color:#ffffff !important; }#bklyn_btn_69f27b16628c7 .bklyn-btn:active { color:#efac37 !important; border-color:#ffffff !important; background-color:#ffffff !important; }#bklyn_btn_69f27b16628c7 a.bklyn-btn { font-weight:600 !important; }#bklyn_btn_69f27b16628c7.bklyn-btn-header a.bklyn-btn { font-weight:600 !important; }#bklyn_btn_69f27b16628c7.bklyn-btn-header a.bklyn-btn span { font-weight:600 !important; }<\/style><div id=\"bklyn_btn_69f27b16628c7\" class=\"bklyn-btn-holder  bklyn-btn-center bklyn-btn-tablet-center bklyn-btn-mobile-center\"><a title=\"R\u00e9server un rendez-vous\" href=\"https:\/\/select-fotostudio.ch\/fr\/agb\/\" target=\"_self\" class=\"bklyn-btn  bklyn-btn-outline bklyn-btn-normal\"><span class=\"ut-btn-text\">En savoir plus<\/span><\/a><\/div><\/div><\/div><style type=\"text\/css\">#ut_inner_column_69f27b1661920{padding-top: 2% !important;padding-right: 3% !important;padding-bottom: 0% !important;padding-left: 5% !important;background-position:center center !important;;}<\/style><\/div><div class=\"light wpb_column vc_column_container vc_col-sm-6 vc_hidden-sm vc_hidden-xs ut-animate-element animated\" data-effect=\"fadeInRight\" data-animateonce=\"yes\" data-delay=\"0\" data-animation-duration=\"1s\"><div id=\"ut_inner_column_69f27b1662a42\" class=\"vc_column-inner \" ><div class=\"wpb_wrapper\">\r\n\t<div class=\"wpb_text_column wpb_content_element vc_custom_1732269661284\" >\r\n\t\t<div class=\"wpb_wrapper\">\r\n\t\t\t<p style=\"text-align: center;\"><em>\"Bonjour, je suis responsable de vous rendre heureux \u00e0 100%. Si ce n'est pas le cas, appelez-moi. Je te promets une super photo\".  <\/em><\/p>\n\r\n\t\t<\/div>\r\n\t<\/div>\r\n<div  class=\"wpb_content_element   vc_custom_1729157217594 clearfix\"><style type=\"text\/css\">#ut_am_69f27b166323b { opacity: 1; }#ut_am_wrap_69f27b166323c .ut-image-gallery-item-caption-title h3 { letter-spacing: 0em; }#ut_am_wrap_69f27b166323c .ut-gallery-slider-caption { font-weight: bold; }#ut_am_wrap_69f27b166323c { text-align: center; }@media (min-width: 768px) and (max-width: 1024px) { #ut_am_wrap_69f27b166323c { text-align: center !important; } }@media (max-width: 767px) { #ut_am_wrap_69f27b166323c { text-align: center !important; } }<\/style><div id=\"ut_am_wrap_69f27b166323c\" class=\"ut-image-gallery-image \"><div id=\"ut_reveal_69f27b166323d\"  data-appear-top-offset=\"auto\" class=\"ut-animated-image-item ut-image-gallery-item ut-animation-done \"><a class=\"ut-deactivated-link\" href=\"#\"><div class=\"ut-animated-image-zoom\"><img decoding=\"async\" class=\"ut-lazy skip-lazy ut-animated-image \" id=\"ut_am_69f27b166323b\" src=\"data:image\/svg+xml;charset=utf-8,%3Csvg xmlns%3D&#039;http%3A%2F%2Fwww.w3.org%2F2000%2Fsvg&#039; viewBox%3D&#039;0 0 250 250&#039;%2F%3E\" data-src=\"https:\/\/select-fotostudio.ch\/wp-content\/uploads\/2024\/07\/Sharon_Kreis-1.png\" width=\"250\" height=\"250\" alt=\"\" title=\"\"><\/div><\/a><\/div><\/div><\/div>\r\n\t<div class=\"wpb_text_column wpb_content_element vc_custom_1732269679588\" >\r\n\t\t<div class=\"wpb_wrapper\">\r\n\t\t\t<h6 style=\"text-align: center;\">Sharon Stucki<br \/>\n<em>Responsable de studio Select Fotostudios<\/em><\/h6>\n\r\n\t\t<\/div>\r\n\t<\/div>\r\n<\/div><\/div><style type=\"text\/css\">#ut_inner_column_69f27b1662a42{padding-top: 2% !important;padding-right: 10% !important;padding-bottom: 2% !important;padding-left: 10% !important;}<\/style><\/div><style type=\"text\/css\">.ut-row-69f27b165f7de{background-image:  -webkit- linear-gradient(to right, #ffcc01 0%, #ff9e03 100%) !important  ;background-image:  -moz- linear-gradient(to right, #ffcc01 0%, #ff9e03 100%) !important  ;background-image:  -o- linear-gradient(to right, #ffcc01 0%, #ff9e03 100%) !important  ;background-image:   linear-gradient(to right, #ffcc01 0%, #ff9e03 100%) !important  ;}#ut-row-69f27b165f7d5{margin-bottom: 4vh !important;padding-top: 4% !important;padding-bottom: 4% !important;background-color: linear-gradient(to right, #ffcc01 0%, #ff9e03 100%) !important;border-radius: 25px !important;} <\/style><\/div><div class=\"vc_row-full-width vc_clearfix\"><\/div><\/div>[\/vc_column][\/vc_row][\/vc_section][vc_section css=&#8221;.vc_custom_1729166833907{margin-top: 0px !important;padding-top: 4vh !important;background-color: linear-gradient(to top, #000000 0%, #2a2c2f 100%) !important;}&#8221;][vc_row animate_tablet=&#8221;true&#8221; animate_mobile=&#8221;true&#8221; css=&#8221;.vc_custom_1731485822306{margin-bottom: 0px !important;padding-top: 3vh !important;padding-bottom: 0px !important;}&#8221; el_class=&#8221;light&#8221; effect=&#8221;fadeInUp&#8221;][vc_column el_class=&#8221;verlauf-schrift&#8221;][vc_column_text]<\/p>\n<h2>Votre studio photo pour les <em>photos de candidature, les portraits d&#8217;affaires et les photos d&#8217;identit\u00e9<\/em><\/h2>\n<p>[\/vc_column_text][vc_column_text]Notre studio photo \u00e0 Saint-Gall dispose d&#8217;un \u00e9quipement moderne et de nombreuses options de shooting. Nous sommes \u00e9galement tr\u00e8s bien \u00e9quip\u00e9s pour les portraits d&#8217;entreprise et les photos d&#8217;employ\u00e9s et nous avons de nombreux clients satisfaits dans ce domaine. Nos photographes locaux passent en revue le shooting avec vous, \u00e9tape par \u00e9tape, avant de commencer. Du stylisme \u00e0 la tenue, nous nous assurons que la nouvelle photo de candidature vous fera plaisir et vous mettra sous le meilleur jour possible.[\/vc_column_text][\/vc_column][\/vc_row][vc_row gap=&#8221;20&#8243; equal_height=&#8221;yes&#8221; animate_tablet=&#8221;true&#8221; animate_mobile=&#8221;true&#8221; el_class=&#8221;mobileslider&#8221; css=&#8221;.vc_custom_1731485835104{margin-top: 0px !important;margin-bottom: 0px !important;padding-top: 0px !important;padding-bottom: 0px !important;}&#8221; effect=&#8221;fadeInUp&#8221;][vc_column width=&#8221;1\/3&#8243; css=&#8221;.vc_custom_1729162698083{margin-top: 0px !important;margin-right: 0px !important;margin-bottom: 0px !important;margin-left: 0px !important;padding-top: 0px !important;padding-right: 0px !important;padding-bottom: 0px !important;padding-left: 0px !important;background-color: linear-gradient(140deg, #fff1be 0%, #ffe7c0 100%) !important;border-radius: 20px !important;}&#8221; el_class=&#8221;teaser-card&#8221;]<div  class=\"wpb_content_element   vc_custom_1724837305355 clearfix\"><style type=\"text\/css\">#ut_am_69f27b1663c78 { opacity: 1; }#ut_am_wrap_69f27b1663c79 .ut-image-gallery-item-caption-title h3 { letter-spacing: 0em; }#ut_am_wrap_69f27b1663c79 .ut-gallery-slider-caption { font-weight: bold; }#ut_am_wrap_69f27b1663c79 { text-align: left; }@media (min-width: 768px) and (max-width: 1024px) { #ut_am_wrap_69f27b1663c79 { text-align: left !important; } }@media (max-width: 767px) { #ut_am_wrap_69f27b1663c79 { text-align: center !important; } }<\/style><div id=\"ut_am_wrap_69f27b1663c79\" class=\"ut-image-gallery-image bildabgerundet\"><div id=\"ut_reveal_69f27b1663c7a\"  data-appear-top-offset=\"auto\" class=\"ut-animated-image-item ut-image-gallery-item ut-animation-done \"><a class=\"ut-deactivated-link\" href=\"#\"><div class=\"ut-animated-image-zoom\"><img decoding=\"async\" class=\"ut-lazy skip-lazy ut-animated-image \" id=\"ut_am_69f27b1663c78\" src=\"data:image\/svg+xml;charset=utf-8,%3Csvg xmlns%3D&#039;http%3A%2F%2Fwww.w3.org%2F2000%2Fsvg&#039; viewBox%3D&#039;0 0 800 449&#039;%2F%3E\" data-src=\"https:\/\/select-fotostudio.ch\/wp-content\/uploads\/2020\/03\/portrait_manager_bern.jpg\" width=\"800\" height=\"449\" alt=\"Fotostudio f\u00fcr Bewerbungsfotos\" title=\"\"><\/div><\/a><\/div><\/div><\/div>[vc_column_text css=&#8221;.vc_custom_1724837586363{padding-top: 25px !important;padding-right: 15px !important;padding-left: 15px !important;}&#8221;]<\/p>\n<h4 style=\"text-align: center;\">Photos de candidature<\/h4>\n<p style=\"text-align: center;\">Avec une photo portrait professionnelle de notre part, vous ferez bonne impression sur votre dossier de candidature.<\/p>\n<p>[\/vc_column_text]<style type=\"text\/css\">#bklyn_btn_69f27b1663cf9 .bklyn-btn { color:#ffffff !important; background: none;background-image: -webkit-linear-gradient(to left, #ffcd00 0%, #ff9300 100%);background-image: -moz-linear-gradient(to left, #ffcd00 0%, #ff9300 100%);background-image: -o-linear-gradient(to left, #ffcd00 0%, #ff9300 100%);background-image: linear-gradient(to left, #ffcd00 0%, #ff9300 100%); }#bklyn_btn_69f27b1663cf9 .bklyn-btn:hover{ color:#000000 !important; background-color:#ff9f06 !important; }#bklyn_btn_69f27b1663cf9 .bklyn-btn:focus{ color:#000000 !important; background-color:#ff9f06 !important; }#bklyn_btn_69f27b1663cf9 .bklyn-btn:active { color:#000000 !important; background-color:#ff9f06 !important; }#bklyn_btn_69f27b1663cf9 .bklyn-btn::after{ color:#000000 !important; }#bklyn_btn_69f27b1663cf9 a.bklyn-btn { font-weight:bold !important; }#bklyn_btn_69f27b1663cf9.bklyn-btn-header a.bklyn-btn { font-weight:bold !important; }#bklyn_btn_69f27b1663cf9.bklyn-btn-header a.bklyn-btn span { font-weight:bold !important; }<\/style><div id=\"bklyn_btn_69f27b1663cf9\" class=\"bklyn-btn-holder  bklyn-btn-center bklyn-btn-tablet-center bklyn-btn-mobile-center\"><a title=\"\" data-text=\"En savoir plus\" href=\"https:\/\/select-fotostudio.ch\/fr\/#section-shootingundpreise\" target=\"_self\" class=\"bklyn-btn  bklyn-btn-with-effect bklyn-btn-effect-winona bklyn-btn-normal\"><span class=\"ut-btn-text\"><span>En savoir plus<\/span><\/span><\/a><\/div>[\/vc_column][vc_column width=&#8221;1\/3&#8243; css=&#8221;.vc_custom_1729162728414{margin-top: 0px !important;margin-right: 0px !important;margin-bottom: 0px !important;margin-left: 0px !important;padding-top: 0px !important;padding-right: 0px !important;padding-bottom: 0px !important;padding-left: 0px !important;background-color: linear-gradient(140deg, #fff1be 0%, #ffe7c0 100%) !important;border-radius: 20px !important;}&#8221;]<div  class=\"wpb_content_element   vc_custom_1724830595039 clearfix\"><style type=\"text\/css\">#ut_am_69f27b1664122 { opacity: 1; }#ut_am_wrap_69f27b1664123 .ut-image-gallery-item-caption-title h3 { letter-spacing: 0em; }#ut_am_wrap_69f27b1664123 .ut-gallery-slider-caption { font-weight: bold; }#ut_am_wrap_69f27b1664123 { text-align: left; }@media (min-width: 768px) and (max-width: 1024px) { #ut_am_wrap_69f27b1664123 { text-align: left !important; } }@media (max-width: 767px) { #ut_am_wrap_69f27b1664123 { text-align: center !important; } }<\/style><div id=\"ut_am_wrap_69f27b1664123\" class=\"ut-image-gallery-image bildabgerundet\"><div id=\"ut_reveal_69f27b1664124\"  data-appear-top-offset=\"auto\" class=\"ut-animated-image-item ut-image-gallery-item ut-animation-done \"><a class=\"ut-deactivated-link\" href=\"#\"><div class=\"ut-animated-image-zoom\"><img decoding=\"async\" class=\"ut-lazy skip-lazy ut-animated-image \" id=\"ut_am_69f27b1664122\" src=\"data:image\/svg+xml;charset=utf-8,%3Csvg xmlns%3D&#039;http%3A%2F%2Fwww.w3.org%2F2000%2Fsvg&#039; viewBox%3D&#039;0 0 800 450&#039;%2F%3E\" data-src=\"https:\/\/select-fotostudio.ch\/wp-content\/uploads\/2024\/08\/DSC_0209-2-1.jpg\" width=\"800\" height=\"450\" alt=\"\" title=\"\"><\/div><\/a><\/div><\/div><\/div>[vc_column_text css=&#8221;.vc_custom_1724837599445{padding-top: 25px !important;padding-right: 15px !important;padding-left: 15px !important;}&#8221;]<\/p>\n<h4 style=\"text-align: center;\">Portraits d&#8217;entreprise<\/h4>\n<p style=\"text-align: center;\">Nous mettons vos collaborateurs sous le bon \u00e9clairage &#8211; gr\u00e2ce \u00e0 notre service complet. De mani\u00e8re professionnelle, cr\u00e9ative et inspir\u00e9e.<\/p>\n<p>[\/vc_column_text]<style type=\"text\/css\">#bklyn_btn_69f27b1664187 .bklyn-btn { color:#ffffff !important; background: none;background-image: -webkit-linear-gradient(to left, #ffcd00 0%, #ff9300 100%);background-image: -moz-linear-gradient(to left, #ffcd00 0%, #ff9300 100%);background-image: -o-linear-gradient(to left, #ffcd00 0%, #ff9300 100%);background-image: linear-gradient(to left, #ffcd00 0%, #ff9300 100%); }#bklyn_btn_69f27b1664187 .bklyn-btn:hover{ color:#000000 !important; background-color:#ff9f06 !important; }#bklyn_btn_69f27b1664187 .bklyn-btn:focus{ color:#000000 !important; background-color:#ff9f06 !important; }#bklyn_btn_69f27b1664187 .bklyn-btn:active { color:#000000 !important; background-color:#ff9f06 !important; }#bklyn_btn_69f27b1664187 .bklyn-btn::after{ color:#000000 !important; }#bklyn_btn_69f27b1664187 a.bklyn-btn { font-weight:bold !important; }#bklyn_btn_69f27b1664187.bklyn-btn-header a.bklyn-btn { font-weight:bold !important; }#bklyn_btn_69f27b1664187.bklyn-btn-header a.bklyn-btn span { font-weight:bold !important; }<\/style><div id=\"bklyn_btn_69f27b1664187\" class=\"bklyn-btn-holder  bklyn-btn-center bklyn-btn-tablet-center bklyn-btn-mobile-center\"><a title=\"\" data-text=\"En savoir plus\" href=\"https:\/\/select-fotostudio.ch\/firmenangebote\/\" target=\"_self\" class=\"bklyn-btn  bklyn-btn-with-effect bklyn-btn-effect-winona bklyn-btn-normal\"><span class=\"ut-btn-text\"><span>En savoir plus<\/span><\/span><\/a><\/div>[\/vc_column][vc_column width=&#8221;1\/3&#8243; css=&#8221;.vc_custom_1729162743797{margin-top: 0px !important;margin-right: 0px !important;margin-bottom: 0px !important;margin-left: 0px !important;padding-top: 0px !important;padding-right: 0px !important;padding-bottom: 0px !important;padding-left: 0px !important;background-color: linear-gradient(140deg, #fff1be 0%, #ffe7c0 100%) !important;border-radius: 20px !important;}&#8221;]<div  class=\"wpb_content_element   vc_custom_1724837318969 clearfix\"><style type=\"text\/css\">#ut_am_69f27b166457a { opacity: 1; }#ut_am_wrap_69f27b166457b .ut-image-gallery-item-caption-title h3 { letter-spacing: 0em; }#ut_am_wrap_69f27b166457b .ut-gallery-slider-caption { font-weight: bold; }#ut_am_wrap_69f27b166457b { text-align: center; }@media (min-width: 768px) and (max-width: 1024px) { #ut_am_wrap_69f27b166457b { text-align: center !important; } }@media (max-width: 767px) { #ut_am_wrap_69f27b166457b { text-align: center !important; } }<\/style><div id=\"ut_am_wrap_69f27b166457b\" class=\"ut-image-gallery-image bildabgerundet\"><div id=\"ut_reveal_69f27b166457c\"  data-appear-top-offset=\"auto\" class=\"ut-animated-image-item ut-image-gallery-item ut-animation-done \"><a class=\"ut-deactivated-link\" href=\"#\"><div class=\"ut-animated-image-zoom\"><img decoding=\"async\" class=\"ut-lazy skip-lazy ut-animated-image \" id=\"ut_am_69f27b166457a\" src=\"data:image\/svg+xml;charset=utf-8,%3Csvg xmlns%3D&#039;http%3A%2F%2Fwww.w3.org%2F2000%2Fsvg&#039; viewBox%3D&#039;0 0 800 450&#039;%2F%3E\" data-src=\"https:\/\/select-fotostudio.ch\/wp-content\/uploads\/2024\/07\/StandardPassbild.jpg\" width=\"800\" height=\"450\" alt=\"\" title=\"\"><\/div><\/a><\/div><\/div><\/div>[vc_column_text css=&#8221;.vc_custom_1724837612563{padding-top: 25px !important;padding-right: 15px !important;padding-left: 15px !important;}&#8221;]<\/p>\n<h4 style=\"text-align: center;\">Photos d&#8217;identit\u00e9<\/h4>\n<p style=\"text-align: center;\">Nous cr\u00e9ons des images de cartes d&#8217;identit\u00e9 pour diff\u00e9rents documents conform\u00e9ment aux derni\u00e8res directives.<\/p>\n<p>[\/vc_column_text]<style type=\"text\/css\">#bklyn_btn_69f27b16645de .bklyn-btn { color:#ffffff !important; background: none;background-image: -webkit-linear-gradient(to left, #ffcd00 0%, #ff9300 100%);background-image: -moz-linear-gradient(to left, #ffcd00 0%, #ff9300 100%);background-image: -o-linear-gradient(to left, #ffcd00 0%, #ff9300 100%);background-image: linear-gradient(to left, #ffcd00 0%, #ff9300 100%); }#bklyn_btn_69f27b16645de .bklyn-btn:hover{ color:#000000 !important; background-color:#ff9f06 !important; }#bklyn_btn_69f27b16645de .bklyn-btn:focus{ color:#000000 !important; background-color:#ff9f06 !important; }#bklyn_btn_69f27b16645de .bklyn-btn:active { color:#000000 !important; background-color:#ff9f06 !important; }#bklyn_btn_69f27b16645de .bklyn-btn::after{ color:#000000 !important; }#bklyn_btn_69f27b16645de a.bklyn-btn { font-weight:bold !important; }#bklyn_btn_69f27b16645de.bklyn-btn-header a.bklyn-btn { font-weight:bold !important; }#bklyn_btn_69f27b16645de.bklyn-btn-header a.bklyn-btn span { font-weight:bold !important; }<\/style><div id=\"bklyn_btn_69f27b16645de\" class=\"bklyn-btn-holder  bklyn-btn-center bklyn-btn-tablet-center bklyn-btn-mobile-center\"><a title=\"\" data-text=\"En savoir plus\" href=\"https:\/\/select-fotostudio.ch\/passfotos\/\" target=\"_self\" class=\"bklyn-btn  bklyn-btn-with-effect bklyn-btn-effect-winona bklyn-btn-normal\"><span class=\"ut-btn-text\"><span>En savoir plus<\/span><\/span><\/a><\/div>[\/vc_column][\/vc_row][vc_row animate_tablet=&#8221;true&#8221; animate_mobile=&#8221;true&#8221; css=&#8221;.vc_custom_1733315420038{margin-top: 0px !important;margin-bottom: 0px !important;padding-top: 4vh !important;padding-bottom: 0px !important;}&#8221; effect=&#8221;fadeInUp&#8221;][vc_column][vc_raw_html]W3RydXN0aW5kZXggbm8tcmVnaXN0cmF0aW9uPSJnb29nbGUiXQ==[\/vc_raw_html][\/vc_column][\/vc_row][\/vc_section][vc_section css=&#8221;.vc_custom_1733315323869{margin-top: 0px !important;margin-bottom: 0px !important;padding-top: 4vh !important;padding-bottom: 4vh !important;}&#8221;][vc_row full_width=&#8221;&#8221; animate_tablet=&#8221;true&#8221; animate_mobile=&#8221;true&#8221; css=&#8221;.vc_custom_1733315270320{margin-top: 0px !important;margin-bottom: 0px !important;padding-top: 3vh !important;padding-bottom: 0px !important;}&#8221; effect=&#8221;fadeInUp&#8221;][vc_column el_class=&#8221;verlauf-schrift&#8221;][vc_column_text css=&#8221;.vc_custom_1731485393957{margin-bottom: 0px !important;padding-bottom: 0px !important;}&#8221;]<\/p>\n<h2 style=\"text-align: left;\"><em>Impressions<\/em> de notre studio photo!<\/h2>\n<p>[\/vc_column_text][vc_column_text css=&#8221;.vc_custom_1731485404890{margin-top: 0px !important;padding-top: 0px !important;}&#8221;]<\/p>\n<h4>Obtenez un aper\u00e7u de notre travail \u00e0 Saint-Gall.<\/h4>\n<p>[\/vc_column_text][\/vc_column][\/vc_row][vc_row css=&#8221;.vc_custom_1766039144598{margin-top: 0px !important;padding-top: 2% !important;padding-bottom: 4vh !important;}&#8221; effect=&#8221;fadeInUp&#8221;][vc_column][vc_raw_html]PGRpdiBjbGFzcz0idGFnZ2JveCIgc3R5bGU9IndpZHRoOjEwMCU7aGVpZ2h0OjEwMCU7b3ZlcmZsb3c6YXV0bzsiIGRhdGEtd2lkZ2V0LWlkPSIzMTE1MDYiIGRhdGEtd2Vic2l0ZT0iMSI+PC9kaXY+PHNjcmlwdCBzcmM9Imh0dHBzOi8vd2lkZ2V0LnRhZ2dib3guY29tL2VtYmVkLm1pbi5qcyIgdHlwZT0idGV4dC9qYXZhc2NyaXB0Ij48L3NjcmlwdD4=[\/vc_raw_html][\/vc_column][\/vc_row][\/vc_section][vc_section el_class=&#8221;team-gallery&#8221; css=&#8221;.vc_custom_1729167175321{margin-top: 0px !important;margin-bottom: 0px !important;padding-top: 0px !important;padding-bottom: 0px !important;background-color: #000000 !important;}&#8221;][vc_row][vc_column]<div class=\"templatera_shortcode\"><style type=\"text\/css\" data-type=\"vc_shortcodes-custom-css\">.vc_custom_1720693923491{margin-bottom: 0px !important;padding-bottom: 0px !important;background-color: #000000 !important;}.vc_custom_1722946318474{margin-top: 0px !important;margin-bottom: 0px !important;padding-top: 5vh !important;padding-bottom: 2vh !important;}.vc_custom_1664185539326{margin-top: 0px !important;margin-bottom: 0px !important;padding-top: 0px !important;padding-bottom: 0px !important;}.vc_custom_1580828560508{margin-bottom: 0px !important;padding-bottom: 0px !important;}.vc_custom_1769592208380{margin-bottom: 0px !important;padding-bottom: 0px !important;}<\/style><section id=\"ut-section-69f27b1688a07\" data-vc-full-width=\"true\" data-vc-full-width-init=\"false\" data-cursor-skin=\"global\" class=\"vc_section team-gallery ut-vc-80 vc_section-has-fill ut-section-69f27b1688a10\"><div id=\"ut-row-69f27b1689150\" class=\"vc_row wpb_row vc_row-fluid light vc_column-gap-0 ut-row-69f27b168915a\" ><div class=\"wpb_column vc_column_container vc_col-sm-12\" ><div id=\"ut_inner_column_69f27b1689772\" class=\"vc_column-inner \" ><div class=\"wpb_wrapper\">\r\n\t<div class=\"wpb_text_column wpb_content_element\" >\r\n\t\t<div class=\"wpb_wrapper\">\r\n\t\t\t<h2 style=\"text-align: left;\">Nous sommes le Select Fotostudio St. Gallen !<\/h2>\n<h4 style=\"text-align: left;\">Notre concept : des photos professionnelles \u00e0 des prix raisonnables<br \/>\nNotre approche : nous sommes des photographes* avec du charme et un petit quelque chose en plus<\/h4>\n\r\n\t\t<\/div>\r\n\t<\/div>\r\n<\/div><\/div><\/div><style type=\"text\/css\">#ut-row-69f27b1689150{margin-top: 0px !important;margin-bottom: 0px !important;padding-top: 5vh !important;padding-bottom: 2vh !important;} <\/style><\/div><div class=\"vc_row-full-width vc_clearfix\"><\/div><div id=\"ut-row-69f27b1689da3\" data-vc-full-width=\"true\" data-vc-full-width-init=\"false\" data-vc-stretch-content=\"true\" class=\"vc_row wpb_row vc_row-fluid vc_column-gap-0 vc_row-no-padding vc_row-o-equal-height vc_row-flex ut-row-69f27b1689dab\" ><div class=\"wpb_column vc_column_container vc_col-sm-12\" ><div id=\"ut_inner_column_69f27b168a399\" class=\"vc_column-inner \" ><div class=\"wpb_wrapper\"><div class=\"wpb_content_element   vc_custom_1769592208380 clearfix\"><style type=\"text\/css\">#ut_ig_69f27b168a581 .ut-lazy:not(.ut-image-loaded) + .ut-video-module-loading { display:block; }#ut_ig_69f27b168a581 .ut-lazy.ut-image-loaded + .ut-video-module-loading { display:none; }<\/style><div id=\"ut_ig_69f27b168a581\" class=\"ut-image-gallery ut-image-gallery-module  clearfix\" data-settings=\"{&quot;animate&quot;:true,&quot;effect&quot;:&quot;&quot;,&quot;lazy&quot;:false,&quot;delay_animation&quot;:false,&quot;global_delay_animation&quot;:false,&quot;delay_timer&quot;:100,&quot;global_delay_timer&quot;:100}\" ><div  data-count=\"10\" class=\"ut-image-gallery-item ut-animation-done grid-20 tablet-grid-33 mobile-grid-100\"><a class=\"ut-deactivated-link \" href=\"#\"><div class=\"ut-image-gallery-image\" ><img decoding=\"async\" class=\"\" src=\"https:\/\/select-fotostudio.ch\/wp-content\/uploads\/2021\/09\/Sharon.jpg\" width=\"200\" height=\"200\" alt=\"\" title=\"\"><\/div><\/a><\/div><div  data-count=\"10\" class=\"ut-image-gallery-item ut-animation-done ut-animation-done grid-20 tablet-grid-33 mobile-grid-100\"><a class=\"ut-deactivated-link \" href=\"#\"><div class=\"ut-image-gallery-image\" ><img decoding=\"async\" class=\"\" src=\"https:\/\/select-fotostudio.ch\/wp-content\/uploads\/2024\/09\/Sarina_web-min-1.jpg\" width=\"200\" height=\"200\" alt=\"\" title=\"\"><\/div><\/a><\/div><div  data-count=\"10\" class=\"ut-image-gallery-item ut-animation-done ut-animation-done ut-animation-done grid-20 tablet-grid-33 mobile-grid-100 ut-tablet-last\"><a class=\"ut-deactivated-link \" href=\"#\"><div class=\"ut-image-gallery-image\" ><img decoding=\"async\" class=\"\" src=\"https:\/\/select-fotostudio.ch\/wp-content\/uploads\/2025\/03\/Cait.png\" width=\"200\" height=\"200\" alt=\"\" title=\"\"><\/div><\/a><\/div><div class=\"clear hide-on-desktop hide-on-tablet\"><\/div><div  data-count=\"10\" class=\"ut-image-gallery-item ut-animation-done ut-animation-done ut-animation-done ut-animation-done grid-20 tablet-grid-33 mobile-grid-100\"><a class=\"ut-deactivated-link \" href=\"#\"><div class=\"ut-image-gallery-image\" ><img decoding=\"async\" class=\"\" src=\"https:\/\/select-fotostudio.ch\/wp-content\/uploads\/2024\/10\/Web_Q.jpg\" width=\"200\" height=\"200\" alt=\"\" title=\"\"><\/div><\/a><\/div><div  data-count=\"5\" class=\"ut-image-gallery-item ut-animation-done ut-animation-done ut-animation-done ut-animation-done ut-animation-done grid-20 tablet-grid-33 mobile-grid-100 ut-desktop-last\"><a class=\"ut-deactivated-link \" href=\"#\"><div class=\"ut-image-gallery-image\" ><img decoding=\"async\" class=\"\" src=\"https:\/\/select-fotostudio.ch\/wp-content\/uploads\/2024\/10\/Unknown-1.jpeg\" width=\"200\" height=\"200\" alt=\"\" title=\"\"><\/div><\/a><\/div><div class=\"clear hide-on-tablet\"><\/div><div  data-count=\"5\" class=\"ut-image-gallery-item ut-animation-done ut-animation-done ut-animation-done ut-animation-done ut-animation-done ut-animation-done grid-20 tablet-grid-33 mobile-grid-100 ut-tablet-last\"><a class=\"ut-deactivated-link \" href=\"#\"><div class=\"ut-image-gallery-image\" ><img decoding=\"async\" class=\"\" src=\"https:\/\/select-fotostudio.ch\/wp-content\/uploads\/2025\/03\/Sina_web.jpg\" width=\"200\" height=\"200\" alt=\"\" title=\"\"><\/div><\/a><\/div><div class=\"clear hide-on-desktop hide-on-tablet\"><\/div><div  data-count=\"5\" class=\"ut-image-gallery-item ut-animation-done ut-animation-done ut-animation-done ut-animation-done ut-animation-done ut-animation-done ut-animation-done grid-20 tablet-grid-33 mobile-grid-100\"><a class=\"ut-deactivated-link \" href=\"#\"><div class=\"ut-image-gallery-image\" ><img decoding=\"async\" class=\"\" src=\"https:\/\/select-fotostudio.ch\/wp-content\/uploads\/2024\/10\/Schroeter_Julia_01_web.jpg\" width=\"200\" height=\"200\" alt=\"\" title=\"\"><\/div><\/a><\/div><div  data-count=\"5\" class=\"ut-image-gallery-item ut-animation-done ut-animation-done ut-animation-done ut-animation-done ut-animation-done ut-animation-done ut-animation-done ut-animation-done grid-20 tablet-grid-33 mobile-grid-100\"><a class=\"ut-deactivated-link \" href=\"#\"><div class=\"ut-image-gallery-image\" ><img decoding=\"async\" class=\"\" src=\"https:\/\/select-fotostudio.ch\/wp-content\/uploads\/2024\/10\/Ruh_Kian_01_web.jpg\" width=\"200\" height=\"200\" alt=\"\" title=\"\"><\/div><\/a><\/div><div  data-count=\"5\" class=\"ut-image-gallery-item ut-animation-done ut-animation-done ut-animation-done ut-animation-done ut-animation-done ut-animation-done ut-animation-done ut-animation-done ut-animation-done grid-20 tablet-grid-33 mobile-grid-100 ut-tablet-last\"><a class=\"ut-deactivated-link \" href=\"#\"><div class=\"ut-image-gallery-image\" ><img decoding=\"async\" class=\"\" src=\"https:\/\/select-fotostudio.ch\/wp-content\/uploads\/2024\/10\/Schwank_Leonie_01_web.jpg\" width=\"200\" height=\"200\" alt=\"\" title=\"\"><\/div><\/a><\/div><div class=\"clear hide-on-desktop hide-on-tablet\"><\/div><div  data-count=\"5\" class=\"ut-image-gallery-item ut-animation-done ut-animation-done ut-animation-done ut-animation-done ut-animation-done ut-animation-done ut-animation-done ut-animation-done ut-animation-done ut-animation-done grid-20 tablet-grid-33 mobile-grid-100\"><a class=\"ut-deactivated-link \" href=\"#\"><div class=\"ut-image-gallery-image\" ><img decoding=\"async\" class=\"\" src=\"https:\/\/select-fotostudio.ch\/wp-content\/uploads\/2020\/02\/be_select_logo_platzhalter.jpg\" width=\"200\" height=\"200\" alt=\"\" title=\"\"><\/div><div id=\"ut-image-caption-8317\" class=\"ut-vc-images-lightbox-caption\">Select<\/div><\/a><\/div><div class=\"ut-image-gallery-sizer\"><\/div><div class=\"clear\"><\/div><\/div><\/div><\/div><\/div><style type=\"text\/css\">#ut_inner_column_69f27b168a399{margin-bottom: 0px !important;padding-bottom: 0px !important;}<\/style><\/div><style type=\"text\/css\">#ut-row-69f27b1689da3{margin-top: 0px !important;margin-bottom: 0px !important;padding-top: 0px !important;padding-bottom: 0px !important;} <\/style><\/div><div class=\"vc_row-full-width vc_clearfix\"><\/div><a data-id=\"section-without-id\" class=\"ut-vc-offset-anchor-bottom\" name=\"section-without-id\"><\/a><style type=\"text\/css\">#ut-section-69f27b1688a07{margin-bottom: 0px !important;padding-bottom: 0px !important;background-color: #000000 !important;} <\/style><\/section><div class=\"vc_row-full-width vc_clearfix\"><\/div><\/div>[\/vc_column][\/vc_row][\/vc_section]<\/p>\n<\/div>","protected":false},"excerpt":{"rendered":"Studio photo Select St. Gallen Votre studio photo pour les photos de candidature, les portraits d'affaires et les photos d'identit\u00e9 Horaires d'ouverture : Lundi 11 - 19 heures Mardi 11 - 19 heures Mercredi 11 - 19 heures Jeudi 11 - 19 heures Vendredi 11 - 19 heures Samedi 11 - 19 heures Les s\u00e9ances [...]","protected":false},"author":1,"featured_media":0,"parent":7929,"menu_order":0,"comment_status":"closed","ping_status":"closed","template":"","meta":{"footnotes":""},"class_list":["post-7848","page","type-page","status-publish","hentry"],"_links":{"self":[{"href":"https:\/\/select-fotostudio.ch\/fr\/wp-json\/wp\/v2\/pages\/7848","targetHints":{"allow":["GET"]}}],"collection":[{"href":"https:\/\/select-fotostudio.ch\/fr\/wp-json\/wp\/v2\/pages"}],"about":[{"href":"https:\/\/select-fotostudio.ch\/fr\/wp-json\/wp\/v2\/types\/page"}],"author":[{"embeddable":true,"href":"https:\/\/select-fotostudio.ch\/fr\/wp-json\/wp\/v2\/users\/1"}],"replies":[{"embeddable":true,"href":"https:\/\/select-fotostudio.ch\/fr\/wp-json\/wp\/v2\/comments?post=7848"}],"version-history":[{"count":0,"href":"https:\/\/select-fotostudio.ch\/fr\/wp-json\/wp\/v2\/pages\/7848\/revisions"}],"up":[{"embeddable":true,"href":"https:\/\/select-fotostudio.ch\/fr\/wp-json\/wp\/v2\/pages\/7929"}],"wp:attachment":[{"href":"https:\/\/select-fotostudio.ch\/fr\/wp-json\/wp\/v2\/media?parent=7848"}],"curies":[{"name":"wp","href":"https:\/\/api.w.org\/{rel}","templated":true}]}}